{"id":2380,"date":"2021-05-03T22:13:09","date_gmt":"2021-05-03T22:13:09","guid":{"rendered":"http:\/\/discoveralmunecar.com\/?page_id=2380"},"modified":"2022-03-30T09:56:29","modified_gmt":"2022-03-30T09:56:29","slug":"historia-de-almunecar","status":"publish","type":"page","link":"https:\/\/discoveralmunecar.com\/es\/historia-de-almunecar\/","title":{"rendered":"Historia de Almu\u00f1\u00e9car"},"content":{"rendered":"<p>[vc_row][vc_column]      <div class=\"row\">\n        <div class=\"post-grid-view\">\n                  <div class=\"col-sm-4 post-3626 post type-post status-publish format-standard has-post-thumbnail hentry category-historia category-que-hacer-en-almunecar\">\n\n            <div class=\"tt-post type-2\">\n                      <a class=\"tt-post-img custom-hover\" href=\"https:\/\/discoveralmunecar.com\/es\/las-termas-romanas-de-almunecar\/\">\n      <img fetchpriority=\"high\" decoding=\"async\" width=\"537\" height=\"307\" src=\"https:\/\/discoveralmunecar.com\/wp-content\/uploads\/2021\/06\/6-537x307.jpg\" class=\"img-responsive wp-post-image\" alt=\"Las Termas Romanas de Almu\u00f1\u00e9car 2\" \/>    <\/a>\n                <div class=\"tt-post-info\">\n                                    <a class=\"tt-post-title c-h4\" href=\"https:\/\/discoveralmunecar.com\/es\/las-termas-romanas-de-almunecar\/\"><small>Las Termas Romanas de Almu\u00f1\u00e9car<\/small><\/a>\n                      <div class=\"tt-post-label\">\n                <\/div>\n                      <div class=\"simple-text\">\n      <p><\/p>\n    <\/div>\n                                    <\/div>\n            <\/div>\n            <div class=\"empty-space marg-xs-b30\"><\/div> \n          <\/div>\n            <div class=\"col-xs-6 col-sm-4 col-lg-2 post-handy-picked post-3500 post type-post status-publish format-standard has-post-thumbnail hentry category-historia category-que-hacer-en-almunecar\">\n      <div class=\"tt-post type-3\">\n                <a class=\"tt-post-img custom-hover\" href=\"https:\/\/discoveralmunecar.com\/es\/homenaje-a-los-hombres-del-mar\/\">\n      <img decoding=\"async\" width=\"183\" height=\"96\" src=\"https:\/\/discoveralmunecar.com\/wp-content\/uploads\/2021\/06\/3-183x96.jpg\" class=\"img-responsive wp-post-image\" alt=\"Homenaje a los Hombres del Mar 2\" \/>    <\/a>\n            <div class=\"tt-post-info\">\n                <a class=\"tt-post-title c-h5\" href=\"https:\/\/discoveralmunecar.com\/es\/homenaje-a-los-hombres-del-mar\/\">Homenaje a los Hombres del Mar<\/a>\n                  <div class=\"tt-post-label\">\n              <span class=\"tt-post-author-name\"><a href=\"https:\/\/discoveralmunecar.com\/es\/author\/pedro-espinosa\/\">Admin<\/a><\/span>\n                    <span class=\"tt-post-date\">junio 10, 2021<\/span>\n          <\/div>\n            <\/div>\n      <\/div> \n      <div class=\"empty-space marg-lg-b25\"><\/div>                 \n    <\/div>\n      <div class=\"col-xs-6 col-sm-4 col-lg-2 post-handy-picked post-3585 post type-post status-publish format-standard has-post-thumbnail hentry category-historia category-que-hacer-en-almunecar\">\n      <div class=\"tt-post type-3\">\n                <a class=\"tt-post-img custom-hover\" href=\"https:\/\/discoveralmunecar.com\/es\/iglesia-de-la-encarnacion-de-almunecar\/\">\n      <img decoding=\"async\" width=\"183\" height=\"96\" src=\"https:\/\/discoveralmunecar.com\/wp-content\/uploads\/2021\/06\/7-4-183x96.jpg\" class=\"img-responsive wp-post-image\" alt=\"Fachada Iglesia de la Encanaci\u00f3n Almu\u00f1\u00e9car\" \/>    <\/a>\n            <div class=\"tt-post-info\">\n                <a class=\"tt-post-title c-h5\" href=\"https:\/\/discoveralmunecar.com\/es\/iglesia-de-la-encarnacion-de-almunecar\/\">Iglesia de la Encarnaci\u00f3n de Almu\u00f1\u00e9car<\/a>\n                  <div class=\"tt-post-label\">\n              <span class=\"tt-post-author-name\"><a href=\"https:\/\/discoveralmunecar.com\/es\/author\/pedro-espinosa\/\">Admin<\/a><\/span>\n                    <span class=\"tt-post-date\">junio 15, 2021<\/span>\n          <\/div>\n            <\/div>\n      <\/div> \n      <div class=\"empty-space marg-lg-b25\"><\/div>                 \n    <\/div>\n      <div class=\"col-xs-6 col-sm-4 col-lg-2 post-handy-picked post-3562 post type-post status-publish format-standard has-post-thumbnail hentry category-historia category-que-hacer-en-almunecar\">\n      <div class=\"tt-post type-3\">\n                <a class=\"tt-post-img custom-hover\" href=\"https:\/\/discoveralmunecar.com\/es\/plaza-de-abderraman\/\">\n      <img loading=\"lazy\" decoding=\"async\" width=\"183\" height=\"96\" src=\"https:\/\/discoveralmunecar.com\/wp-content\/uploads\/2021\/06\/MG_2909@0.5x-1-183x96.jpg\" class=\"img-responsive wp-post-image\" alt=\"Plaza de Abderram\u00e1n I\" \/>    <\/a>\n            <div class=\"tt-post-info\">\n                <a class=\"tt-post-title c-h5\" href=\"https:\/\/discoveralmunecar.com\/es\/plaza-de-abderraman\/\">Plaza de Abderram\u00e1n I<\/a>\n                  <div class=\"tt-post-label\">\n              <span class=\"tt-post-author-name\"><a href=\"https:\/\/discoveralmunecar.com\/es\/author\/pedro-espinosa\/\">Admin<\/a><\/span>\n                    <span class=\"tt-post-date\">junio 14, 2021<\/span>\n          <\/div>\n            <\/div>\n      <\/div> \n      <div class=\"empty-space marg-lg-b25\"><\/div>                 \n    <\/div>\n      <div class=\"col-xs-6 col-sm-4 col-lg-2 post-handy-picked post-2346 post type-post status-publish format-standard has-post-thumbnail hentry category-fiestas-locales category-historia category-que-hacer-en-almunecar\">\n      <div class=\"tt-post type-3\">\n                <a class=\"tt-post-img custom-hover\" href=\"https:\/\/discoveralmunecar.com\/es\/feria-de-almunecar\/\">\n      <img loading=\"lazy\" decoding=\"async\" width=\"183\" height=\"96\" src=\"https:\/\/discoveralmunecar.com\/wp-content\/uploads\/2021\/04\/Fachada-Feria-Almun\u0303e\u0301car-2022-183x96.webp\" class=\"img-responsive wp-post-image\" alt=\"\" \/>    <\/a>\n            <div class=\"tt-post-info\">\n                <a class=\"tt-post-title c-h5\" href=\"https:\/\/discoveralmunecar.com\/es\/feria-de-almunecar\/\">Feria de Almu\u00f1\u00e9car 2022<\/a>\n                  <div class=\"tt-post-label\">\n              <span class=\"tt-post-author-name\"><a href=\"https:\/\/discoveralmunecar.com\/es\/author\/pedro-espinosa\/\">Admin<\/a><\/span>\n                    <span class=\"tt-post-date\">abril 28, 2021<\/span>\n          <\/div>\n            <\/div>\n      <\/div> \n      <div class=\"empty-space marg-lg-b25\"><\/div>                 \n    <\/div>\n      <div class=\"col-xs-6 col-sm-4 col-lg-2 post-handy-picked post-2322 post type-post status-publish format-standard has-post-thumbnail hentry category-historia category-que-hacer-en-almunecar\">\n      <div class=\"tt-post type-3\">\n                <a class=\"tt-post-img custom-hover\" href=\"https:\/\/discoveralmunecar.com\/es\/acueducto-romano\/\">\n      <img loading=\"lazy\" decoding=\"async\" width=\"183\" height=\"96\" src=\"https:\/\/discoveralmunecar.com\/wp-content\/uploads\/2022\/06\/A@0.5x-183x96.jpg\" class=\"img-responsive wp-post-image\" alt=\"Acueducto Romano de Almu\u00f1\u00e9car\" \/>    <\/a>\n            <div class=\"tt-post-info\">\n                <a class=\"tt-post-title c-h5\" href=\"https:\/\/discoveralmunecar.com\/es\/acueducto-romano\/\">Acueducto Romano<\/a>\n                  <div class=\"tt-post-label\">\n              <span class=\"tt-post-author-name\"><a href=\"https:\/\/discoveralmunecar.com\/es\/author\/pedro-espinosa\/\">Admin<\/a><\/span>\n                    <span class=\"tt-post-date\">abril 28, 2021<\/span>\n          <\/div>\n            <\/div>\n      <\/div> \n      <div class=\"empty-space marg-lg-b25\"><\/div>                 \n    <\/div>\n      <div class=\"col-xs-6 col-sm-4 col-lg-2 post-handy-picked post-3600 post type-post status-publish format-standard has-post-thumbnail hentry category-historia category-que-hacer-en-almunecar\">\n      <div class=\"tt-post type-3\">\n                <a class=\"tt-post-img custom-hover\" href=\"https:\/\/discoveralmunecar.com\/es\/iglesia-de-san-jose-la-herradura\/\">\n      <img loading=\"lazy\" decoding=\"async\" width=\"183\" height=\"96\" src=\"https:\/\/discoveralmunecar.com\/wp-content\/uploads\/2021\/06\/7-1-183x96.jpg\" class=\"img-responsive wp-post-image\" alt=\"Iglesia de San Jos\u00e9 La Herradura\" \/>    <\/a>\n            <div class=\"tt-post-info\">\n                <a class=\"tt-post-title c-h5\" href=\"https:\/\/discoveralmunecar.com\/es\/iglesia-de-san-jose-la-herradura\/\">Iglesia de San Jos\u00e9 La Herradura<\/a>\n                  <div class=\"tt-post-label\">\n              <span class=\"tt-post-author-name\"><a href=\"https:\/\/discoveralmunecar.com\/es\/author\/pedro-espinosa\/\">Admin<\/a><\/span>\n                    <span class=\"tt-post-date\">junio 17, 2021<\/span>\n          <\/div>\n            <\/div>\n      <\/div> \n      <div class=\"empty-space marg-lg-b25\"><\/div>                 \n    <\/div>\n      <div class=\"col-xs-6 col-sm-4 col-lg-2 post-handy-picked post-7296 post type-post status-publish format-standard has-post-thumbnail hentry category-historia\">\n      <div class=\"tt-post type-3\">\n                <a class=\"tt-post-img custom-hover\" href=\"https:\/\/discoveralmunecar.com\/es\/200-anos-de-turismo-con-nicolas-antonio-fernandez\/\">\n      <img loading=\"lazy\" decoding=\"async\" width=\"183\" height=\"96\" src=\"https:\/\/discoveralmunecar.com\/wp-content\/uploads\/2021\/09\/Nicola\u0301s-Ferna\u0301ndez-Portada-AF-183x96.jpg\" class=\"img-responsive wp-post-image\" alt=\"\" \/>    <\/a>\n            <div class=\"tt-post-info\">\n                <a class=\"tt-post-title c-h5\" href=\"https:\/\/discoveralmunecar.com\/es\/200-anos-de-turismo-con-nicolas-antonio-fernandez\/\">200 a\u00f1os de turismo con Nicol\u00e1s Antonio Fern\u00e1ndez<\/a>\n                  <div class=\"tt-post-label\">\n              <span class=\"tt-post-author-name\"><a href=\"https:\/\/discoveralmunecar.com\/es\/author\/pedro-espinosa\/\">Admin<\/a><\/span>\n                    <span class=\"tt-post-date\">septiembre 16, 2021<\/span>\n          <\/div>\n            <\/div>\n      <\/div> \n      <div class=\"empty-space marg-lg-b25\"><\/div>                 \n    <\/div>\n      <div class=\"col-xs-6 col-sm-4 col-lg-2 post-handy-picked post-2335 post type-post status-publish format-standard has-post-thumbnail hentry category-historia category-que-hacer-en-almunecar\">\n      <div class=\"tt-post type-3\">\n                <a class=\"tt-post-img custom-hover\" href=\"https:\/\/discoveralmunecar.com\/es\/castillo-de-la-herradura\/\">\n      <img loading=\"lazy\" decoding=\"async\" width=\"183\" height=\"96\" src=\"https:\/\/discoveralmunecar.com\/wp-content\/uploads\/2021\/04\/castillo-la-herradura-1-183x96.jpg\" class=\"img-responsive wp-post-image\" alt=\"castillo-la-herradura-1\" \/>    <\/a>\n            <div class=\"tt-post-info\">\n                <a class=\"tt-post-title c-h5\" href=\"https:\/\/discoveralmunecar.com\/es\/castillo-de-la-herradura\/\">Castillo de La Herradura<\/a>\n                  <div class=\"tt-post-label\">\n              <span class=\"tt-post-author-name\"><a href=\"https:\/\/discoveralmunecar.com\/es\/author\/pedro-espinosa\/\">Admin<\/a><\/span>\n                    <span class=\"tt-post-date\">abril 28, 2021<\/span>\n          <\/div>\n            <\/div>\n      <\/div> \n      <div class=\"empty-space marg-lg-b25\"><\/div>                 \n    <\/div>\n      <div class=\"col-xs-6 col-sm-4 col-lg-2 post-handy-picked post-6771 post type-post status-publish format-standard has-post-thumbnail hentry category-historia category-que-hacer-en-almunecar\">\n      <div class=\"tt-post type-3\">\n                <a class=\"tt-post-img custom-hover\" href=\"https:\/\/discoveralmunecar.com\/es\/toponimo-sexi-almunecar\/\">\n      <img loading=\"lazy\" decoding=\"async\" width=\"183\" height=\"96\" src=\"https:\/\/discoveralmunecar.com\/wp-content\/uploads\/2021\/08\/4-183x96.jpeg\" class=\"img-responsive wp-post-image\" alt=\"\" \/>    <\/a>\n            <div class=\"tt-post-info\">\n                <a class=\"tt-post-title c-h5\" href=\"https:\/\/discoveralmunecar.com\/es\/toponimo-sexi-almunecar\/\">Origen del top\u00f3nimo Sexi<\/a>\n                  <div class=\"tt-post-label\">\n              <span class=\"tt-post-author-name\"><a href=\"https:\/\/discoveralmunecar.com\/es\/author\/pedro-espinosa\/\">Admin<\/a><\/span>\n                    <span class=\"tt-post-date\">agosto 31, 2021<\/span>\n          <\/div>\n            <\/div>\n      <\/div> \n      <div class=\"empty-space marg-lg-b25\"><\/div>                 \n    <\/div>\n      <div class=\"col-xs-6 col-sm-4 col-lg-2 post-handy-picked post-2312 post type-post status-publish format-standard has-post-thumbnail hentry category-historia category-que-hacer-en-almunecar\">\n      <div class=\"tt-post type-3\">\n                <a class=\"tt-post-img custom-hover\" href=\"https:\/\/discoveralmunecar.com\/es\/palacete-la-najarra\/\">\n      <img loading=\"lazy\" decoding=\"async\" width=\"183\" height=\"96\" src=\"https:\/\/discoveralmunecar.com\/wp-content\/uploads\/2021\/04\/palacete-la-najarra-1-183x96.jpg\" class=\"img-responsive wp-post-image\" alt=\"Palacete la Najarra\" \/>    <\/a>\n            <div class=\"tt-post-info\">\n                <a class=\"tt-post-title c-h5\" href=\"https:\/\/discoveralmunecar.com\/es\/palacete-la-najarra\/\">Palacete la Najarra<\/a>\n                  <div class=\"tt-post-label\">\n              <span class=\"tt-post-author-name\"><a href=\"https:\/\/discoveralmunecar.com\/es\/author\/pedro-espinosa\/\">Admin<\/a><\/span>\n                    <span class=\"tt-post-date\">abril 28, 2021<\/span>\n          <\/div>\n            <\/div>\n      <\/div> \n      <div class=\"empty-space marg-lg-b25\"><\/div>                 \n    <\/div>\n      <div class=\"col-xs-6 col-sm-4 col-lg-2 post-handy-picked post-2302 post type-post status-publish format-standard has-post-thumbnail hentry category-historia category-que-hacer-en-almunecar\">\n      <div class=\"tt-post type-3\">\n                <a class=\"tt-post-img custom-hover\" href=\"https:\/\/discoveralmunecar.com\/es\/castillo-san-miguel\/\">\n      <img loading=\"lazy\" decoding=\"async\" width=\"183\" height=\"96\" src=\"https:\/\/discoveralmunecar.com\/wp-content\/uploads\/2022\/06\/DSC4964@0.5x-1-183x96.jpg\" class=\"img-responsive wp-post-image\" alt=\"Castillo San Miguel de Almu\u00f1\u00e9car\" \/>    <\/a>\n            <div class=\"tt-post-info\">\n                <a class=\"tt-post-title c-h5\" href=\"https:\/\/discoveralmunecar.com\/es\/castillo-san-miguel\/\">Castillo San Miguel<\/a>\n                  <div class=\"tt-post-label\">\n              <span class=\"tt-post-author-name\"><a href=\"https:\/\/discoveralmunecar.com\/es\/author\/pedro-espinosa\/\">Admin<\/a><\/span>\n                    <span class=\"tt-post-date\">abril 28, 2021<\/span>\n          <\/div>\n            <\/div>\n      <\/div> \n      <div class=\"empty-space marg-lg-b25\"><\/div>                 \n    <\/div>\n      <div class=\"col-xs-6 col-sm-4 col-lg-2 post-handy-picked post-17504 post type-post status-publish format-standard has-post-thumbnail hentry category-cultura-en-almunecar category-eventos-en-almunecar category-historia category-la-herradura\">\n      <div class=\"tt-post type-3\">\n                <a class=\"tt-post-img custom-hover\" href=\"https:\/\/discoveralmunecar.com\/es\/historia-de-la-celebracion-de-la-cruz-de-mayo-2024\/\">\n      <img loading=\"lazy\" decoding=\"async\" width=\"183\" height=\"96\" src=\"https:\/\/discoveralmunecar.com\/wp-content\/uploads\/2024\/04\/Cruz-2-183x96.webp\" class=\"img-responsive wp-post-image\" alt=\"\" \/>    <\/a>\n            <div class=\"tt-post-info\">\n                <a class=\"tt-post-title c-h5\" href=\"https:\/\/discoveralmunecar.com\/es\/historia-de-la-celebracion-de-la-cruz-de-mayo-2024\/\">Historia de la Celebraci\u00f3n de la Cruz de Mayo 2024<\/a>\n                  <div class=\"tt-post-label\">\n              <span class=\"tt-post-author-name\"><a href=\"https:\/\/discoveralmunecar.com\/es\/author\/pedro-espinosa\/\">Admin<\/a><\/span>\n                    <span class=\"tt-post-date\">mayo 3, 2024<\/span>\n          <\/div>\n            <\/div>\n      <\/div> \n      <div class=\"empty-space marg-lg-b25\"><\/div>                 \n    <\/div>\n      <div class=\"col-xs-6 col-sm-4 col-lg-2 post-handy-picked post-2326 post type-post status-publish format-standard has-post-thumbnail hentry category-historia category-que-hacer-en-almunecar\">\n      <div class=\"tt-post type-3\">\n                <a class=\"tt-post-img custom-hover\" href=\"https:\/\/discoveralmunecar.com\/es\/factoria-salazon-romana\/\">\n      <img loading=\"lazy\" decoding=\"async\" width=\"183\" height=\"96\" src=\"https:\/\/discoveralmunecar.com\/wp-content\/uploads\/2021\/04\/factoria-salazon-1-183x96.jpg\" class=\"img-responsive wp-post-image\" alt=\"factoria-salazon-1\" \/>    <\/a>\n            <div class=\"tt-post-info\">\n                <a class=\"tt-post-title c-h5\" href=\"https:\/\/discoveralmunecar.com\/es\/factoria-salazon-romana\/\">Factoria Salazon Romana<\/a>\n                  <div class=\"tt-post-label\">\n              <span class=\"tt-post-author-name\"><a href=\"https:\/\/discoveralmunecar.com\/es\/author\/pedro-espinosa\/\">Admin<\/a><\/span>\n                    <span class=\"tt-post-date\">abril 28, 2021<\/span>\n          <\/div>\n            <\/div>\n      <\/div> \n      <div class=\"empty-space marg-lg-b25\"><\/div>                 \n    <\/div>\n      <div class=\"col-xs-6 col-sm-4 col-lg-2 post-handy-picked post-18166 post type-post status-publish format-standard has-post-thumbnail hentry category-agenda-cultural-de-almunecar category-cultura-en-almunecar category-historia\">\n      <div class=\"tt-post type-3\">\n                <a class=\"tt-post-img custom-hover\" href=\"https:\/\/discoveralmunecar.com\/es\/el-dia-de-la-cruz-en-almunecar\/\">\n      <img loading=\"lazy\" decoding=\"async\" width=\"183\" height=\"96\" src=\"https:\/\/discoveralmunecar.com\/wp-content\/uploads\/2025\/04\/20230504-_1170647Cruces-2023@0.5x-183x96.webp\" class=\"img-responsive wp-post-image\" alt=\"\" \/>    <\/a>\n            <div class=\"tt-post-info\">\n                <a class=\"tt-post-title c-h5\" href=\"https:\/\/discoveralmunecar.com\/es\/el-dia-de-la-cruz-en-almunecar\/\">El D\u00eda de la Cruz en Almu\u00f1\u00e9car<\/a>\n                  <div class=\"tt-post-label\">\n              <span class=\"tt-post-author-name\"><a href=\"https:\/\/discoveralmunecar.com\/es\/author\/pedro-espinosa\/\">Admin<\/a><\/span>\n                    <span class=\"tt-post-date\">abril 29, 2025<\/span>\n          <\/div>\n            <\/div>\n      <\/div> \n      <div class=\"empty-space marg-lg-b25\"><\/div>                 \n    <\/div>\n      <div class=\"col-xs-6 col-sm-4 col-lg-2 post-handy-picked post-19089 post type-post status-publish format-standard has-post-thumbnail hentry category-agenda-cultural-de-almunecar category-cultura-en-almunecar category-eventos-en-almunecar category-historia\">\n      <div class=\"tt-post type-3\">\n                <a class=\"tt-post-img custom-hover\" href=\"https:\/\/discoveralmunecar.com\/es\/fiesta-de-la-virgen-del-carmen-en-almunecar\/\">\n      <img loading=\"lazy\" decoding=\"async\" width=\"183\" height=\"96\" src=\"https:\/\/discoveralmunecar.com\/wp-content\/uploads\/2025\/05\/Virgen-del-Carmen@0.5x-183x96.webp\" class=\"img-responsive wp-post-image\" alt=\"\" \/>    <\/a>\n            <div class=\"tt-post-info\">\n                <a class=\"tt-post-title c-h5\" href=\"https:\/\/discoveralmunecar.com\/es\/fiesta-de-la-virgen-del-carmen-en-almunecar\/\">Fiesta de la Virgen del Carmen en Almu\u00f1\u00e9car<\/a>\n                  <div class=\"tt-post-label\">\n              <span class=\"tt-post-author-name\"><a href=\"https:\/\/discoveralmunecar.com\/es\/author\/pedro-espinosa\/\">Admin<\/a><\/span>\n                    <span class=\"tt-post-date\">julio 15, 2025<\/span>\n          <\/div>\n            <\/div>\n      <\/div> \n      <div class=\"empty-space marg-lg-b25\"><\/div>                 \n    <\/div>\n      <div class=\"col-xs-6 col-sm-4 col-lg-2 post-handy-picked post-3520 post type-post status-publish format-standard has-post-thumbnail hentry category-historia category-museos category-que-hacer-en-almunecar\">\n      <div class=\"tt-post type-3\">\n                <a class=\"tt-post-img custom-hover\" href=\"https:\/\/discoveralmunecar.com\/es\/la-cueva-de-los-7-palacios\/\">\n      <img loading=\"lazy\" decoding=\"async\" width=\"183\" height=\"96\" src=\"https:\/\/discoveralmunecar.com\/wp-content\/uploads\/2021\/06\/8-183x96.jpg\" class=\"img-responsive wp-post-image\" alt=\"La Cueva de los 7 Palacios\" \/>    <\/a>\n            <div class=\"tt-post-info\">\n                <a class=\"tt-post-title c-h5\" href=\"https:\/\/discoveralmunecar.com\/es\/la-cueva-de-los-7-palacios\/\">La Cueva de los 7 Palacios<\/a>\n                  <div class=\"tt-post-label\">\n              <span class=\"tt-post-author-name\"><a href=\"https:\/\/discoveralmunecar.com\/es\/author\/pedro-espinosa\/\">Admin<\/a><\/span>\n                    <span class=\"tt-post-date\">junio 10, 2021<\/span>\n          <\/div>\n            <\/div>\n      <\/div> \n      <div class=\"empty-space marg-lg-b25\"><\/div>                 \n    <\/div>\n      <div class=\"col-xs-6 col-sm-4 col-lg-2 post-handy-picked post-3610 post type-post status-publish format-standard has-post-thumbnail hentry category-historia category-que-hacer-en-almunecar\">\n      <div class=\"tt-post type-3\">\n                <a class=\"tt-post-img custom-hover\" href=\"https:\/\/discoveralmunecar.com\/es\/el-puente-romano-de-almunecar\/\">\n      <img loading=\"lazy\" decoding=\"async\" width=\"183\" height=\"96\" src=\"https:\/\/discoveralmunecar.com\/wp-content\/uploads\/2021\/06\/5-1-183x96.jpg\" class=\"img-responsive wp-post-image\" alt=\"El Puente Romano de Almu\u00f1\u00e9car\" \/>    <\/a>\n            <div class=\"tt-post-info\">\n                <a class=\"tt-post-title c-h5\" href=\"https:\/\/discoveralmunecar.com\/es\/el-puente-romano-de-almunecar\/\">El Puente Romano de Almu\u00f1\u00e9car<\/a>\n                  <div class=\"tt-post-label\">\n              <span class=\"tt-post-author-name\"><a href=\"https:\/\/discoveralmunecar.com\/es\/author\/pedro-espinosa\/\">Admin<\/a><\/span>\n                    <span class=\"tt-post-date\">junio 17, 2021<\/span>\n          <\/div>\n            <\/div>\n      <\/div> \n      <div class=\"empty-space marg-lg-b25\"><\/div>                 \n    <\/div>\n      <div class=\"col-xs-6 col-sm-4 col-lg-2 post-handy-picked post-2286 post type-post status-publish format-standard has-post-thumbnail hentry category-historia category-museos category-que-hacer-en-almunecar\">\n      <div class=\"tt-post type-3\">\n                <a class=\"tt-post-img custom-hover\" href=\"https:\/\/discoveralmunecar.com\/es\/museo-claves-de-almunecar\/\">\n      <img loading=\"lazy\" decoding=\"async\" width=\"183\" height=\"96\" src=\"https:\/\/discoveralmunecar.com\/wp-content\/uploads\/2021\/04\/museum-key-foundation-almunecar-2-183x96.jpg\" class=\"img-responsive wp-post-image\" alt=\"Museo Claves de Almu\u00f1\u00e9car\" \/>    <\/a>\n            <div class=\"tt-post-info\">\n                <a class=\"tt-post-title c-h5\" href=\"https:\/\/discoveralmunecar.com\/es\/museo-claves-de-almunecar\/\">Museo Claves de Almu\u00f1\u00e9car<\/a>\n                  <div class=\"tt-post-label\">\n              <span class=\"tt-post-author-name\"><a href=\"https:\/\/discoveralmunecar.com\/es\/author\/pedro-espinosa\/\">Admin<\/a><\/span>\n                    <span class=\"tt-post-date\">abril 28, 2021<\/span>\n          <\/div>\n            <\/div>\n      <\/div> \n      <div class=\"empty-space marg-lg-b25\"><\/div>                 \n    <\/div>\n          <\/div>\n      <\/div>\n      \n  [\/vc_column][\/vc_row][vc_row][vc_column][vc_empty_space][vc_custom_heading text=&#8221;Conoce la historia de Almu\u00f1\u00e9car&#8221; font_container=&#8221;tag:h2|font_size:30|text_align:left&#8221; use_theme_fonts=&#8221;yes&#8221;][vc_empty_space]<div class=\"text-block\" ><div class=\"simple-text \"><h3>Los Romanos<\/h3>\n<p>Tras la fundaci\u00f3n de la ciudad y la estancia de los fenicios en ella, estos entraron en conflicto con otro de los grandes pueblos del Mediterr\u00e1neo de aquella \u00e9poca, Cartago. Aunque la hegemon\u00eda de los cartagineses no dur\u00f3 mucho, ya que pronto el Imperio Romano impondr\u00eda su estatus en todo en el Mare Nostrum, y por lo tanto tambi\u00e9n en la ciudad sexitana. Y tras la Segunda Guerra P\u00fanica, la ciudad fue conquistada por Roma a finales del siglo III a.C. Y sobre el a\u00f1o 49 tambi\u00e9n antes de Cristo, fue rebautizada como Firmum Iulium Sexi, por el apoyo mostrado a Cayo Julio C\u00e9sar en la batalla de Munda contra Pompeyo, dentro de la guerra Civil que se sufri\u00f3 en esa \u00e9poca dentro del seno del Imperio Romano.<\/p>\n<p>Por eso, Discover Almu\u00f1ecar te presenta en esta ocasi\u00f3n la huella que dej\u00f3 el Imperio Romano en Almu\u00f1\u00e9car porque, aunque es evidente que la cultura que m\u00e1s aport\u00f3 a la Historia de esta ciudad fueron los musulmanes a lo largo de toda la Edad Media, no podemos obviar el importante impacto que fue la romanizaci\u00f3n en toda la Pen\u00ednsula Ib\u00e9rica y por ende tambi\u00e9n en la actual Costa del Sol Tropical, y en concreto en Almu\u00f1\u00e9car y La Herradura.<\/p>\n<p>Cuando a finales del siglo III antes de Cristo llegan los romanos a Sexi, descubren una importante ciudad a orillas del Mare Nostrum (Mediterr\u00e1neo), perfectamente estructurada y con una econom\u00eda basada en la elaboraci\u00f3n y exportaci\u00f3n de salaz\u00f3n de pescado; adem\u00e1s de la fabricaci\u00f3n del apreciado garum, Sexi en aquella \u00e9poca dispon\u00eda de moneda propia. Pero a\u00fan as\u00ed, los romanos construir\u00e1n teatros, templos dedicados a sus dioses y un acueducto que parcialmente a\u00fan se conserva y utiliza.<\/p>\n<p>Adem\u00e1s, la F\u00e1brica Fenicia de Salaz\u00f3n de Pescado con la llegada de este nuevo pueblo aument\u00f3 su producci\u00f3n, ya que el garum era muy codiciado por los paladares m\u00e1s exigentes de los patricios y emperadores romanos, por lo que la f\u00e1brica y su producto estrella disfrutaron de un gran esplendor. Siendo tambi\u00e9n un sabor esencial en la cocina de todos los rincones del Imperio, desde Finisterre hasta Alejandr\u00eda.<\/p>\n<p>El garum o garo, palabra que deriva de la griega \u201cgaron\u201d, era una salsa de pescado, elaborada con las v\u00edsceras fermentadas de estos animales. En la Antigua Roma se utilizaba principalmente para condimentar una gran cantidad de comidas, como ya hemos indicado, aunque tambi\u00e9n ten\u00eda usos en medicina, cosm\u00e9tica y hasta afrodis\u00edaco. Podr\u00edamos hacer una semejanza del garum a como hoy se utiliza en la cocina asi\u00e1tica la salsa de soja.<\/p>\n<p>En la actualidad, en el Parque del Majuelo podemos observar una parte de los restos de la F\u00e1brica de Salaz\u00f3n de Pescado, que tanto prestigio le dio en su momento a la ciudad. Estos restos fueron hallados y desenterrados a lo largo de varias excavaciones que se llevaron a cabo durante los a\u00f1os 70 y 80 del pasado siglo XX.<br \/>\nTambi\u00e9n hay que destacar en la aportaci\u00f3n que hizo Roma, el sistema de carreteras, puentes, acueductos e incluso las bases del sistema legal, y por supuesto su idioma, el lat\u00edn que aunque en la actualidad es una lengua muerta, no es menos cierto que tanto el castellano, que es el una de los idiomas m\u00e1s hablados en el mundo (como todos los dem\u00e1s derivados del lat\u00edn) se los debemos a ellos.<br \/>\nAunque como ya hemos mencionado, la cultura que m\u00e1s huella ha dejado en la actual Almu\u00f1\u00e9car, fueron los musulmanes en la Edad Media, a\u00fan hoy podemos deleitarnos con algunas de las obras que dej\u00f3 el pueblo romano para la posteridad en la ciudad m\u00e1s antigua del Mediterr\u00e1neo espa\u00f1ol. Adem\u00e1s de los ya nombrados: acueducto de Torrecuevas y la f\u00e1brica de salaz\u00f3n, podemos disfrutar de los Columbarios de La Alabina y la Torre Monje, o la Cueva de los Siete Palacios, que ahora es la sede del Museo Arqueol\u00f3gico de Almu\u00f1\u00e9car.<\/p>\n<p>No esperes a que te lo cuenten, visita Almu\u00f1\u00e9car y La Herradura y descubre cada rinc\u00f3n y cada secreto escondido con Discover Almu\u00f1\u00e9car.<\/p>\n<h3>Los Visigodos<\/h3>\n<p>Aunque no es la \u00e9poca m\u00e1s esplendorosa, y el legado de los Visigodos no sea tan evidente como otros pueblos de la antig\u00fcedad o la Edad Media que pasaron por aqu\u00ed, no los podemos dejar de lado, por eso Discover Almu\u00f1\u00e9car te descubre el legado del pueblo visigodo en Almu\u00f1\u00e9car y La Herradura.<\/p>\n<p>Tras el deterioro y posterior ca\u00edda del Imperio Romano a partir del siglo V d.C., distintos pueblos del Norte de Europa, especialmente los germ\u00e1nicos fueron avanzando hacia el sur. Entre estos pueblos a la Hispania Romana llegaron los visigodos. Concretamente sobre el a\u00f1o 456 este pueblo emergi\u00f3 como la potencia dominante y se expandieron por toda la Pen\u00ednsula Ib\u00e9rica. Aunque con la larga lista de reyes visigodos (Alarico, Ataulfo, Recaredo, Chindasvinto, Recesvinto, Leovigildo, y un largo etc\u00e9tera) todos ellos mantuvieron el legado romano muy vivo, adoptando sus instituciones y la cultura y el idioma en general. Si bien es cierto, que la econom\u00eda acab\u00f3 colapsando, y concretamente en Almu\u00f1\u00e9car la industria de la salaz\u00f3n y la producci\u00f3n de garum sufri\u00f3 un r\u00e1pido declive.<\/p>\n<p>Por otro lado, los obispos cat\u00f3licos fueron fuertes rivales de los reyes durante los dos siglos de dominio de la cultura visigoda.<\/p>\n<p>El \u00fanico vestigio que queda en la Costa del Sol Tropical del paso de los visigodos por aqu\u00ed es La B\u00f3veda Visigoda de Jate. Que se encuentra camuflado entre algunas edificaciones cortijeras en uno de los caminos que lleva a Pe\u00f1a Escrita, aunque es confundido con una construcci\u00f3n \u00e1rabe, pero est\u00e1 datada de entre los siglos VI a VIII d.C., si bien durante la Edad Media y bajo el dominio musulm\u00e1n esta construcci\u00f3n sirvi\u00f3 como farmacia.<\/p>\n<p>Dicha construcci\u00f3n ha intentado ser adquirido en varias ocasiones por el Ayuntamiento de Almu\u00f1\u00e9car para su restauraci\u00f3n, ya que en la actualidad presenta un aspecto un tanto dejado, lo cual le da a\u00fan m\u00e1s car\u00e1cter m\u00edstico, situado en un valle junto al nacimiento del r\u00edo Jate muy cerca del n\u00facleo de poblaci\u00f3n de La Herradura.<\/p>\n<p>Se trata de un edificio de planta rectangular, culminado con una b\u00f3veda de medio ca\u00f1\u00f3n, con unas dimensiones aproximadas de doce metros de largo por diez de ancho. Rodeada de varios contrafuertes para aguantar su peso, todo ello de estilo bizantino propio de los siglos V a VII.<\/p>\n<p>Como ya hemos se\u00f1alado se cree que en \u00e9poca \u00e1rabe fue usado como dispensario de medicamentos y plantas medicinales. Tambi\u00e9n fue utilizado como casa de campo, y en la actualidad se encuentra en situaci\u00f3n de abandono a pesar de los intentos del Ayuntamiento por adquirirla y restaurarla y su uso es casi exclusivo para el ganado o como establo.<\/p>\n<p>A\u00fan as\u00ed, desde Discover Almu\u00f1\u00e9car te animamos a hagas la excursi\u00f3n al nacimiento del r\u00edo Jate y descubras esta maravilla arquitect\u00f3nica visigoda.<\/p>\n<h3>Edad Media<\/h3>\n<p>Aunque la ciudad sexitana tiene una larga historia que comenz\u00f3 1.500 a\u00f1os antes de Cristo, sin lugar a duda la \u00e9poca de la Edad Media fue la que m\u00e1s huella ha dejado en el municipio, por ello Descubre Almu\u00f1ecar te presenta en este post la Historia de Almu\u00f1\u00e9car durante la Edad Media.<\/p>\n<p>La llegada de los musulmanes en el a\u00f1o 711 a la Pen\u00ednsula Ib\u00e9rica es un hecho clave en la Historia de toda Espa\u00f1a, y concretamente en Almu\u00f1\u00e9car en el verano del a\u00f1o 755 despu\u00e9s de Cristo, desembarc\u00f3 en sus costas procedente de la capital de Siria (Damasco) el pr\u00edncipe Omeya Abderram\u00e1n I, el cual tiene un gran monumento y una plaza dedicada a \u00e9l junto a los Pe\u00f1ones del Santo, a la falda del principal castillo de la localidad sexitana, el castillo de San Miguel, el cual aconsejamos su visita a todos los visitantes ya que se encuentra perfectamente conservado, adem\u00e1s desde all\u00ed tendremos unas vistas inmejorables de toda la costa granadina y tambi\u00e9n alberga un museo en su interior.<\/p>\n<p>Abderram\u00e1n I tras desembarcar en Almu\u00f1\u00e9car fund\u00f3 al a\u00f1o siguiente el Emirato Independiente de C\u00f3rdoba, siendo una de las figuras m\u00e1s importantes de la Edad Media en la Pen\u00ednsula Ib\u00e9rica.<\/p>\n<p>Tambi\u00e9n fue en esa \u00e9poca cuando la ciudad sexitana cambiar\u00eda su denominaci\u00f3n para tomar su actual nombre de Almu\u00f1\u00e9car derivado del \u00e1rabe por supuesto, \u062d\u0635\u0646 \u0627\u0644\u0645\u0646\u0643\u0651\u0631 (\u1e25i\u1e63n al-Munakkar), que significa \u201cfortaleza flanqueada o rodeada (de monta\u00f1as)\u201d.<\/p>\n<p>Durante los ocho siglos de esplendor que dur\u00f3 el dominio musulm\u00e1n de Almu\u00f1\u00e9car, hasta el a\u00f1o 1.489, que los Reyes Cat\u00f3licos Reconquistaron la poblaci\u00f3n, la ciudad m\u00e1s antigua del Mediterr\u00e1neo espa\u00f1ol perteneci\u00f3 a la cora de Elvira, convirti\u00e9ndose en el punto m\u00e1s fuerte de la costa. Y a partir del siglo XI ya se habla de la ciudad de Almu\u00f1\u00e9car, siendo un importante centro estrat\u00e9gico militarmente y econ\u00f3mico, ya que en la ciudad se produc\u00edan pl\u00e1tanos, pasas, ca\u00f1a de az\u00facar y cereales, gracias a su privilegiado microclima subtropical, adem\u00e1s de todo tipo de frutos, y tambi\u00e9n ser un puerto de pesca excepcional en aquella \u00e9poca. Por ello la ciudad ofrec\u00eda todo tipo de servicios, y dispon\u00eda de una mezquita mayor, mercados, barrios extramuros, arrabales y un importante puerto pesquero.<\/p>\n<p>Posteriormente, Almu\u00f1\u00e9car se consolid\u00f3 como la ciudad m\u00e1s importante de la costa del Reino de Granada, cuando Al-Andalus (se conoce como Al-Andalus, todo el territorio de la Pen\u00ednsula Ib\u00e9rica dominado por los musulmanes) se dividi\u00f3 en los Reinos de Taifas, quedando enmarcada dentro del que a la postre ser\u00eda el \u00faltimo basti\u00f3n musulm\u00e1n de la Pen\u00ednsula Ib\u00e9rica, el Reino Nazar\u00ed de Granada.<\/p>\n<p>Tambi\u00e9n es herencia musulmana todo el casco antiguo de Almu\u00f1\u00e9car, que mantiene su trama urbana con estrechas calles encrucijadas, en una intrincada red, suelos empedrados y casas de una o dos plantas encaladas de color blanco que le dan una apariencia caracter\u00edstica, t\u00edpica andaluza, declarado Bien de Inter\u00e9s Cultural, en torno a la fortaleza de San Miguel. En este barrio los visitantes podr\u00e1n deleitarse con patios llenos de flores y rincones inolvidables.<\/p>\n<p>Tambi\u00e9n de la \u00e9poca medieval podemos encontrar varias atalayas que han servido a lo largo de la historia, para crear una red de comunicaci\u00f3n entre fortalezas y para rechazar ataques de los piratas berberiscos.<\/p>\n<p>Pero todo esto no es todo, porque en varias ocasiones en los \u00faltimos a\u00f1os en distintas excavaciones por obras tanto p\u00fablicas como privadas, han ido apareciendo m\u00e1s restos arqueol\u00f3gicos, tanto medievales como de otras \u00e9pocas como ocurri\u00f3 en abril de 2.021 cuando se descubrieron algunos restos arqueol\u00f3gicos del siglo XV mientras se acondicionaba un local comercial de la Joyer\u00eda Torres en la plaza de la Constituci\u00f3n de la ciudad sexitana.<br \/>\nPor todo ello, y muchas m\u00e1s sorpresas que descubrir\u00e1s cuando vengas, Descubre Almu\u00f1\u00e9car te aconseja que hagas una tranquila visita a Almu\u00f1\u00e9car y La Herradura, para sumergirte de lleno en la historia medieval de la ciudad y sentirte como un aut\u00e9ntico emir en pleno siglo XXI.<\/p>\n<h4>La Edad Moderna de Almu\u00f1\u00e9car, siglo XVI<\/h4>\n<p>Almu\u00f1\u00e9car fue Reconquistada por los Reyes Cat\u00f3licos en el a\u00f1o 1.489, algo m\u00e1s de dos a\u00f1os antes que cayese definitivamente la ciudad de Granada, capital del Reino del mismo nombre que era el \u00faltimo basti\u00f3n musulm\u00e1n de la Pen\u00ednsula Ib\u00e9rica. Poniendo as\u00ed punto y seguido a la \u00e9poca m\u00e1s esplendorosa de la ciudad sexitana.<br \/>\nPor eso hoy Descubre Almu\u00f1\u00e9car presenta a sus lectores y a los visitantes de Almu\u00f1\u00e9car y La Herradura, la Almu\u00f1\u00e9car Cristiana del siglo XVI.<\/p>\n<p>Porque la ciudad sexitana durante este siglo, deja atr\u00e1s la Edad Media para sumergirse de lleno en la Edad Moderna, ya que Almu\u00f1\u00e9car y La Herradura siguen siendo un punto fuerte y estrat\u00e9gico, desde donde la nueva administraci\u00f3n cristiano-castellana proyecta su acci\u00f3n sobre el resto del antiguo Reino de Granada.<\/p>\n<p>La entrada en Granada por los Reyes Cat\u00f3licos fue un acontecimiento finalmente pac\u00edfico, tras m\u00e1s de diez a\u00f1os de asedio, porque el \u00faltimo rey musulm\u00e1n, Boabdlil rindi\u00f3 la ciudad sin derramamiento de sangre.<\/p>\n<p>Lo cual trajo unos cuantos a\u00f1os de paz a todo el antiguo reino nazar\u00ed, sin embargo, la paz dur\u00f3 poco ya que, en el a\u00f1o 1.568 en la comarca de la Alpujarra, muy pr\u00f3xima a la costa granadina y a Almu\u00f1\u00e9car y a La Herradura, se produjo la llamada Rebeli\u00f3n de los Moriscos, contra la Pragm\u00e1tica Sanci\u00f3n de 1.567 impuesta, que conllev\u00f3 el levantamiento de toda la poblaci\u00f3n musulmana que a\u00fan viv\u00eda en la actual provincia de Granada y parte de M\u00e1laga y Almer\u00eda.<\/p>\n<p>La cual fue sofocada militarmente por Don Juan de Austria tras varios a\u00f1os de luchas y escaramuzas militares.<\/p>\n<p>Siendo la consecuencia inmediata la expulsi\u00f3n y deportaci\u00f3n de toda la comunidad morisca, que quedaba a\u00fan por toda la zona, lo que supuso un gran vac\u00edo demogr\u00e1fico que tard\u00f3 muchos a\u00f1os en recuperarse.<\/p>\n<p>Pero tambi\u00e9n el triunfo de los cristianos marcar\u00e1 el inicio del Estado Espa\u00f1ol y de muchos viajes, descubrimientos y un nuevo aire de modernidad en el arte y la econom\u00eda de la ciudad sexitana.<\/p>\n<p>En Almu\u00f1\u00e9car su econom\u00eda se basaba principalmente en la agricultura, especialmente el cultivo de la ca\u00f1a de az\u00facar, y progresivamente a lo largo del siglo XVI se fue derivando al sector terciario con el comercio mar\u00edtimo.<\/p>\n<p>Adem\u00e1s, su legado monumental se ver\u00e1 engrandecido con el comienzo del nuevo gobierno cristiano con la construcci\u00f3n de uno de sus actuales s\u00edmbolos, como es la Iglesia de la Encarnaci\u00f3n.<\/p>\n<p>Para ello importantes arquitectos y artistas del Renacimiento ir\u00e1n llegando a la ciudad a lo largo del siglo XVI, los cuales contribuir\u00e1n activamente a su construcci\u00f3n, este templo cristiano fue dise\u00f1ado por Juan de Herrera y construido por Ambrosio de Vico con una esbelta torre acabada en un chapitel de Diego de Silo\u00e9.<\/p>\n<p>Y finalizadas sus obras de construcci\u00f3n en el a\u00f1o 1.600 es la primera obra arquitect\u00f3nica protobarroca de Espa\u00f1a.<\/p>\n<p>As\u00ed mismo en Almu\u00f1\u00e9car encontramos otro importante monumento y s\u00edmbolo de la ciudad m\u00e1s antigua del Mediterr\u00e1neo espa\u00f1ol, como es el Pilar de la Calle Real, que es un conjunto escult\u00f3rico construido sobre una antigua canalizaci\u00f3n de \u00e9poca romana.<\/p>\n<p>Posteriormente bajo el Reinado de Carlos I, el viejo castillo \u00e1rabe fue remodelado y puesto bajo el patrocinio del arc\u00e1ngel San Miguel, siendo esta su actual denominaci\u00f3n, adem\u00e1s tambi\u00e9n se le realiz\u00f3 una importante obra constructiva ya que, a instancias de este rey, se levantaron una serie de torres y se excav\u00f3 un foso a su alrededor.<\/p>\n<p>Tambi\u00e9n hay que destacar que, en la bah\u00eda de La Herradura, a mediados del siglo XVI se produjo el tr\u00e1gico naufragio de la Armada Espa\u00f1ola, concretamente el d\u00eda 19 de octubre de 1.562, cuando 28 barcos al mando de Don Juan de Mendoza que transportaba provisiones y a muchas familias de soldados destinados en Or\u00e1n, fue sorprendido por un fuerte temporal que hizo chocar a las galeras contra los arrecifes y desfiladeros colindantes, provocando su hundimiento y la muerte de unas cinco mil personas.<\/p>\n<p>En su recuerdo se erigi\u00f3 un monumento que hoy podemos encontrar en la entrada a La Herradura en el Paseo Andr\u00e9s Segovia.<\/p>\n<\/div><\/div>[\/vc_column][\/vc_row]<\/p>\n","protected":false},"excerpt":{"rendered":"<p>[vc_row][vc_column][\/vc_column][\/vc_row][vc_row][vc_column][vc_empty_space][vc_custom_heading text=&#8221;Conoce la historia de Almu\u00f1\u00e9car&#8221; font_container=&#8221;tag:h2|font_size:30|text_align:left&#8221; use_theme_fonts=&#8221;yes&#8221;][vc_empty_space][\/vc_column][\/vc_row]<\/p>\n","protected":false},"author":2,"featured_media":0,"parent":0,"menu_order":0,"comment_status":"closed","ping_status":"closed","template":"","meta":{"footnotes":""},"class_list":["post-2380","page","type-page","status-publish","hentry"],"yoast_head":"<!-- This site is optimized with the Yoast SEO plugin v27.3 - https:\/\/yoast.com\/product\/yoast-seo-wordpress\/ -->\n<title>Historia de Almu\u00f1\u00e9car, descubre rincones exquisitos de la ciudad<\/title>\n<meta name=\"description\" content=\"Conoce la Historia de Almu\u00f1\u00e9car y encuentra los mejores recuerdos para disfrutar de tus vacaciones en la ciudad.\" \/>\n<meta name=\"robots\" content=\"index, follow, max-snippet:-1, max-image-preview:large, max-video-preview:-1\" \/>\n<link rel=\"canonical\" href=\"https:\/\/discoveralmunecar.com\/es\/historia-de-almunecar\/\" \/>\n<meta property=\"og:locale\" content=\"es_ES\" \/>\n<meta property=\"og:type\" content=\"article\" \/>\n<meta property=\"og:title\" content=\"Historia de Almu\u00f1\u00e9car, descubre rincones exquisitos de la ciudad\" \/>\n<meta property=\"og:description\" content=\"Conoce la Historia de Almu\u00f1\u00e9car y encuentra los mejores recuerdos para disfrutar de tus vacaciones en la ciudad.\" \/>\n<meta property=\"og:url\" content=\"https:\/\/discoveralmunecar.com\/es\/historia-de-almunecar\/\" \/>\n<meta property=\"article:modified_time\" content=\"2022-03-30T09:56:29+00:00\" \/>\n<meta name=\"twitter:card\" content=\"summary_large_image\" \/>\n<meta name=\"twitter:label1\" content=\"Tiempo de lectura\" \/>\n\t<meta name=\"twitter:data1\" content=\"8 minutos\" \/>\n<script type=\"application\/ld+json\" class=\"yoast-schema-graph\">{\"@context\":\"https:\\\/\\\/schema.org\",\"@graph\":[{\"@type\":\"WebPage\",\"@id\":\"https:\\\/\\\/discoveralmunecar.com\\\/es\\\/historia-de-almunecar\\\/\",\"url\":\"https:\\\/\\\/discoveralmunecar.com\\\/es\\\/historia-de-almunecar\\\/\",\"name\":\"Historia de Almu\u00f1\u00e9car, descubre rincones exquisitos de la ciudad\",\"isPartOf\":{\"@id\":\"https:\\\/\\\/discoveralmunecar.com\\\/es\\\/#website\"},\"datePublished\":\"2021-05-03T22:13:09+00:00\",\"dateModified\":\"2022-03-30T09:56:29+00:00\",\"description\":\"Conoce la Historia de Almu\u00f1\u00e9car y encuentra los mejores recuerdos para disfrutar de tus vacaciones en la ciudad.\",\"breadcrumb\":{\"@id\":\"https:\\\/\\\/discoveralmunecar.com\\\/es\\\/historia-de-almunecar\\\/#breadcrumb\"},\"inLanguage\":\"es\",\"potentialAction\":[{\"@type\":\"ReadAction\",\"target\":[\"https:\\\/\\\/discoveralmunecar.com\\\/es\\\/historia-de-almunecar\\\/\"]}]},{\"@type\":\"BreadcrumbList\",\"@id\":\"https:\\\/\\\/discoveralmunecar.com\\\/es\\\/historia-de-almunecar\\\/#breadcrumb\",\"itemListElement\":[{\"@type\":\"ListItem\",\"position\":1,\"name\":\"Home\",\"item\":\"https:\\\/\\\/discoveralmunecar.com\\\/es\\\/\"},{\"@type\":\"ListItem\",\"position\":2,\"name\":\"Historia de Almu\u00f1\u00e9car\"}]},{\"@type\":\"WebSite\",\"@id\":\"https:\\\/\\\/discoveralmunecar.com\\\/es\\\/#website\",\"url\":\"https:\\\/\\\/discoveralmunecar.com\\\/es\\\/\",\"name\":\"\",\"description\":\"Just another WordPress site\\n\",\"potentialAction\":[{\"@type\":\"SearchAction\",\"target\":{\"@type\":\"EntryPoint\",\"urlTemplate\":\"https:\\\/\\\/discoveralmunecar.com\\\/es\\\/?s={search_term_string}\"},\"query-input\":{\"@type\":\"PropertyValueSpecification\",\"valueRequired\":true,\"valueName\":\"search_term_string\"}}],\"inLanguage\":\"es\"}]}<\/script>\n<!-- \/ Yoast SEO plugin. -->","yoast_head_json":{"title":"Historia de Almu\u00f1\u00e9car, descubre rincones exquisitos de la ciudad","description":"Conoce la Historia de Almu\u00f1\u00e9car y encuentra los mejores recuerdos para disfrutar de tus vacaciones en la ciudad.","robots":{"index":"index","follow":"follow","max-snippet":"max-snippet:-1","max-image-preview":"max-image-preview:large","max-video-preview":"max-video-preview:-1"},"canonical":"https:\/\/discoveralmunecar.com\/es\/historia-de-almunecar\/","og_locale":"es_ES","og_type":"article","og_title":"Historia de Almu\u00f1\u00e9car, descubre rincones exquisitos de la ciudad","og_description":"Conoce la Historia de Almu\u00f1\u00e9car y encuentra los mejores recuerdos para disfrutar de tus vacaciones en la ciudad.","og_url":"https:\/\/discoveralmunecar.com\/es\/historia-de-almunecar\/","article_modified_time":"2022-03-30T09:56:29+00:00","twitter_card":"summary_large_image","twitter_misc":{"Tiempo de lectura":"8 minutos"},"schema":{"@context":"https:\/\/schema.org","@graph":[{"@type":"WebPage","@id":"https:\/\/discoveralmunecar.com\/es\/historia-de-almunecar\/","url":"https:\/\/discoveralmunecar.com\/es\/historia-de-almunecar\/","name":"Historia de Almu\u00f1\u00e9car, descubre rincones exquisitos de la ciudad","isPartOf":{"@id":"https:\/\/discoveralmunecar.com\/es\/#website"},"datePublished":"2021-05-03T22:13:09+00:00","dateModified":"2022-03-30T09:56:29+00:00","description":"Conoce la Historia de Almu\u00f1\u00e9car y encuentra los mejores recuerdos para disfrutar de tus vacaciones en la ciudad.","breadcrumb":{"@id":"https:\/\/discoveralmunecar.com\/es\/historia-de-almunecar\/#breadcrumb"},"inLanguage":"es","potentialAction":[{"@type":"ReadAction","target":["https:\/\/discoveralmunecar.com\/es\/historia-de-almunecar\/"]}]},{"@type":"BreadcrumbList","@id":"https:\/\/discoveralmunecar.com\/es\/historia-de-almunecar\/#breadcrumb","itemListElement":[{"@type":"ListItem","position":1,"name":"Home","item":"https:\/\/discoveralmunecar.com\/es\/"},{"@type":"ListItem","position":2,"name":"Historia de Almu\u00f1\u00e9car"}]},{"@type":"WebSite","@id":"https:\/\/discoveralmunecar.com\/es\/#website","url":"https:\/\/discoveralmunecar.com\/es\/","name":"","description":"Just another WordPress site\n","potentialAction":[{"@type":"SearchAction","target":{"@type":"EntryPoint","urlTemplate":"https:\/\/discoveralmunecar.com\/es\/?s={search_term_string}"},"query-input":{"@type":"PropertyValueSpecification","valueRequired":true,"valueName":"search_term_string"}}],"inLanguage":"es"}]}},"_links":{"self":[{"href":"https:\/\/discoveralmunecar.com\/es\/wp-json\/wp\/v2\/pages\/2380","targetHints":{"allow":["GET"]}}],"collection":[{"href":"https:\/\/discoveralmunecar.com\/es\/wp-json\/wp\/v2\/pages"}],"about":[{"href":"https:\/\/discoveralmunecar.com\/es\/wp-json\/wp\/v2\/types\/page"}],"author":[{"embeddable":true,"href":"https:\/\/discoveralmunecar.com\/es\/wp-json\/wp\/v2\/users\/2"}],"replies":[{"embeddable":true,"href":"https:\/\/discoveralmunecar.com\/es\/wp-json\/wp\/v2\/comments?post=2380"}],"version-history":[{"count":7,"href":"https:\/\/discoveralmunecar.com\/es\/wp-json\/wp\/v2\/pages\/2380\/revisions"}],"predecessor-version":[{"id":7754,"href":"https:\/\/discoveralmunecar.com\/es\/wp-json\/wp\/v2\/pages\/2380\/revisions\/7754"}],"wp:attachment":[{"href":"https:\/\/discoveralmunecar.com\/es\/wp-json\/wp\/v2\/media?parent=2380"}],"curies":[{"name":"wp","href":"https:\/\/api.w.org\/{rel}","templated":true}]}}