{"id":36,"date":"2017-02-18T08:27:14","date_gmt":"2017-02-18T08:27:14","guid":{"rendered":"http:\/\/themebubble.com\/demo\/magplus\/?page_id=36"},"modified":"2025-04-29T13:11:20","modified_gmt":"2025-04-29T13:11:20","slug":"home","status":"publish","type":"page","link":"https:\/\/discoveralmunecar.com\/es\/","title":{"rendered":"Discover Almu\u00f1\u00e9car, disfruta de la ciudad de la costa tropical"},"content":{"rendered":"<p>[vc_row full_width=&#8221;stretch_row&#8221; awb_type=&#8221;video&#8221; awb_video_mobile=&#8221;1&#8243; css=&#8221;.vc_custom_1676031574845{padding-top: 600px !important;}&#8221; awb_video_mp4=&#8221;13538&#8243;][vc_column][\/vc_column][\/vc_row][vc_row][vc_column][vc_empty_space][\/vc_column][\/vc_row][vc_row][vc_column]<div  class=\"tt-title-block custom-color-properties-1000 style2\"><h3 class=\"tt-title-text\">\u00daltimas noticias<\/h3><\/div><div class=\"empty-space  marg-lg-b25\"><\/div>\n\n  \n  <div class=\"row\">\n\n    \n\n        <div class=\"col-md-6 col-md-push-3\">\n\n          <div class=\"tt-post\">\n\n                  <a class=\"tt-post-img custom-hover\" href=\"https:\/\/discoveralmunecar.com\/es\/cruces-de-mayo-en-almunecar-y-la-herradura-2026-listado-completo-con-ubicaciones\/\">\n          <img decoding=\"async\" class=\"img-responsive\" src=\"https:\/\/discoveralmunecar.com\/wp-content\/uploads\/2026\/04\/Cruces-608x505.webp\" alt=\"\">\n        <\/a>\n      \n            <div class=\"tt-post-info\">\n                <div class=\"tt-post-cat\"><a href=\"https:\/\/discoveralmunecar.com\/es\/category\/cultura-en-almunecar\/agenda-cultural-de-almunecar\/\" rel=\"category tag\">Agenda cultural de Almu\u00f1ecar<\/a>, <a href=\"https:\/\/discoveralmunecar.com\/es\/category\/cultura-en-almunecar\/\" rel=\"category tag\">Cultura en Almu\u00f1ecar<\/a>, <a href=\"https:\/\/discoveralmunecar.com\/es\/category\/cultura-en-almunecar\/eventos-en-almunecar\/\" rel=\"category tag\">Eventos en Almu\u00f1\u00e9car<\/a>, <a href=\"https:\/\/discoveralmunecar.com\/es\/category\/lugares-cercanos\/la-herradura\/\" rel=\"category tag\">La Herradura<\/a><\/div>\n                <a class=\"tt-post-title c-h2\" href=\"https:\/\/discoveralmunecar.com\/es\/cruces-de-mayo-en-almunecar-y-la-herradura-2026-listado-completo-con-ubicaciones\/\">Cruces de Mayo en Almu\u00f1\u00e9car y La Herradura 2026: listado completo con ubicaciones<\/a>\n                <div class=\"tt-post-label\">\n                  <span><a href=\"#\">Admin<\/a><\/span>\n                  <span>abril 21, 2026<\/span>\n                <\/div>\n                <div class=\"simple-text\">\n                  <p><\/p>\n                <\/div>\n                <div class=\"tt-post-bottom\">\n                  <span><a href=\"#\" class=\"tt-post-comment\"><i class=\"material-icons\">chat_bubble<\/i>0 Comments<\/a><\/span>\n                  <span><a href=\"#\" class=\"tt-post-views\"><i class=\"material-icons\">visibility<\/i>\n                    150 Views                  <\/a><\/span>\n                <\/div>\n            <\/div>\n          <\/div>\n\n          <div class=\"empty-space marg-sm-b30\"><\/div>\n        <\/div>\n\n\n                  <div class=\"col-sm-6 col-md-3 col-md-pull-6\">\n            \n                <div class=\"tt-post type-5\">\n                          <a class=\"tt-post-img custom-hover\" href=\"https:\/\/discoveralmunecar.com\/es\/restaurante-firmvm-en-almunecar-alta-cocina-en-la-costa-tropical\/\">\n          <img decoding=\"async\" class=\"img-responsive\" src=\"https:\/\/discoveralmunecar.com\/wp-content\/uploads\/2026\/03\/Sergio1_3456x1944-1-290x162.webp\" alt=\"\">\n        <\/a>\n                        <div class=\"tt-post-info\">\n                    <div class=\"tt-post-cat\"><a href=\"https:\/\/discoveralmunecar.com\/es\/category\/donde-comer-en-almunecar\/\" rel=\"category tag\">D\u00f3nde comer en Almu\u00f1\u00e9car<\/a>, <a href=\"https:\/\/discoveralmunecar.com\/es\/category\/donde-comer-en-almunecar\/restaurantes-almunecar\/\" rel=\"category tag\">Restaurantes Almu\u00f1ecar<\/a><\/div>\n                    <a class=\"tt-post-title c-h5\" href=\"https:\/\/discoveralmunecar.com\/es\/restaurante-firmvm-en-almunecar-alta-cocina-en-la-costa-tropical\/\"><small>Restaurante FIRMVM en Almu\u00f1\u00e9car: alta cocina en la Costa Tropical<\/small><\/a>\n                  <\/div>\n                <\/div>\n              <div class=\"empty-space marg-lg-b25\"><\/div>\n                <div class=\"tt-post type-5\">\n                          <a class=\"tt-post-img custom-hover\" href=\"https:\/\/discoveralmunecar.com\/es\/dia-de-la-cruz-en-almunecar-y-la-herradura-2026-que-ver-que-comer-y-donde-disfrutar-la-fiesta\/\">\n          <img decoding=\"async\" class=\"img-responsive\" src=\"https:\/\/discoveralmunecar.com\/wp-content\/uploads\/2026\/04\/11-290x162.webp\" alt=\"\">\n        <\/a>\n                        <div class=\"tt-post-info\">\n                    <div class=\"tt-post-cat\"><a href=\"https:\/\/discoveralmunecar.com\/es\/category\/cultura-en-almunecar\/agenda-cultural-de-almunecar\/\" rel=\"category tag\">Agenda cultural de Almu\u00f1ecar<\/a>, <a href=\"https:\/\/discoveralmunecar.com\/es\/category\/cultura-en-almunecar\/\" rel=\"category tag\">Cultura en Almu\u00f1ecar<\/a>, <a href=\"https:\/\/discoveralmunecar.com\/es\/category\/cultura-en-almunecar\/eventos-en-almunecar\/\" rel=\"category tag\">Eventos en Almu\u00f1\u00e9car<\/a>, <a href=\"https:\/\/discoveralmunecar.com\/es\/category\/lugares-cercanos\/la-herradura\/\" rel=\"category tag\">La Herradura<\/a><\/div>\n                    <a class=\"tt-post-title c-h5\" href=\"https:\/\/discoveralmunecar.com\/es\/dia-de-la-cruz-en-almunecar-y-la-herradura-2026-que-ver-que-comer-y-donde-disfrutar-la-fiesta\/\"><small>D\u00eda de la Cruz en Almu\u00f1\u00e9car y La Herradura 2026: qu\u00e9 ver, qu\u00e9 comer y d\u00f3nde disfrutar la fiesta<\/small><\/a>\n                  <\/div>\n                <\/div>\n              <div class=\"empty-space marg-lg-b25\"><\/div>\n                <div class=\"tt-post type-5\">\n                          <a class=\"tt-post-img custom-hover\" href=\"https:\/\/discoveralmunecar.com\/es\/restaurante-lute-y-jesus-en-almunecar-tradicion-pescado-fresco-y-cocina-mediterranea\/\">\n          <img decoding=\"async\" class=\"img-responsive\" src=\"https:\/\/discoveralmunecar.com\/wp-content\/uploads\/2026\/03\/Lute-6-290x162.webp\" alt=\"\">\n        <\/a>\n                        <div class=\"tt-post-info\">\n                    <div class=\"tt-post-cat\"><a href=\"https:\/\/discoveralmunecar.com\/es\/category\/donde-comer-en-almunecar\/\" rel=\"category tag\">D\u00f3nde comer en Almu\u00f1\u00e9car<\/a>, <a href=\"https:\/\/discoveralmunecar.com\/es\/category\/donde-comer-en-almunecar\/restaurantes-almunecar\/\" rel=\"category tag\">Restaurantes Almu\u00f1ecar<\/a><\/div>\n                    <a class=\"tt-post-title c-h5\" href=\"https:\/\/discoveralmunecar.com\/es\/restaurante-lute-y-jesus-en-almunecar-tradicion-pescado-fresco-y-cocina-mediterranea\/\"><small>Restaurante Lute y Jes\u00fas en Almu\u00f1\u00e9car: tradici\u00f3n, pescado fresco y cocina mediterr\u00e1nea<\/small><\/a>\n                  <\/div>\n                <\/div>\n                    <\/div>\n          <div class=\"col-sm-6 col-md-3\">\n        <div class=\"empty-space marg-sm-b25\"><\/div>\n        \n            <div class=\"tt-post type-5\">\n                        <a class=\"tt-post-img custom-hover\" href=\"https:\/\/discoveralmunecar.com\/es\/freiduria-lute-y-jesus-a-veces-solo-se-necesita-un-cucurucho-para-estar-feliz\/\">\n          <img decoding=\"async\" class=\"img-responsive\" src=\"https:\/\/discoveralmunecar.com\/wp-content\/uploads\/2026\/03\/Freiduria-3-290x162.webp\" alt=\"\">\n        <\/a>\n                    <div class=\"tt-post-info\">\n                <div class=\"tt-post-cat\"><a href=\"https:\/\/discoveralmunecar.com\/es\/category\/donde-comer-en-almunecar\/bares-tapas\/\" rel=\"category tag\">Bares de tapas<\/a>, <a href=\"https:\/\/discoveralmunecar.com\/es\/category\/donde-comer-en-almunecar\/\" rel=\"category tag\">D\u00f3nde comer en Almu\u00f1\u00e9car<\/a>, <a href=\"https:\/\/discoveralmunecar.com\/es\/category\/donde-comer-en-almunecar\/restaurantes-almunecar\/\" rel=\"category tag\">Restaurantes Almu\u00f1ecar<\/a><\/div>\n                <a class=\"tt-post-title c-h5\" href=\"https:\/\/discoveralmunecar.com\/es\/freiduria-lute-y-jesus-a-veces-solo-se-necesita-un-cucurucho-para-estar-feliz\/\"><small>Freidur\u00eda Lute y Jes\u00fas: A veces solo se necesita un cucurucho para estar feliz<\/small><\/a>\n              <\/div>\n            <\/div>\n            <div class=\"empty-space marg-lg-b25\"><\/div>\n            <div class=\"tt-post type-5\">\n                        <a class=\"tt-post-img custom-hover\" href=\"https:\/\/discoveralmunecar.com\/es\/procesiones-semana-santa-2026-almunecar-y-la-herradura\/\">\n          <img decoding=\"async\" class=\"img-responsive\" src=\"https:\/\/discoveralmunecar.com\/wp-content\/uploads\/2026\/03\/Portada-Semana-Santa_3148x1122-1@0.5x-290x162.webp\" alt=\"\">\n        <\/a>\n                    <div class=\"tt-post-info\">\n                <div class=\"tt-post-cat\"><a href=\"https:\/\/discoveralmunecar.com\/es\/category\/cultura-en-almunecar\/agenda-cultural-de-almunecar\/\" rel=\"category tag\">Agenda cultural de Almu\u00f1ecar<\/a>, <a href=\"https:\/\/discoveralmunecar.com\/es\/category\/cultura-en-almunecar\/\" rel=\"category tag\">Cultura en Almu\u00f1ecar<\/a>, <a href=\"https:\/\/discoveralmunecar.com\/es\/category\/cultura-en-almunecar\/eventos-en-almunecar\/\" rel=\"category tag\">Eventos en Almu\u00f1\u00e9car<\/a><\/div>\n                <a class=\"tt-post-title c-h5\" href=\"https:\/\/discoveralmunecar.com\/es\/procesiones-semana-santa-2026-almunecar-y-la-herradura\/\"><small>Procesiones Semana Santa 2026 Almu\u00f1\u00e9car y La Herradura<\/small><\/a>\n              <\/div>\n            <\/div>\n            <div class=\"empty-space marg-lg-b25\"><\/div>\n            <div class=\"tt-post type-5\">\n                        <a class=\"tt-post-img custom-hover\" href=\"https:\/\/discoveralmunecar.com\/es\/historia-de-la-semana-santa-en-almunecar-origen-tradiciones-y-cofradias\/\">\n          <img decoding=\"async\" class=\"img-responsive\" src=\"https:\/\/discoveralmunecar.com\/wp-content\/uploads\/2026\/03\/20250413-_DSC6490@0.5x-1-290x162.webp\" alt=\"\">\n        <\/a>\n                    <div class=\"tt-post-info\">\n                <div class=\"tt-post-cat\"><a href=\"https:\/\/discoveralmunecar.com\/es\/category\/cultura-en-almunecar\/agenda-cultural-de-almunecar\/\" rel=\"category tag\">Agenda cultural de Almu\u00f1ecar<\/a>, <a href=\"https:\/\/discoveralmunecar.com\/es\/category\/cultura-en-almunecar\/\" rel=\"category tag\">Cultura en Almu\u00f1ecar<\/a>, <a href=\"https:\/\/discoveralmunecar.com\/es\/category\/cultura-en-almunecar\/eventos-en-almunecar\/\" rel=\"category tag\">Eventos en Almu\u00f1\u00e9car<\/a><\/div>\n                <a class=\"tt-post-title c-h5\" href=\"https:\/\/discoveralmunecar.com\/es\/historia-de-la-semana-santa-en-almunecar-origen-tradiciones-y-cofradias\/\"><small>Historia de la Semana Santa en Almu\u00f1\u00e9car: origen, tradiciones y cofrad\u00edas<\/small><\/a>\n              <\/div>\n            <\/div>\n            <div class=\"empty-space marg-lg-b25\"><\/div>\n      <\/div>\n      <\/div>\n  <div class=\"empty-space marg-lg-b40 marg-sm-b30\"><\/div>\n  <div  class=\"empty-space  marg-lg-b30 marg-sm-b30\"><\/div>[\/vc_column][\/vc_row][vc_row][vc_column][vc_row_inner][vc_column_inner width=&#8221;1\/2&#8243;][vc_single_image image=&#8221;953&#8243; img_size=&#8221;full&#8221; onclick=&#8221;custom_link&#8221; link=&#8221;\/es\/clima-en-almunecar&#8221;][\/vc_column_inner][vc_column_inner width=&#8221;1\/2&#8243;][vc_custom_heading text=&#8221;Clima&#8221; font_container=&#8221;tag:h3|font_size:25|text_align:left&#8221; use_theme_fonts=&#8221;yes&#8221; link=&#8221;url:%2Fes%2Fclima-en-almunecar%2F|title:Clima%20en%20Almu%C3%B1%C3%A9car%2C%20%20sol%20y%20buen%20tiempo%20todo%20el%20a%C3%B1o|target:_blank&#8221;]<div  class=\"empty-space  marg-lg-b20 marg-md-b10 marg-sm-b10 marg-xs-b5\"><\/div><div class=\"text-block\" ><div class=\"simple-text \"><p>Almu\u00f1\u00e9car forma parte de los pueblos de la Costa Tropical de Granada y como el nombre indica el clima es subtropical y equilibrado, ofreciendo d\u00edas soleados a lo largo de casi todo el a\u00f1o. El clima propicia un original paisaje de extensas huertas con frutos de origen tropical como la chirimoya, el mango o el aguacate entre otras ex\u00f3ticas especies.<\/p>\n<\/div><\/div>[\/vc_column_inner][\/vc_row_inner]<div  class=\"empty-space  marg-lg-b20 marg-md-b10 marg-sm-b10 marg-xs-b5\"><\/div>[vc_row_inner][vc_column_inner width=&#8221;1\/2&#8243;][vc_single_image image=&#8221;969&#8243; img_size=&#8221;full&#8221; onclick=&#8221;custom_link&#8221; link=&#8221;es\/playas-de-almunecar\/&#8221;][\/vc_column_inner][vc_column_inner width=&#8221;1\/2&#8243;][vc_custom_heading text=&#8221;Sol y playa&#8221; font_container=&#8221;tag:h3|font_size:25|text_align:left&#8221; use_theme_fonts=&#8221;yes&#8221; link=&#8221;url:https%3A%2F%2Fdiscoveralmunecar.com%2Fes%2Fplayas-de-almunecar%2F|title:Playas%20de%20Almu%C3%B1%C3%A9car%2C%20un%20trocito%20de%20para%C3%ADso%20a%20tus%20pies&#8221;]<div  class=\"empty-space  marg-lg-b20 marg-md-b10 marg-sm-b10 marg-xs-b5\"><\/div><div class=\"text-block\" ><div class=\"simple-text \"><p>En los 19 km de costa de Almu\u00f1\u00e9car descubrimos quince playas. Playas muy distintas entre s\u00ed, algunas son arenosas, otras de canto <span class=\"hiddenGrammarError\">rodado<\/span> debido a su interesante entorno natural de bellos acantilados, todas con un agua limpia, cristalina y bellos fondos marinos. Hay playas largas y anchas, tambi\u00e9n peque\u00f1as e \u00edntimas calas en las que se practica el nudismo. En casi todas <span class=\"hiddenGrammarError\">ellas hay<\/span> chiringuitos y bares con buena comida en un atractivo entorno.<\/p>\n<\/div><\/div>[\/vc_column_inner][\/vc_row_inner]<div  class=\"empty-space  marg-lg-b20 marg-md-b10 marg-sm-b10 marg-xs-b5\"><\/div>[vc_row_inner][vc_column_inner width=&#8221;1\/2&#8243;][vc_single_image image=&#8221;1131&#8243; img_size=&#8221;full&#8221; onclick=&#8221;custom_link&#8221; link=&#8221;\/es\/naturaleza-de-almunecar\/&#8221;][\/vc_column_inner][vc_column_inner width=&#8221;1\/2&#8243;][vc_custom_heading text=&#8221;Naturaleza&#8221; font_container=&#8221;tag:h3|font_size:25|text_align:left&#8221; use_theme_fonts=&#8221;yes&#8221; link=&#8221;url:%2Fes%2Fnaturaleza-de-almunecar%2F|target:_blank&#8221;]<div  class=\"empty-space  marg-lg-b20 marg-md-b10 marg-sm-b10 marg-xs-b5\"><\/div><div class=\"text-block\" ><div class=\"simple-text \"><p>Parajes naturales constituidos por rocosas monta\u00f1as que desembocan en esculturales acantilados sobre las playas. Espacios que albergan entornos de vida natural habitados por cabras <span class=\"hiddenSpellError\">montesas<\/span> y otras especies aut\u00f3ctonas, con espacios que albergan animales ex\u00f3ticos provenientes de lejanos pa\u00edses. Cimas de monta\u00f1as desde las que contemplar espectaculares atardeceres sobre la costa y las plantaciones de frutos tropicales. Los m\u00e1s activos pueden practicar un amplio repertorio de deportes de monta\u00f1a.<\/p>\n<\/div><\/div>[\/vc_column_inner][\/vc_row_inner]<div  class=\"empty-space  marg-lg-b20 marg-md-b10 marg-sm-b10 marg-xs-b5\"><\/div>[vc_row_inner][vc_column_inner width=&#8221;1\/2&#8243;][vc_single_image image=&#8221;975&#8243; img_size=&#8221;full&#8221; onclick=&#8221;custom_link&#8221; link=&#8221;\/es\/historia-de-almunecar\/&#8221;][\/vc_column_inner][vc_column_inner width=&#8221;1\/2&#8243;][vc_custom_heading text=&#8221;Historia&#8221; font_container=&#8221;tag:h3|font_size:25|text_align:left&#8221; use_theme_fonts=&#8221;yes&#8221; link=&#8221;url:%2Fes%2Fhistoria-de-almunecar%2F|target:_blank&#8221;]<div  class=\"empty-space  marg-lg-b20 marg-md-b10 marg-sm-b10 marg-xs-b5\"><\/div><div class=\"text-block\" ><div class=\"simple-text \"><p>2000 a\u00f1os de historia romana, musulmana y cristiana entre otras civilizaciones, han dejado impresa en <span class=\"hiddenSpellError\">Almu\u00f1\u00e9car<\/span> una interesante huella cultural y art\u00edstica que podemos descubrir en los importantes restos arqueol\u00f3gicos repartidos por el entorno. Acueductos en extraordinario estado, pozas de salazones, museo arqueol\u00f3gico y estrechas calles que nos llevan a un espectacular castillo sobre el mar, son parte de las visitas que nos transportaran al pasado.<\/p>\n<\/div><\/div>[\/vc_column_inner][\/vc_row_inner]<div  class=\"empty-space  marg-lg-b20 marg-md-b10 marg-sm-b10 marg-xs-b5\"><\/div>[vc_row_inner][vc_column_inner width=&#8221;1\/2&#8243;][vc_single_image image=&#8221;976&#8243; img_size=&#8221;full&#8221; onclick=&#8221;custom_link&#8221; link=&#8221;\/es\/fiestas-locales-de-almunecar\/&#8221;][\/vc_column_inner][vc_column_inner width=&#8221;1\/2&#8243;][vc_custom_heading text=&#8221;Fiestas locales&#8221; font_container=&#8221;tag:h3|font_size:25|text_align:left&#8221; use_theme_fonts=&#8221;yes&#8221; link=&#8221;url:%2Fes%2Ffiestas-locales-de-almunecar%2F|target:_blank&#8221;]<div  class=\"empty-space  marg-lg-b20 marg-md-b10 marg-sm-b10 marg-xs-b5\"><\/div><div class=\"text-block\" ><div class=\"simple-text \"><p>Un variado calendario de festividades t\u00edpicas integrar\u00e1 a los visitantes en el alma de este sencillo pueblo capaz de ofrecer uno de los m\u00e1s grandes y sofisticados despliegues de fuegos artificiales para homenajear a su patr\u00f3n San Miguel. Este espl\u00e9ndido espect\u00e1culo tiene lugar en la playa durante la semana grande de <span class=\"hiddenSpellError\">Almu\u00f1\u00e9car<\/span>. A lo largo del a\u00f1o se suceden otras singulares celebraciones como las Cruces de mayo, las procesiones de Semana Santa, el festival gastron\u00f3mico, el festival de jazz y otros muchos eventos.<\/p>\n<\/div><\/div>[\/vc_column_inner][\/vc_row_inner]<div  class=\"empty-space  marg-lg-b20 marg-md-b10 marg-sm-b10 marg-xs-b5\"><\/div>[vc_row_inner][vc_column_inner width=&#8221;1\/2&#8243;][vc_single_image image=&#8221;977&#8243; img_size=&#8221;full&#8221; onclick=&#8221;custom_link&#8221; link=&#8221;\/puerto-deportivo-marina-del-este\/&#8221;][\/vc_column_inner][vc_column_inner width=&#8221;1\/2&#8243;][vc_custom_heading text=&#8221;Puerto deportivo&#8221; font_container=&#8221;tag:h3|font_size:25|text_align:left&#8221; use_theme_fonts=&#8221;yes&#8221; link=&#8221;url:%2Fpuerto-deportivo-marina-del-este%2F|target:_blank&#8221;]<div  class=\"empty-space  marg-lg-b20 marg-md-b10 marg-sm-b10 marg-xs-b5\"><\/div><div class=\"text-block\" ><div class=\"simple-text \"><p>Entre <span class=\"hiddenSpellError\">Almu\u00f1\u00e9car<\/span> y La Herradura se encuentra la Punta de la Mona, un bello paraje natural rocoso con pinares y plantas tropicales que rodean exclusivas propiedades. El conjunto culmina con una preciosa playa y un peque\u00f1o puerto deportivo de los m\u00e1s encantadores que puedan encontrarse. En el entorno se practican todas las variedades de deportes acu\u00e1ticos. Los que prefieren actividades contemplativas pueden disfrutar del tranquilo ambiente mientras degustan de la gastronom\u00eda local e internacional en los restaurantes del puerto o de la playa.<\/p>\n<\/div><\/div>[\/vc_column_inner][\/vc_row_inner]<div  class=\"empty-space  marg-lg-b20 marg-md-b10 marg-sm-b10 marg-xs-b5\"><\/div>[vc_row_inner][vc_column_inner width=&#8221;1\/2&#8243;][vc_single_image image=&#8221;978&#8243; img_size=&#8221;full&#8221; onclick=&#8221;custom_link&#8221; link=&#8221;\/es\/parque-acuatico-aquatropic-de-almunecar\/&#8221;][\/vc_column_inner][vc_column_inner width=&#8221;1\/2&#8243;][vc_custom_heading text=&#8221;Parque acu\u00e1tico&#8221; font_container=&#8221;tag:h3|font_size:25|text_align:left&#8221; use_theme_fonts=&#8221;yes&#8221; link=&#8221;url:%2Fes%2Fparque-acuatico-aquatropic-de-almunecar%2F|target:_blank&#8221;]<div  class=\"empty-space  marg-lg-b20 marg-md-b10 marg-sm-b10 marg-xs-b5\"><\/div><div class=\"text-block\" ><div class=\"simple-text \"><p>El parque acu\u00e1tico de <span class=\"hiddenSpellError\">Almu\u00f1\u00e9car<\/span> con nuevas atracciones, amplio aparcamiento, perfecto para la diversi\u00f3n de los peque\u00f1os y un d\u00eda en familia inolvidable.<\/p>\n<\/div><\/div>[\/vc_column_inner][\/vc_row_inner]<div  class=\"empty-space  marg-lg-b20 marg-md-b10 marg-sm-b10 marg-xs-b5\"><\/div>[vc_row_inner][vc_column_inner width=&#8221;1\/2&#8243;][vc_single_image image=&#8221;979&#8243; img_size=&#8221;full&#8221; onclick=&#8221;custom_link&#8221; link=&#8221;\/es\/acuario-de-almunecar\/&#8221;][\/vc_column_inner][vc_column_inner width=&#8221;1\/2&#8243;][vc_custom_heading text=&#8221;Acu\u00e1rio de Almu\u00f1\u00e9car&#8221; font_container=&#8221;tag:h3|font_size:25|text_align:left&#8221; use_theme_fonts=&#8221;yes&#8221; link=&#8221;url:%2Fes%2Facuario-de-almunecar%2F|target:_blank&#8221;]<div  class=\"empty-space  marg-lg-b20 marg-md-b10 marg-sm-b10 marg-xs-b5\"><\/div><div class=\"text-block\" ><div class=\"simple-text \"><p>El Acuario de Fauna Mediterr\u00e1nea de <span class=\"hiddenSpellError\">Almu\u00f1\u00e9car<\/span>, est\u00e1 situado en la plaza Kuwait s\/n en Avenida de Europa, en un lugar privilegiado a 500 metros de la playa de San Crist\u00f3bal. La visita al acuario supone un recorrido a trav\u00e9s del ecosistema y la fauna marina del Mediterr\u00e1neo y de forma especial del litoral <span class=\"hiddenSpellError\">sexitano<\/span>.<\/p>\n<\/div><\/div>[\/vc_column_inner][\/vc_row_inner]<div  class=\"empty-space  marg-lg-b20 marg-md-b10 marg-sm-b10 marg-xs-b5\"><\/div>[vc_row_inner][vc_column_inner width=&#8221;1\/2&#8243;][vc_single_image image=&#8221;980&#8243; img_size=&#8221;full&#8221; onclick=&#8221;custom_link&#8221; link=&#8221;\/es\/parque-ornitologico-loro-sexi\/&#8221;][\/vc_column_inner][vc_column_inner width=&#8221;1\/2&#8243;][vc_custom_heading text=&#8221;Parque Ornitol\u00f3gico Loro Sexi&#8221; font_container=&#8221;tag:h3|font_size:25|text_align:left&#8221; use_theme_fonts=&#8221;yes&#8221; link=&#8221;url:%2Fes%2Fparque-ornitologico-loro-sexi%2F|target:_blank&#8221;]<div  class=\"empty-space  marg-lg-b20 marg-md-b10 marg-sm-b10 marg-xs-b5\"><\/div><div class=\"text-block\" ><div class=\"simple-text \"><p>El parque Ornitologico complementa la oferta turistica de naturaleza en Almu\u00f1\u00e9car perfecto para visitarlo en familia y descubrir los 271 ejemplares de unas 30 especies diferentes como Cacatuas, Guacamayos, Pavos Reales, Ipeca\u00e1, Loris, Cotorras, Cisnes en sus charcas y estanques<\/p>\n<\/div><\/div>[\/vc_column_inner][\/vc_row_inner][\/vc_column][\/vc_row][vc_row][vc_column]<div  class=\"tt-title-block custom-color-properties-1001 style2\"><h3 class=\"tt-title-text\">\u00daltimos \u00e1rticulos<\/h3><\/div><div class=\"empty-space  marg-lg-b25\"><\/div>\n  <div class=\"tt-recent-news\">\n            <div class=\"tt-post has-thumbnail type-6 clearfix post-987 post type-post status-publish format-standard has-post-thumbnail hentry category-playas-de-almunecar category-que-hacer-en-almunecar\">\n              <a class=\"tt-post-img custom-hover\" href=\"https:\/\/discoveralmunecar.com\/es\/playa-puerta-del-mar-almunecar\/\">\n      <img fetchpriority=\"high\" decoding=\"async\" width=\"288\" height=\"180\" src=\"https:\/\/discoveralmunecar.com\/wp-content\/uploads\/2021\/02\/playa-puerta-del-mar-1-288x180.jpg\" class=\"img-responsive wp-post-image\" alt=\"playa-puerta-del-mar-1\" \/>    <\/a>\n        <div class=\"tt-post-info\">\n            <div class=\"tt-post-cat\"><a href=\"https:\/\/discoveralmunecar.com\/es\/category\/que-hacer-en-almunecar\/playas-de-almunecar\/\" rel=\"category tag\">Playas de Almu\u00f1\u00e9car<\/a>, <a href=\"https:\/\/discoveralmunecar.com\/es\/category\/que-hacer-en-almunecar\/\" rel=\"category tag\">Qu\u00e9 hacer<\/a><\/div>\n              <a class=\"tt-post-title c-h4\" href=\"https:\/\/discoveralmunecar.com\/es\/playa-puerta-del-mar-almunecar\/\"><small>Playa Puerta del Mar<\/small><\/a>\n              <div class=\"tt-post-label\">\n                <\/div>\n              <div class=\"simple-text\">\n      <p><\/p>\n    <\/div>\n                    <\/div>\n    <\/div>\n    <div class=\"empty-space marg-lg-b30\"><\/div>\n            <div class=\"tt-post has-thumbnail type-6 clearfix post-1326 post type-post status-publish format-standard has-post-thumbnail hentry category-chiringuitos-almunecar category-donde-comer-en-almunecar category-restaurantes-almunecar\">\n              <a class=\"tt-post-img custom-hover\" href=\"https:\/\/discoveralmunecar.com\/es\/chiringuito-deportivo\/\">\n      <img decoding=\"async\" width=\"288\" height=\"180\" src=\"https:\/\/discoveralmunecar.com\/wp-content\/uploads\/2021\/03\/portrait_P1020508-288x180.jpg\" class=\"img-responsive wp-post-image\" alt=\"foto chiringuito deportivo\" \/>    <\/a>\n        <div class=\"tt-post-info\">\n            <div class=\"tt-post-cat\"><a href=\"https:\/\/discoveralmunecar.com\/es\/category\/donde-comer-en-almunecar\/chiringuitos-almunecar\/\" rel=\"category tag\">Chiringuitos Almu\u00f1ecar<\/a>, <a href=\"https:\/\/discoveralmunecar.com\/es\/category\/donde-comer-en-almunecar\/\" rel=\"category tag\">D\u00f3nde comer en Almu\u00f1\u00e9car<\/a>, <a href=\"https:\/\/discoveralmunecar.com\/es\/category\/donde-comer-en-almunecar\/restaurantes-almunecar\/\" rel=\"category tag\">Restaurantes Almu\u00f1ecar<\/a><\/div>\n              <a class=\"tt-post-title c-h4\" href=\"https:\/\/discoveralmunecar.com\/es\/chiringuito-deportivo\/\"><small>Chiringuito deportivo<\/small><\/a>\n              <div class=\"tt-post-label\">\n                <\/div>\n              <div class=\"simple-text\">\n      <p><\/p>\n    <\/div>\n                    <\/div>\n    <\/div>\n    <div class=\"empty-space marg-lg-b30\"><\/div>\n            <div class=\"tt-post has-thumbnail type-6 clearfix post-7841 post type-post status-publish format-standard has-post-thumbnail hentry category-empresas-en-almunecar category-salud\">\n              <a class=\"tt-post-img custom-hover\" href=\"https:\/\/discoveralmunecar.com\/es\/nadira-beauty-en-almunecar\/\">\n      <img decoding=\"async\" width=\"288\" height=\"180\" src=\"https:\/\/discoveralmunecar.com\/wp-content\/uploads\/2022\/04\/Nadira-Beauty-Almun\u0303e\u0301car2-288x180.webp\" class=\"img-responsive wp-post-image\" alt=\"\" \/>    <\/a>\n        <div class=\"tt-post-info\">\n            <div class=\"tt-post-cat\"><a href=\"https:\/\/discoveralmunecar.com\/es\/category\/empresas-en-almunecar\/\" rel=\"category tag\">Empresas en Almu\u00f1\u00e9car<\/a>, <a href=\"https:\/\/discoveralmunecar.com\/es\/category\/empresas-en-almunecar\/salud\/\" rel=\"category tag\">Salud<\/a><\/div>\n              <a class=\"tt-post-title c-h4\" href=\"https:\/\/discoveralmunecar.com\/es\/nadira-beauty-en-almunecar\/\"><small>Nadira Beauty en Almu\u00f1\u00e9car<\/small><\/a>\n              <div class=\"tt-post-label\">\n                <\/div>\n              <div class=\"simple-text\">\n      <p><\/p>\n    <\/div>\n                    <\/div>\n    <\/div>\n    <div class=\"empty-space marg-lg-b30\"><\/div>\n            <div class=\"tt-post has-thumbnail type-6 clearfix post-1058 post type-post status-publish format-standard has-post-thumbnail hentry category-cultura-en-almunecar category-la-herradura\">\n              <a class=\"tt-post-img custom-hover\" href=\"https:\/\/discoveralmunecar.com\/es\/la-cochera-la-herradura\/\">\n      <img loading=\"lazy\" decoding=\"async\" width=\"288\" height=\"180\" src=\"https:\/\/discoveralmunecar.com\/wp-content\/uploads\/2021\/02\/portrait__MG_1635-288x180.jpg\" class=\"img-responsive wp-post-image\" alt=\"\" \/>    <\/a>\n        <div class=\"tt-post-info\">\n            <div class=\"tt-post-cat\"><a href=\"https:\/\/discoveralmunecar.com\/es\/category\/cultura-en-almunecar\/\" rel=\"category tag\">Cultura en Almu\u00f1ecar<\/a>, <a href=\"https:\/\/discoveralmunecar.com\/es\/category\/lugares-cercanos\/la-herradura\/\" rel=\"category tag\">La Herradura<\/a><\/div>\n              <a class=\"tt-post-title c-h4\" href=\"https:\/\/discoveralmunecar.com\/es\/la-cochera-la-herradura\/\"><small>La Cochera, un pedacito de para\u00edso musical en La Herradura<\/small><\/a>\n              <div class=\"tt-post-label\">\n                <\/div>\n              <div class=\"simple-text\">\n      <p><\/p>\n    <\/div>\n                    <\/div>\n    <\/div>\n    <div class=\"empty-space marg-lg-b30\"><\/div>\n            <div class=\"tt-post has-thumbnail type-6 clearfix post-1609 post type-post status-publish format-standard has-post-thumbnail hentry category-donde-comer-en-almunecar category-restaurantes-almunecar tag-san-cristobal-es\">\n              <a class=\"tt-post-img custom-hover\" href=\"https:\/\/discoveralmunecar.com\/es\/restaurante-sabina\/\">\n      <img loading=\"lazy\" decoding=\"async\" width=\"288\" height=\"180\" src=\"https:\/\/discoveralmunecar.com\/wp-content\/uploads\/2021\/04\/portrait_P1030509-288x180.jpg\" class=\"img-responsive wp-post-image\" alt=\"restaurante sabina fachada\" \/>    <\/a>\n        <div class=\"tt-post-info\">\n            <div class=\"tt-post-cat\"><a href=\"https:\/\/discoveralmunecar.com\/es\/category\/donde-comer-en-almunecar\/\" rel=\"category tag\">D\u00f3nde comer en Almu\u00f1\u00e9car<\/a>, <a href=\"https:\/\/discoveralmunecar.com\/es\/category\/donde-comer-en-almunecar\/restaurantes-almunecar\/\" rel=\"category tag\">Restaurantes Almu\u00f1ecar<\/a><\/div>\n              <a class=\"tt-post-title c-h4\" href=\"https:\/\/discoveralmunecar.com\/es\/restaurante-sabina\/\"><small>Restaurante Sabina en Almu\u00f1\u00e9car<\/small><\/a>\n              <div class=\"tt-post-label\">\n                <\/div>\n              <div class=\"simple-text\">\n      <p><\/p>\n    <\/div>\n                    <\/div>\n    <\/div>\n    <div class=\"empty-space marg-lg-b30\"><\/div>\n            <div class=\"tt-post has-thumbnail type-6 clearfix post-20675 post type-post status-publish format-standard has-post-thumbnail hentry category-donde-comer-en-almunecar category-restaurantes-almunecar\">\n              <a class=\"tt-post-img custom-hover\" href=\"https:\/\/discoveralmunecar.com\/es\/restaurante-lute-y-jesus-en-almunecar-tradicion-pescado-fresco-y-cocina-mediterranea\/\">\n      <img loading=\"lazy\" decoding=\"async\" width=\"288\" height=\"180\" src=\"https:\/\/discoveralmunecar.com\/wp-content\/uploads\/2026\/03\/Lute-6-288x180.webp\" class=\"img-responsive wp-post-image\" alt=\"\" \/>    <\/a>\n        <div class=\"tt-post-info\">\n            <div class=\"tt-post-cat\"><a href=\"https:\/\/discoveralmunecar.com\/es\/category\/donde-comer-en-almunecar\/\" rel=\"category tag\">D\u00f3nde comer en Almu\u00f1\u00e9car<\/a>, <a href=\"https:\/\/discoveralmunecar.com\/es\/category\/donde-comer-en-almunecar\/restaurantes-almunecar\/\" rel=\"category tag\">Restaurantes Almu\u00f1ecar<\/a><\/div>\n              <a class=\"tt-post-title c-h4\" href=\"https:\/\/discoveralmunecar.com\/es\/restaurante-lute-y-jesus-en-almunecar-tradicion-pescado-fresco-y-cocina-mediterranea\/\"><small>Restaurante Lute y Jes\u00fas en Almu\u00f1\u00e9car: tradici\u00f3n, pescado fresco y cocina mediterr\u00e1nea<\/small><\/a>\n              <div class=\"tt-post-label\">\n                <\/div>\n              <div class=\"simple-text\">\n      <p><\/p>\n    <\/div>\n                    <\/div>\n    <\/div>\n    <div class=\"empty-space marg-lg-b30\"><\/div>\n            <div class=\"text-center\">\n           <ul class='page-numbers'>\n\t<li><span aria-current=\"page\" class=\"page-numbers current\">1<\/span><\/li>\n\t<li><a class=\"page-numbers\" href=\"https:\/\/discoveralmunecar.com\/es\/wp-json\/wp\/v2\/pages\/36\/page\/2\/\">2<\/a><\/li>\n\t<li><a class=\"page-numbers\" href=\"https:\/\/discoveralmunecar.com\/es\/wp-json\/wp\/v2\/pages\/36\/page\/3\/\">3<\/a><\/li>\n\t<li><span class=\"page-numbers dots\">&hellip;<\/span><\/li>\n\t<li><a class=\"page-numbers\" href=\"https:\/\/discoveralmunecar.com\/es\/wp-json\/wp\/v2\/pages\/36\/page\/41\/\">41<\/a><\/li>\n\t<li><a class=\"next page-numbers\" href=\"https:\/\/discoveralmunecar.com\/es\/wp-json\/wp\/v2\/pages\/36\/page\/2\/\">Siguiente &raquo;<\/a><\/li>\n<\/ul>\n                           \n        <\/div>\n        <div class=\"empty-space marg-sm-b60\"><\/div>\n        <\/div>\n  [\/vc_column][\/vc_row]<\/p>\n","protected":false},"excerpt":{"rendered":"<p>[vc_row full_width=&#8221;stretch_row&#8221; awb_type=&#8221;video&#8221; awb_video_mobile=&#8221;1&#8243; css=&#8221;.vc_custom_1676031574845{padding-top: 600px !important;}&#8221; awb_video_mp4=&#8221;13538&#8243;][vc_column][\/vc_column][\/vc_row][vc_row][vc_column][vc_empty_space][\/vc_column][\/vc_row][vc_row][vc_column][\/vc_column][\/vc_row][vc_row][vc_column][vc_row_inner][vc_column_inner width=&#8221;1\/2&#8243;][vc_single_image image=&#8221;953&#8243; img_size=&#8221;full&#8221; onclick=&#8221;custom_link&#8221; link=&#8221;\/es\/clima-en-almunecar&#8221;][\/vc_column_inner][vc_column_inner width=&#8221;1\/2&#8243;][vc_custom_heading text=&#8221;Clima&#8221; font_container=&#8221;tag:h3|font_size:25|text_align:left&#8221; use_theme_fonts=&#8221;yes&#8221; link=&#8221;url:%2Fes%2Fclima-en-almunecar%2F|title:Clima%20en%20Almu%C3%B1%C3%A9car%2C%20%20sol%20y%20buen%20tiempo%20todo%20el%20a%C3%B1o|target:_blank&#8221;][\/vc_column_inner][\/vc_row_inner][vc_row_inner][vc_column_inner width=&#8221;1\/2&#8243;][vc_single_image image=&#8221;969&#8243; img_size=&#8221;full&#8221; onclick=&#8221;custom_link&#8221; link=&#8221;es\/playas-de-almunecar\/&#8221;][\/vc_column_inner][vc_column_inner width=&#8221;1\/2&#8243;][vc_custom_heading text=&#8221;Sol y playa&#8221; font_container=&#8221;tag:h3|font_size:25|text_align:left&#8221; use_theme_fonts=&#8221;yes&#8221; link=&#8221;url:https%3A%2F%2Fdiscoveralmunecar.com%2Fes%2Fplayas-de-almunecar%2F|title:Playas%20de%20Almu%C3%B1%C3%A9car%2C%20un%20trocito%20de%20para%C3%ADso%20a%20tus%20pies&#8221;][\/vc_column_inner][\/vc_row_inner][vc_row_inner][vc_column_inner width=&#8221;1\/2&#8243;][vc_single_image image=&#8221;1131&#8243; img_size=&#8221;full&#8221; onclick=&#8221;custom_link&#8221; link=&#8221;\/es\/naturaleza-de-almunecar\/&#8221;][\/vc_column_inner][vc_column_inner width=&#8221;1\/2&#8243;][vc_custom_heading text=&#8221;Naturaleza&#8221; font_container=&#8221;tag:h3|font_size:25|text_align:left&#8221; use_theme_fonts=&#8221;yes&#8221; link=&#8221;url:%2Fes%2Fnaturaleza-de-almunecar%2F|target:_blank&#8221;][\/vc_column_inner][\/vc_row_inner][vc_row_inner][vc_column_inner width=&#8221;1\/2&#8243;][vc_single_image image=&#8221;975&#8243; img_size=&#8221;full&#8221; onclick=&#8221;custom_link&#8221; link=&#8221;\/es\/historia-de-almunecar\/&#8221;][\/vc_column_inner][vc_column_inner width=&#8221;1\/2&#8243;][vc_custom_heading text=&#8221;Historia&#8221; font_container=&#8221;tag:h3|font_size:25|text_align:left&#8221; use_theme_fonts=&#8221;yes&#8221; link=&#8221;url:%2Fes%2Fhistoria-de-almunecar%2F|target:_blank&#8221;][\/vc_column_inner][\/vc_row_inner][vc_row_inner][vc_column_inner width=&#8221;1\/2&#8243;][vc_single_image image=&#8221;976&#8243; img_size=&#8221;full&#8221; onclick=&#8221;custom_link&#8221; link=&#8221;\/es\/fiestas-locales-de-almunecar\/&#8221;][\/vc_column_inner][vc_column_inner [&hellip;]<\/p>\n","protected":false},"author":2,"featured_media":0,"parent":0,"menu_order":0,"comment_status":"closed","ping_status":"closed","template":"","meta":{"footnotes":""},"class_list":["post-36","page","type-page","status-publish","hentry"],"yoast_head":"<!-- This site is optimized with the Yoast SEO plugin v27.3 - https:\/\/yoast.com\/product\/yoast-seo-wordpress\/ -->\n<title>Discover Almu\u00f1\u00e9car, disfruta de la ciudad de la costa tropical<\/title>\n<meta name=\"robots\" content=\"index, follow, max-snippet:-1, max-image-preview:large, max-video-preview:-1\" \/>\n<link rel=\"canonical\" href=\"https:\/\/discoveralmunecar.com\/es\/\" \/>\n<meta property=\"og:locale\" content=\"es_ES\" \/>\n<meta property=\"og:type\" content=\"article\" \/>\n<meta property=\"og:title\" content=\"Discover Almu\u00f1\u00e9car, disfruta de la ciudad de la costa tropical\" \/>\n<meta property=\"og:description\" content=\"[vc_row full_width=&#8221;stretch_row&#8221; awb_type=&#8221;video&#8221; awb_video_mobile=&#8221;1&#8243; css=&#8221;.vc_custom_1676031574845{padding-top: 600px !important;}&#8221; awb_video_mp4=&#8221;13538&#8243;][vc_column][\/vc_column][\/vc_row][vc_row][vc_column][vc_empty_space][\/vc_column][\/vc_row][vc_row][vc_column][\/vc_column][\/vc_row][vc_row][vc_column][vc_row_inner][vc_column_inner width=&#8221;1\/2&#8243;][vc_single_image image=&#8221;953&#8243; img_size=&#8221;full&#8221; onclick=&#8221;custom_link&#8221; link=&#8221;\/es\/clima-en-almunecar&#8221;][\/vc_column_inner][vc_column_inner width=&#8221;1\/2&#8243;][vc_custom_heading text=&#8221;Clima&#8221; font_container=&#8221;tag:h3|font_size:25|text_align:left&#8221; use_theme_fonts=&#8221;yes&#8221; link=&#8221;url:%2Fes%2Fclima-en-almunecar%2F|title:Clima%20en%20Almu%C3%B1%C3%A9car%2C%20%20sol%20y%20buen%20tiempo%20todo%20el%20a%C3%B1o|target:_blank&#8221;][\/vc_column_inner][\/vc_row_inner][vc_row_inner][vc_column_inner width=&#8221;1\/2&#8243;][vc_single_image image=&#8221;969&#8243; img_size=&#8221;full&#8221; onclick=&#8221;custom_link&#8221; link=&#8221;es\/playas-de-almunecar\/&#8221;][\/vc_column_inner][vc_column_inner width=&#8221;1\/2&#8243;][vc_custom_heading text=&#8221;Sol y playa&#8221; font_container=&#8221;tag:h3|font_size:25|text_align:left&#8221; use_theme_fonts=&#8221;yes&#8221; link=&#8221;url:https%3A%2F%2Fdiscoveralmunecar.com%2Fes%2Fplayas-de-almunecar%2F|title:Playas%20de%20Almu%C3%B1%C3%A9car%2C%20un%20trocito%20de%20para%C3%ADso%20a%20tus%20pies&#8221;][\/vc_column_inner][\/vc_row_inner][vc_row_inner][vc_column_inner width=&#8221;1\/2&#8243;][vc_single_image image=&#8221;1131&#8243; img_size=&#8221;full&#8221; onclick=&#8221;custom_link&#8221; link=&#8221;\/es\/naturaleza-de-almunecar\/&#8221;][\/vc_column_inner][vc_column_inner width=&#8221;1\/2&#8243;][vc_custom_heading text=&#8221;Naturaleza&#8221; font_container=&#8221;tag:h3|font_size:25|text_align:left&#8221; use_theme_fonts=&#8221;yes&#8221; link=&#8221;url:%2Fes%2Fnaturaleza-de-almunecar%2F|target:_blank&#8221;][\/vc_column_inner][\/vc_row_inner][vc_row_inner][vc_column_inner width=&#8221;1\/2&#8243;][vc_single_image image=&#8221;975&#8243; img_size=&#8221;full&#8221; onclick=&#8221;custom_link&#8221; link=&#8221;\/es\/historia-de-almunecar\/&#8221;][\/vc_column_inner][vc_column_inner width=&#8221;1\/2&#8243;][vc_custom_heading text=&#8221;Historia&#8221; font_container=&#8221;tag:h3|font_size:25|text_align:left&#8221; use_theme_fonts=&#8221;yes&#8221; link=&#8221;url:%2Fes%2Fhistoria-de-almunecar%2F|target:_blank&#8221;][\/vc_column_inner][\/vc_row_inner][vc_row_inner][vc_column_inner width=&#8221;1\/2&#8243;][vc_single_image image=&#8221;976&#8243; img_size=&#8221;full&#8221; onclick=&#8221;custom_link&#8221; link=&#8221;\/es\/fiestas-locales-de-almunecar\/&#8221;][\/vc_column_inner][vc_column_inner [&hellip;]\" \/>\n<meta property=\"og:url\" content=\"https:\/\/discoveralmunecar.com\/es\/\" \/>\n<meta property=\"article:modified_time\" content=\"2025-04-29T13:11:20+00:00\" \/>\n<meta name=\"twitter:card\" content=\"summary_large_image\" \/>\n<meta name=\"twitter:label1\" content=\"Tiempo de lectura\" \/>\n\t<meta name=\"twitter:data1\" content=\"6 minutos\" \/>\n<script type=\"application\/ld+json\" class=\"yoast-schema-graph\">{\"@context\":\"https:\\\/\\\/schema.org\",\"@graph\":[{\"@type\":\"WebPage\",\"@id\":\"https:\\\/\\\/discoveralmunecar.com\\\/es\\\/\",\"url\":\"https:\\\/\\\/discoveralmunecar.com\\\/es\\\/\",\"name\":\"Discover Almu\u00f1\u00e9car, disfruta de la ciudad de la costa tropical\",\"isPartOf\":{\"@id\":\"https:\\\/\\\/discoveralmunecar.com\\\/es\\\/#website\"},\"datePublished\":\"2017-02-18T08:27:14+00:00\",\"dateModified\":\"2025-04-29T13:11:20+00:00\",\"breadcrumb\":{\"@id\":\"https:\\\/\\\/discoveralmunecar.com\\\/es\\\/#breadcrumb\"},\"inLanguage\":\"es\",\"potentialAction\":[{\"@type\":\"ReadAction\",\"target\":[\"https:\\\/\\\/discoveralmunecar.com\\\/es\\\/\"]}]},{\"@type\":\"BreadcrumbList\",\"@id\":\"https:\\\/\\\/discoveralmunecar.com\\\/es\\\/#breadcrumb\",\"itemListElement\":[{\"@type\":\"ListItem\",\"position\":1,\"name\":\"Home\",\"item\":\"https:\\\/\\\/discoveralmunecar.com\\\/es\\\/\"},{\"@type\":\"ListItem\",\"position\":2,\"name\":\"Discover Almu\u00f1\u00e9car, disfruta de la ciudad de la costa tropical\"}]},{\"@type\":\"WebSite\",\"@id\":\"https:\\\/\\\/discoveralmunecar.com\\\/es\\\/#website\",\"url\":\"https:\\\/\\\/discoveralmunecar.com\\\/es\\\/\",\"name\":\"\",\"description\":\"Just another WordPress site\\n\",\"potentialAction\":[{\"@type\":\"SearchAction\",\"target\":{\"@type\":\"EntryPoint\",\"urlTemplate\":\"https:\\\/\\\/discoveralmunecar.com\\\/es\\\/?s={search_term_string}\"},\"query-input\":{\"@type\":\"PropertyValueSpecification\",\"valueRequired\":true,\"valueName\":\"search_term_string\"}}],\"inLanguage\":\"es\"}]}<\/script>\n<!-- \/ Yoast SEO plugin. -->","yoast_head_json":{"title":"Discover Almu\u00f1\u00e9car, disfruta de la ciudad de la costa tropical","robots":{"index":"index","follow":"follow","max-snippet":"max-snippet:-1","max-image-preview":"max-image-preview:large","max-video-preview":"max-video-preview:-1"},"canonical":"https:\/\/discoveralmunecar.com\/es\/","og_locale":"es_ES","og_type":"article","og_title":"Discover Almu\u00f1\u00e9car, disfruta de la ciudad de la costa tropical","og_description":"[vc_row full_width=&#8221;stretch_row&#8221; awb_type=&#8221;video&#8221; awb_video_mobile=&#8221;1&#8243; css=&#8221;.vc_custom_1676031574845{padding-top: 600px !important;}&#8221; awb_video_mp4=&#8221;13538&#8243;][vc_column][\/vc_column][\/vc_row][vc_row][vc_column][vc_empty_space][\/vc_column][\/vc_row][vc_row][vc_column][\/vc_column][\/vc_row][vc_row][vc_column][vc_row_inner][vc_column_inner width=&#8221;1\/2&#8243;][vc_single_image image=&#8221;953&#8243; img_size=&#8221;full&#8221; onclick=&#8221;custom_link&#8221; link=&#8221;\/es\/clima-en-almunecar&#8221;][\/vc_column_inner][vc_column_inner width=&#8221;1\/2&#8243;][vc_custom_heading text=&#8221;Clima&#8221; font_container=&#8221;tag:h3|font_size:25|text_align:left&#8221; use_theme_fonts=&#8221;yes&#8221; link=&#8221;url:%2Fes%2Fclima-en-almunecar%2F|title:Clima%20en%20Almu%C3%B1%C3%A9car%2C%20%20sol%20y%20buen%20tiempo%20todo%20el%20a%C3%B1o|target:_blank&#8221;][\/vc_column_inner][\/vc_row_inner][vc_row_inner][vc_column_inner width=&#8221;1\/2&#8243;][vc_single_image image=&#8221;969&#8243; img_size=&#8221;full&#8221; onclick=&#8221;custom_link&#8221; link=&#8221;es\/playas-de-almunecar\/&#8221;][\/vc_column_inner][vc_column_inner width=&#8221;1\/2&#8243;][vc_custom_heading text=&#8221;Sol y playa&#8221; font_container=&#8221;tag:h3|font_size:25|text_align:left&#8221; use_theme_fonts=&#8221;yes&#8221; link=&#8221;url:https%3A%2F%2Fdiscoveralmunecar.com%2Fes%2Fplayas-de-almunecar%2F|title:Playas%20de%20Almu%C3%B1%C3%A9car%2C%20un%20trocito%20de%20para%C3%ADso%20a%20tus%20pies&#8221;][\/vc_column_inner][\/vc_row_inner][vc_row_inner][vc_column_inner width=&#8221;1\/2&#8243;][vc_single_image image=&#8221;1131&#8243; img_size=&#8221;full&#8221; onclick=&#8221;custom_link&#8221; link=&#8221;\/es\/naturaleza-de-almunecar\/&#8221;][\/vc_column_inner][vc_column_inner width=&#8221;1\/2&#8243;][vc_custom_heading text=&#8221;Naturaleza&#8221; font_container=&#8221;tag:h3|font_size:25|text_align:left&#8221; use_theme_fonts=&#8221;yes&#8221; link=&#8221;url:%2Fes%2Fnaturaleza-de-almunecar%2F|target:_blank&#8221;][\/vc_column_inner][\/vc_row_inner][vc_row_inner][vc_column_inner width=&#8221;1\/2&#8243;][vc_single_image image=&#8221;975&#8243; img_size=&#8221;full&#8221; onclick=&#8221;custom_link&#8221; link=&#8221;\/es\/historia-de-almunecar\/&#8221;][\/vc_column_inner][vc_column_inner width=&#8221;1\/2&#8243;][vc_custom_heading text=&#8221;Historia&#8221; font_container=&#8221;tag:h3|font_size:25|text_align:left&#8221; use_theme_fonts=&#8221;yes&#8221; link=&#8221;url:%2Fes%2Fhistoria-de-almunecar%2F|target:_blank&#8221;][\/vc_column_inner][\/vc_row_inner][vc_row_inner][vc_column_inner width=&#8221;1\/2&#8243;][vc_single_image image=&#8221;976&#8243; img_size=&#8221;full&#8221; onclick=&#8221;custom_link&#8221; link=&#8221;\/es\/fiestas-locales-de-almunecar\/&#8221;][\/vc_column_inner][vc_column_inner [&hellip;]","og_url":"https:\/\/discoveralmunecar.com\/es\/","article_modified_time":"2025-04-29T13:11:20+00:00","twitter_card":"summary_large_image","twitter_misc":{"Tiempo de lectura":"6 minutos"},"schema":{"@context":"https:\/\/schema.org","@graph":[{"@type":"WebPage","@id":"https:\/\/discoveralmunecar.com\/es\/","url":"https:\/\/discoveralmunecar.com\/es\/","name":"Discover Almu\u00f1\u00e9car, disfruta de la ciudad de la costa tropical","isPartOf":{"@id":"https:\/\/discoveralmunecar.com\/es\/#website"},"datePublished":"2017-02-18T08:27:14+00:00","dateModified":"2025-04-29T13:11:20+00:00","breadcrumb":{"@id":"https:\/\/discoveralmunecar.com\/es\/#breadcrumb"},"inLanguage":"es","potentialAction":[{"@type":"ReadAction","target":["https:\/\/discoveralmunecar.com\/es\/"]}]},{"@type":"BreadcrumbList","@id":"https:\/\/discoveralmunecar.com\/es\/#breadcrumb","itemListElement":[{"@type":"ListItem","position":1,"name":"Home","item":"https:\/\/discoveralmunecar.com\/es\/"},{"@type":"ListItem","position":2,"name":"Discover Almu\u00f1\u00e9car, disfruta de la ciudad de la costa tropical"}]},{"@type":"WebSite","@id":"https:\/\/discoveralmunecar.com\/es\/#website","url":"https:\/\/discoveralmunecar.com\/es\/","name":"","description":"Just another WordPress site\n","potentialAction":[{"@type":"SearchAction","target":{"@type":"EntryPoint","urlTemplate":"https:\/\/discoveralmunecar.com\/es\/?s={search_term_string}"},"query-input":{"@type":"PropertyValueSpecification","valueRequired":true,"valueName":"search_term_string"}}],"inLanguage":"es"}]}},"_links":{"self":[{"href":"https:\/\/discoveralmunecar.com\/es\/wp-json\/wp\/v2\/pages\/36","targetHints":{"allow":["GET"]}}],"collection":[{"href":"https:\/\/discoveralmunecar.com\/es\/wp-json\/wp\/v2\/pages"}],"about":[{"href":"https:\/\/discoveralmunecar.com\/es\/wp-json\/wp\/v2\/types\/page"}],"author":[{"embeddable":true,"href":"https:\/\/discoveralmunecar.com\/es\/wp-json\/wp\/v2\/users\/2"}],"replies":[{"embeddable":true,"href":"https:\/\/discoveralmunecar.com\/es\/wp-json\/wp\/v2\/comments?post=36"}],"version-history":[{"count":41,"href":"https:\/\/discoveralmunecar.com\/es\/wp-json\/wp\/v2\/pages\/36\/revisions"}],"predecessor-version":[{"id":18197,"href":"https:\/\/discoveralmunecar.com\/es\/wp-json\/wp\/v2\/pages\/36\/revisions\/18197"}],"wp:attachment":[{"href":"https:\/\/discoveralmunecar.com\/es\/wp-json\/wp\/v2\/media?parent=36"}],"curies":[{"name":"wp","href":"https:\/\/api.w.org\/{rel}","templated":true}]}}