{"id":7489,"date":"2021-10-27T11:22:21","date_gmt":"2021-10-27T11:22:21","guid":{"rendered":"https:\/\/discoveralmunecar.com\/?page_id=7489"},"modified":"2021-10-27T11:22:22","modified_gmt":"2021-10-27T11:22:22","slug":"cultura-almunecar","status":"publish","type":"page","link":"https:\/\/discoveralmunecar.com\/es\/cultura-almunecar\/","title":{"rendered":"Cultura de Almu\u00f1ecar"},"content":{"rendered":"<p>[vc_row][vc_column][vc_custom_heading text=&#8221;Cultura de Almu\u00f1\u00e9car, \u00a1conoce nuestra ciudad a trav\u00e9s de las tradiciones y costumbres!&#8221; font_container=&#8221;tag:h1|font_size:27|text_align:left&#8221; use_theme_fonts=&#8221;yes&#8221;][vc_empty_space][vc_row_inner][vc_column_inner]<div class=\"text-block\" ><div class=\"simple-text \"><p>Conoce la cultura de la ciudad de Almu\u00f1\u00e9car a trav\u00e9s de nuestros detallados art\u00edculos sobre: historia, eventos, fiestas y pr\u00f3ximamente agenda cultural.<\/p>\n<p>De esta forma podr\u00e1s sumergirte no s\u00f3lo en el pasado de la ciudad sino tambi\u00e9n en nuestro d\u00eda a d\u00eda para que vivas tu experiencia sexitana como lo har\u00eda un ciudadano m\u00e1s.<\/p>\n<p>Descubre tambi\u00e9n el origen del nombre de la ciudad, los museos y los secretos de nuestras tradiciones. Encontrar\u00e1s as\u00ed la posibilidad de a\u00f1adir a tu viaje o a tu paseo por Almu\u00f1\u00e9car un conocimiento de primera mano que despertar\u00e1 en ti la curiosidad por seguir visitando nuestra bella ciudad.<\/p>\n<p>\u00a1Acomp\u00e1\u00f1anos, la cultura te espera!<\/p>\n<\/div><\/div>[\/vc_column_inner][\/vc_row_inner][vc_empty_space][\/vc_column][\/vc_row][vc_row][vc_column][vc_row_inner][vc_column_inner][vc_custom_heading text=&#8221;Historia de Almu\u00f1ecar&#8221; font_container=&#8221;tag:h2|font_size:22|text_align:left&#8221; use_theme_fonts=&#8221;yes&#8221; link=&#8221;url:https%3A%2F%2Fdiscoveralmunecar.com%2Fes%2Fhistoria-de-almunecar%2F|title:History%20of%20Almu%C3%B1%C3%A9car|target:_blank&#8221;][\/vc_column_inner][\/vc_row_inner][vc_empty_space]      <div class=\"row\">\n        <div class=\"post-grid-view\">\n                      <div class=\"col-xs-6 col-sm-4 col-lg-2 post-handy-picked post-19089 post type-post status-publish format-standard has-post-thumbnail hentry category-agenda-cultural-de-almunecar category-cultura-en-almunecar category-eventos-en-almunecar category-historia\">\n      <div class=\"tt-post type-3\">\n                <a class=\"tt-post-img custom-hover\" href=\"https:\/\/discoveralmunecar.com\/es\/fiesta-de-la-virgen-del-carmen-en-almunecar\/\">\n      <img decoding=\"async\" width=\"183\" height=\"96\" src=\"https:\/\/discoveralmunecar.com\/wp-content\/uploads\/2025\/05\/Virgen-del-Carmen@0.5x-183x96.webp\" class=\"img-responsive wp-post-image\" alt=\"\" \/>    <\/a>\n            <div class=\"tt-post-info\">\n                <a class=\"tt-post-title c-h5\" href=\"https:\/\/discoveralmunecar.com\/es\/fiesta-de-la-virgen-del-carmen-en-almunecar\/\">Fiesta de la Virgen del Carmen en Almu\u00f1\u00e9car<\/a>\n                  <div class=\"tt-post-label\">\n              <span class=\"tt-post-author-name\"><a href=\"https:\/\/discoveralmunecar.com\/es\/author\/pedro-espinosa\/\">Admin<\/a><\/span>\n                    <span class=\"tt-post-date\">julio 15, 2025<\/span>\n          <\/div>\n            <\/div>\n      <\/div> \n      <div class=\"empty-space marg-lg-b25\"><\/div>                 \n    <\/div>\n                        <div class=\"col-xs-6 col-sm-4 col-lg-2 post-handy-picked post-18166 post type-post status-publish format-standard has-post-thumbnail hentry category-agenda-cultural-de-almunecar category-cultura-en-almunecar category-historia\">\n      <div class=\"tt-post type-3\">\n                <a class=\"tt-post-img custom-hover\" href=\"https:\/\/discoveralmunecar.com\/es\/el-dia-de-la-cruz-en-almunecar\/\">\n      <img decoding=\"async\" width=\"183\" height=\"96\" src=\"https:\/\/discoveralmunecar.com\/wp-content\/uploads\/2025\/04\/20230504-_1170647Cruces-2023@0.5x-183x96.webp\" class=\"img-responsive wp-post-image\" alt=\"\" \/>    <\/a>\n            <div class=\"tt-post-info\">\n                <a class=\"tt-post-title c-h5\" href=\"https:\/\/discoveralmunecar.com\/es\/el-dia-de-la-cruz-en-almunecar\/\">El D\u00eda de la Cruz en Almu\u00f1\u00e9car<\/a>\n                  <div class=\"tt-post-label\">\n              <span class=\"tt-post-author-name\"><a href=\"https:\/\/discoveralmunecar.com\/es\/author\/pedro-espinosa\/\">Admin<\/a><\/span>\n                    <span class=\"tt-post-date\">abril 29, 2025<\/span>\n          <\/div>\n            <\/div>\n      <\/div> \n      <div class=\"empty-space marg-lg-b25\"><\/div>                 \n    <\/div>\n                        <div class=\"col-xs-6 col-sm-4 col-lg-2 post-handy-picked post-17504 post type-post status-publish format-standard has-post-thumbnail hentry category-cultura-en-almunecar category-eventos-en-almunecar category-historia category-la-herradura\">\n      <div class=\"tt-post type-3\">\n                <a class=\"tt-post-img custom-hover\" href=\"https:\/\/discoveralmunecar.com\/es\/historia-de-la-celebracion-de-la-cruz-de-mayo-2024\/\">\n      <img decoding=\"async\" width=\"183\" height=\"96\" src=\"https:\/\/discoveralmunecar.com\/wp-content\/uploads\/2024\/04\/Cruz-2-183x96.webp\" class=\"img-responsive wp-post-image\" alt=\"\" \/>    <\/a>\n            <div class=\"tt-post-info\">\n                <a class=\"tt-post-title c-h5\" href=\"https:\/\/discoveralmunecar.com\/es\/historia-de-la-celebracion-de-la-cruz-de-mayo-2024\/\">Historia de la Celebraci\u00f3n de la Cruz de Mayo 2024<\/a>\n                  <div class=\"tt-post-label\">\n              <span class=\"tt-post-author-name\"><a href=\"https:\/\/discoveralmunecar.com\/es\/author\/pedro-espinosa\/\">Admin<\/a><\/span>\n                    <span class=\"tt-post-date\">mayo 3, 2024<\/span>\n          <\/div>\n            <\/div>\n      <\/div> \n      <div class=\"empty-space marg-lg-b25\"><\/div>                 \n    <\/div>\n                        <div class=\"col-xs-6 col-sm-4 col-lg-2 post-handy-picked post-7296 post type-post status-publish format-standard has-post-thumbnail hentry category-historia\">\n      <div class=\"tt-post type-3\">\n                <a class=\"tt-post-img custom-hover\" href=\"https:\/\/discoveralmunecar.com\/es\/200-anos-de-turismo-con-nicolas-antonio-fernandez\/\">\n      <img loading=\"lazy\" decoding=\"async\" width=\"183\" height=\"96\" src=\"https:\/\/discoveralmunecar.com\/wp-content\/uploads\/2021\/09\/Nicola\u0301s-Ferna\u0301ndez-Portada-AF-183x96.jpg\" class=\"img-responsive wp-post-image\" alt=\"\" \/>    <\/a>\n            <div class=\"tt-post-info\">\n                <a class=\"tt-post-title c-h5\" href=\"https:\/\/discoveralmunecar.com\/es\/200-anos-de-turismo-con-nicolas-antonio-fernandez\/\">200 a\u00f1os de turismo con Nicol\u00e1s Antonio Fern\u00e1ndez<\/a>\n                  <div class=\"tt-post-label\">\n              <span class=\"tt-post-author-name\"><a href=\"https:\/\/discoveralmunecar.com\/es\/author\/pedro-espinosa\/\">Admin<\/a><\/span>\n                    <span class=\"tt-post-date\">septiembre 16, 2021<\/span>\n          <\/div>\n            <\/div>\n      <\/div> \n      <div class=\"empty-space marg-lg-b25\"><\/div>                 \n    <\/div>\n                        <div class=\"col-xs-6 col-sm-4 col-lg-2 post-handy-picked post-6771 post type-post status-publish format-standard has-post-thumbnail hentry category-historia category-que-hacer-en-almunecar\">\n      <div class=\"tt-post type-3\">\n                <a class=\"tt-post-img custom-hover\" href=\"https:\/\/discoveralmunecar.com\/es\/toponimo-sexi-almunecar\/\">\n      <img loading=\"lazy\" decoding=\"async\" width=\"183\" height=\"96\" src=\"https:\/\/discoveralmunecar.com\/wp-content\/uploads\/2021\/08\/4-183x96.jpeg\" class=\"img-responsive wp-post-image\" alt=\"\" \/>    <\/a>\n            <div class=\"tt-post-info\">\n                <a class=\"tt-post-title c-h5\" href=\"https:\/\/discoveralmunecar.com\/es\/toponimo-sexi-almunecar\/\">Origen del top\u00f3nimo Sexi<\/a>\n                  <div class=\"tt-post-label\">\n              <span class=\"tt-post-author-name\"><a href=\"https:\/\/discoveralmunecar.com\/es\/author\/pedro-espinosa\/\">Admin<\/a><\/span>\n                    <span class=\"tt-post-date\">agosto 31, 2021<\/span>\n          <\/div>\n            <\/div>\n      <\/div> \n      <div class=\"empty-space marg-lg-b25\"><\/div>                 \n    <\/div>\n                        <div class=\"col-xs-6 col-sm-4 col-lg-2 post-handy-picked post-3626 post type-post status-publish format-standard has-post-thumbnail hentry category-historia category-que-hacer-en-almunecar\">\n      <div class=\"tt-post type-3\">\n                <a class=\"tt-post-img custom-hover\" href=\"https:\/\/discoveralmunecar.com\/es\/las-termas-romanas-de-almunecar\/\">\n      <img loading=\"lazy\" decoding=\"async\" width=\"183\" height=\"96\" src=\"https:\/\/discoveralmunecar.com\/wp-content\/uploads\/2021\/06\/6-183x96.jpg\" class=\"img-responsive wp-post-image\" alt=\"Las Termas Romanas de Almu\u00f1\u00e9car 2\" \/>    <\/a>\n            <div class=\"tt-post-info\">\n                <a class=\"tt-post-title c-h5\" href=\"https:\/\/discoveralmunecar.com\/es\/las-termas-romanas-de-almunecar\/\">Las Termas Romanas de Almu\u00f1\u00e9car<\/a>\n                  <div class=\"tt-post-label\">\n              <span class=\"tt-post-author-name\"><a href=\"https:\/\/discoveralmunecar.com\/es\/author\/pedro-espinosa\/\">Admin<\/a><\/span>\n                    <span class=\"tt-post-date\">junio 18, 2021<\/span>\n          <\/div>\n            <\/div>\n      <\/div> \n      <div class=\"empty-space marg-lg-b25\"><\/div>                 \n    <\/div>\n                        <div class=\"col-xs-6 col-sm-4 col-lg-2 post-handy-picked post-3610 post type-post status-publish format-standard has-post-thumbnail hentry category-historia category-que-hacer-en-almunecar\">\n      <div class=\"tt-post type-3\">\n                <a class=\"tt-post-img custom-hover\" href=\"https:\/\/discoveralmunecar.com\/es\/el-puente-romano-de-almunecar\/\">\n      <img loading=\"lazy\" decoding=\"async\" width=\"183\" height=\"96\" src=\"https:\/\/discoveralmunecar.com\/wp-content\/uploads\/2021\/06\/5-1-183x96.jpg\" class=\"img-responsive wp-post-image\" alt=\"El Puente Romano de Almu\u00f1\u00e9car\" \/>    <\/a>\n            <div class=\"tt-post-info\">\n                <a class=\"tt-post-title c-h5\" href=\"https:\/\/discoveralmunecar.com\/es\/el-puente-romano-de-almunecar\/\">El Puente Romano de Almu\u00f1\u00e9car<\/a>\n                  <div class=\"tt-post-label\">\n              <span class=\"tt-post-author-name\"><a href=\"https:\/\/discoveralmunecar.com\/es\/author\/pedro-espinosa\/\">Admin<\/a><\/span>\n                    <span class=\"tt-post-date\">junio 17, 2021<\/span>\n          <\/div>\n            <\/div>\n      <\/div> \n      <div class=\"empty-space marg-lg-b25\"><\/div>                 \n    <\/div>\n                        <div class=\"col-xs-6 col-sm-4 col-lg-2 post-handy-picked post-3600 post type-post status-publish format-standard has-post-thumbnail hentry category-historia category-que-hacer-en-almunecar\">\n      <div class=\"tt-post type-3\">\n                <a class=\"tt-post-img custom-hover\" href=\"https:\/\/discoveralmunecar.com\/es\/iglesia-de-san-jose-la-herradura\/\">\n      <img loading=\"lazy\" decoding=\"async\" width=\"183\" height=\"96\" src=\"https:\/\/discoveralmunecar.com\/wp-content\/uploads\/2021\/06\/7-1-183x96.jpg\" class=\"img-responsive wp-post-image\" alt=\"Iglesia de San Jos\u00e9 La Herradura\" \/>    <\/a>\n            <div class=\"tt-post-info\">\n                <a class=\"tt-post-title c-h5\" href=\"https:\/\/discoveralmunecar.com\/es\/iglesia-de-san-jose-la-herradura\/\">Iglesia de San Jos\u00e9 La Herradura<\/a>\n                  <div class=\"tt-post-label\">\n              <span class=\"tt-post-author-name\"><a href=\"https:\/\/discoveralmunecar.com\/es\/author\/pedro-espinosa\/\">Admin<\/a><\/span>\n                    <span class=\"tt-post-date\">junio 17, 2021<\/span>\n          <\/div>\n            <\/div>\n      <\/div> \n      <div class=\"empty-space marg-lg-b25\"><\/div>                 \n    <\/div>\n                  <\/div>\n      <\/div>\n      \n  [vc_empty_space][vc_separator color=&#8221;turquoise&#8221;][\/vc_column][\/vc_row][vc_row][vc_column][vc_row_inner][vc_column_inner][vc_custom_heading text=&#8221;Museos y monumentos de Almu\u00f1ecar&#8221; font_container=&#8221;tag:h2|font_size:22|text_align:left&#8221; use_theme_fonts=&#8221;yes&#8221; link=&#8221;url:https%3A%2F%2Fdiscoveralmunecar.com%2Fes%2Fmuseos-monumentos-almunecar-y-la-herradura%2F|title:Museums%20and%20monuments%20in%20Almu%C3%B1%C3%A9car%20and%20La%20Herradura|target:_blank&#8221;][\/vc_column_inner][\/vc_row_inner][vc_empty_space]      <div class=\"row\">\n        <div class=\"post-grid-view\">\n                      <div class=\"col-xs-6 col-sm-4 col-lg-2 post-handy-picked post-3520 post type-post status-publish format-standard has-post-thumbnail hentry category-historia category-museos category-que-hacer-en-almunecar\">\n      <div class=\"tt-post type-3\">\n                <a class=\"tt-post-img custom-hover\" href=\"https:\/\/discoveralmunecar.com\/es\/la-cueva-de-los-7-palacios\/\">\n      <img loading=\"lazy\" decoding=\"async\" width=\"183\" height=\"96\" src=\"https:\/\/discoveralmunecar.com\/wp-content\/uploads\/2021\/06\/8-183x96.jpg\" class=\"img-responsive wp-post-image\" alt=\"La Cueva de los 7 Palacios\" \/>    <\/a>\n            <div class=\"tt-post-info\">\n                <a class=\"tt-post-title c-h5\" href=\"https:\/\/discoveralmunecar.com\/es\/la-cueva-de-los-7-palacios\/\">La Cueva de los 7 Palacios<\/a>\n                  <div class=\"tt-post-label\">\n              <span class=\"tt-post-author-name\"><a href=\"https:\/\/discoveralmunecar.com\/es\/author\/pedro-espinosa\/\">Admin<\/a><\/span>\n                    <span class=\"tt-post-date\">junio 10, 2021<\/span>\n          <\/div>\n            <\/div>\n      <\/div> \n      <div class=\"empty-space marg-lg-b25\"><\/div>                 \n    <\/div>\n                        <div class=\"col-xs-6 col-sm-4 col-lg-2 post-handy-picked post-2286 post type-post status-publish format-standard has-post-thumbnail hentry category-historia category-museos category-que-hacer-en-almunecar\">\n      <div class=\"tt-post type-3\">\n                <a class=\"tt-post-img custom-hover\" href=\"https:\/\/discoveralmunecar.com\/es\/museo-claves-de-almunecar\/\">\n      <img loading=\"lazy\" decoding=\"async\" width=\"183\" height=\"96\" src=\"https:\/\/discoveralmunecar.com\/wp-content\/uploads\/2021\/04\/museum-key-foundation-almunecar-2-183x96.jpg\" class=\"img-responsive wp-post-image\" alt=\"Museo Claves de Almu\u00f1\u00e9car\" \/>    <\/a>\n            <div class=\"tt-post-info\">\n                <a class=\"tt-post-title c-h5\" href=\"https:\/\/discoveralmunecar.com\/es\/museo-claves-de-almunecar\/\">Museo Claves de Almu\u00f1\u00e9car<\/a>\n                  <div class=\"tt-post-label\">\n              <span class=\"tt-post-author-name\"><a href=\"https:\/\/discoveralmunecar.com\/es\/author\/pedro-espinosa\/\">Admin<\/a><\/span>\n                    <span class=\"tt-post-date\">abril 28, 2021<\/span>\n          <\/div>\n            <\/div>\n      <\/div> \n      <div class=\"empty-space marg-lg-b25\"><\/div>                 \n    <\/div>\n                        <div class=\"col-xs-6 col-sm-4 col-lg-2 post-handy-picked post-2235 post type-post status-publish format-standard has-post-thumbnail hentry category-museos category-parques-y-naturaleza category-que-hacer-en-almunecar\">\n      <div class=\"tt-post type-3\">\n                <a class=\"tt-post-img custom-hover\" href=\"https:\/\/discoveralmunecar.com\/es\/jardin-museo-del-bonsai\/\">\n      <img loading=\"lazy\" decoding=\"async\" width=\"183\" height=\"96\" src=\"https:\/\/discoveralmunecar.com\/wp-content\/uploads\/2021\/04\/almunecar-nature-garden-museum-bonsai-1-183x96.jpg\" class=\"img-responsive wp-post-image\" alt=\"almunecar-nature-garden-museum-bonsai-1\" \/>    <\/a>\n            <div class=\"tt-post-info\">\n                <a class=\"tt-post-title c-h5\" href=\"https:\/\/discoveralmunecar.com\/es\/jardin-museo-del-bonsai\/\">Jard\u00edn-Museo del Bons\u00e1i<\/a>\n                  <div class=\"tt-post-label\">\n              <span class=\"tt-post-author-name\"><a href=\"https:\/\/discoveralmunecar.com\/es\/author\/pedro-espinosa\/\">Admin<\/a><\/span>\n                    <span class=\"tt-post-date\">abril 27, 2021<\/span>\n          <\/div>\n            <\/div>\n      <\/div> \n      <div class=\"empty-space marg-lg-b25\"><\/div>                 \n    <\/div>\n                  <\/div>\n      <\/div>\n      \n  [vc_empty_space][vc_separator color=&#8221;turquoise&#8221;][\/vc_column][\/vc_row][vc_row][vc_column][vc_row_inner][vc_column_inner][vc_custom_heading text=&#8221;Fiestas populares de Almu\u00f1\u00e9car&#8221; font_container=&#8221;tag:h2|font_size:22|text_align:left&#8221; use_theme_fonts=&#8221;yes&#8221; link=&#8221;url:https%3A%2F%2Fdiscoveralmunecar.com%2Fes%2Ffiestas-de-almunecar%2F|title:Festivities%20of%20Almu%C3%B1ecar%2C%20feel%20like%20a%20local%20and%20enjoy%20our%20traditions|target:_blank&#8221;][\/vc_column_inner][\/vc_row_inner][vc_empty_space]      <div class=\"row\">\n        <div class=\"post-grid-view\">\n                      <div class=\"col-xs-6 col-sm-4 col-lg-2 post-handy-picked post-20264 post type-post status-publish format-standard has-post-thumbnail hentry category-agenda-cultural-de-almunecar category-cultura-en-almunecar category-eventos-en-almunecar category-fiestas-locales category-la-herradura\">\n      <div class=\"tt-post type-3\">\n                <a class=\"tt-post-img custom-hover\" href=\"https:\/\/discoveralmunecar.com\/es\/fiestas-san-jose-la-herradura-2026\/\">\n      <img loading=\"lazy\" decoding=\"async\" width=\"183\" height=\"96\" src=\"https:\/\/discoveralmunecar.com\/wp-content\/uploads\/2026\/03\/San-Jose2-183x96.webp\" class=\"img-responsive wp-post-image\" alt=\"\" \/>    <\/a>\n            <div class=\"tt-post-info\">\n                <a class=\"tt-post-title c-h5\" href=\"https:\/\/discoveralmunecar.com\/es\/fiestas-san-jose-la-herradura-2026\/\">Fiestas de San Jos\u00e9 2026 en La Herradura: tradici\u00f3n y ambiente en la Costa Tropical<\/a>\n                  <div class=\"tt-post-label\">\n              <span class=\"tt-post-author-name\"><a href=\"https:\/\/discoveralmunecar.com\/es\/author\/pedro-espinosa\/\">Admin<\/a><\/span>\n                    <span class=\"tt-post-date\">marzo 11, 2026<\/span>\n          <\/div>\n            <\/div>\n      <\/div> \n      <div class=\"empty-space marg-lg-b25\"><\/div>                 \n    <\/div>\n                        <div class=\"col-xs-6 col-sm-4 col-lg-2 post-handy-picked post-17706 post type-post status-publish format-standard has-post-thumbnail hentry category-agenda-cultural-de-almunecar category-cultura-en-almunecar category-eventos-en-almunecar category-fiestas-locales category-la-herradura category-que-hacer-en-almunecar\">\n      <div class=\"tt-post type-3\">\n                <a class=\"tt-post-img custom-hover\" href=\"https:\/\/discoveralmunecar.com\/es\/la-noche-magica-de-san-juan-en-almunecar-2024\/\">\n      <img loading=\"lazy\" decoding=\"async\" width=\"183\" height=\"96\" src=\"https:\/\/discoveralmunecar.com\/wp-content\/uploads\/2024\/06\/1170265-RW2_DxO_DeepPRIME@0.5x-183x96.webp\" class=\"img-responsive wp-post-image\" alt=\"\" \/>    <\/a>\n            <div class=\"tt-post-info\">\n                <a class=\"tt-post-title c-h5\" href=\"https:\/\/discoveralmunecar.com\/es\/la-noche-magica-de-san-juan-en-almunecar-2024\/\">La noche M\u00e1gica de San Juan en Almu\u00f1\u00e9car 2024<\/a>\n                  <div class=\"tt-post-label\">\n              <span class=\"tt-post-author-name\"><a href=\"https:\/\/discoveralmunecar.com\/es\/author\/pedro-espinosa\/\">Admin<\/a><\/span>\n                    <span class=\"tt-post-date\">junio 21, 2024<\/span>\n          <\/div>\n            <\/div>\n      <\/div> \n      <div class=\"empty-space marg-lg-b25\"><\/div>                 \n    <\/div>\n                        <div class=\"col-xs-6 col-sm-4 col-lg-2 post-handy-picked post-17264 post type-post status-publish format-standard has-post-thumbnail hentry category-eventos-en-almunecar category-fiestas-locales\">\n      <div class=\"tt-post type-3\">\n                <a class=\"tt-post-img custom-hover\" href=\"https:\/\/discoveralmunecar.com\/es\/fiestas-de-san-miguel-2023-en-almunecar\/\">\n      <img loading=\"lazy\" decoding=\"async\" width=\"183\" height=\"96\" src=\"https:\/\/discoveralmunecar.com\/wp-content\/uploads\/2023\/09\/1150736-RW2_DxO_DeepPRIME-183x96.webp\" class=\"img-responsive wp-post-image\" alt=\"\" \/>    <\/a>\n            <div class=\"tt-post-info\">\n                <a class=\"tt-post-title c-h5\" href=\"https:\/\/discoveralmunecar.com\/es\/fiestas-de-san-miguel-2023-en-almunecar\/\">Fiestas de San Miguel 2023 en Almu\u00f1\u00e9car<\/a>\n                  <div class=\"tt-post-label\">\n              <span class=\"tt-post-author-name\"><a href=\"https:\/\/discoveralmunecar.com\/es\/author\/pedro-espinosa\/\">Admin<\/a><\/span>\n                    <span class=\"tt-post-date\">septiembre 28, 2023<\/span>\n          <\/div>\n            <\/div>\n      <\/div> \n      <div class=\"empty-space marg-lg-b25\"><\/div>                 \n    <\/div>\n                        <div class=\"col-xs-6 col-sm-4 col-lg-2 post-handy-picked post-16509 post type-post status-publish format-standard has-post-thumbnail hentry category-eventos-en-almunecar category-fiestas-locales category-que-hacer-en-almunecar\">\n      <div class=\"tt-post type-3\">\n                <a class=\"tt-post-img custom-hover\" href=\"https:\/\/discoveralmunecar.com\/es\/fiestas-de-la-virgen-del-carmen-en-almunecar-2023\/\">\n      <img loading=\"lazy\" decoding=\"async\" width=\"183\" height=\"96\" src=\"https:\/\/discoveralmunecar.com\/wp-content\/uploads\/2023\/07\/1150024-1-183x96.webp\" class=\"img-responsive wp-post-image\" alt=\"\" \/>    <\/a>\n            <div class=\"tt-post-info\">\n                <a class=\"tt-post-title c-h5\" href=\"https:\/\/discoveralmunecar.com\/es\/fiestas-de-la-virgen-del-carmen-en-almunecar-2023\/\">Fiestas de la Virgen del Carmen en Almu\u00f1\u00e9car 2023<\/a>\n                  <div class=\"tt-post-label\">\n              <span class=\"tt-post-author-name\"><a href=\"https:\/\/discoveralmunecar.com\/es\/author\/pedro-espinosa\/\">Admin<\/a><\/span>\n                    <span class=\"tt-post-date\">julio 12, 2023<\/span>\n          <\/div>\n            <\/div>\n      <\/div> \n      <div class=\"empty-space marg-lg-b25\"><\/div>                 \n    <\/div>\n                        <div class=\"col-xs-6 col-sm-4 col-lg-2 post-handy-picked post-15895 post type-post status-publish format-standard has-post-thumbnail hentry category-eventos-en-almunecar category-fiestas-locales\">\n      <div class=\"tt-post type-3\">\n                <a class=\"tt-post-img custom-hover\" href=\"https:\/\/discoveralmunecar.com\/es\/la-magica-noche-de-san-juan-2-023-de-almunecar\/\">\n      <img loading=\"lazy\" decoding=\"async\" width=\"183\" height=\"96\" src=\"https:\/\/discoveralmunecar.com\/wp-content\/uploads\/2023\/06\/1130407-183x96.webp\" class=\"img-responsive wp-post-image\" alt=\"\" \/>    <\/a>\n            <div class=\"tt-post-info\">\n                <a class=\"tt-post-title c-h5\" href=\"https:\/\/discoveralmunecar.com\/es\/la-magica-noche-de-san-juan-2-023-de-almunecar\/\">La M\u00e1gica Noche de San Juan 2.023 de Almu\u00f1\u00e9car<\/a>\n                  <div class=\"tt-post-label\">\n              <span class=\"tt-post-author-name\"><a href=\"https:\/\/discoveralmunecar.com\/es\/author\/pedro-espinosa\/\">Admin<\/a><\/span>\n                    <span class=\"tt-post-date\">junio 21, 2023<\/span>\n          <\/div>\n            <\/div>\n      <\/div> \n      <div class=\"empty-space marg-lg-b25\"><\/div>                 \n    <\/div>\n                        <div class=\"col-xs-6 col-sm-4 col-lg-2 post-handy-picked post-13806 post type-post status-publish format-standard has-post-thumbnail hentry category-eventos-en-almunecar category-fiestas-locales category-que-hacer-en-almunecar\">\n      <div class=\"tt-post type-3\">\n                <a class=\"tt-post-img custom-hover\" href=\"https:\/\/discoveralmunecar.com\/es\/el-dia-de-la-cruz-en-almunecar-2023\/\">\n      <img loading=\"lazy\" decoding=\"async\" width=\"183\" height=\"96\" src=\"https:\/\/discoveralmunecar.com\/wp-content\/uploads\/2023\/04\/MG_0454-3-1-183x96.webp\" class=\"img-responsive wp-post-image\" alt=\"\" \/>    <\/a>\n            <div class=\"tt-post-info\">\n                <a class=\"tt-post-title c-h5\" href=\"https:\/\/discoveralmunecar.com\/es\/el-dia-de-la-cruz-en-almunecar-2023\/\">El D\u00eda de la Cruz en Almu\u00f1\u00e9car 2023<\/a>\n                  <div class=\"tt-post-label\">\n              <span class=\"tt-post-author-name\"><a href=\"https:\/\/discoveralmunecar.com\/es\/author\/pedro-espinosa\/\">Admin<\/a><\/span>\n                    <span class=\"tt-post-date\">abril 21, 2023<\/span>\n          <\/div>\n            <\/div>\n      <\/div> \n      <div class=\"empty-space marg-lg-b25\"><\/div>                 \n    <\/div>\n                  <\/div>\n      <\/div>\n      \n  [vc_empty_space][vc_separator color=&#8221;turquoise&#8221;][\/vc_column][\/vc_row]<\/p>\n","protected":false},"excerpt":{"rendered":"<p>[vc_row][vc_column][vc_custom_heading text=&#8221;Cultura de Almu\u00f1\u00e9car, \u00a1conoce nuestra ciudad a trav\u00e9s de las tradiciones y costumbres!&#8221; font_container=&#8221;tag:h1|font_size:27|text_align:left&#8221; use_theme_fonts=&#8221;yes&#8221;][vc_empty_space][vc_row_inner][vc_column_inner][\/vc_column_inner][\/vc_row_inner][vc_empty_space][\/vc_column][\/vc_row][vc_row][vc_column][vc_row_inner][vc_column_inner][vc_custom_heading text=&#8221;Historia de Almu\u00f1ecar&#8221; font_container=&#8221;tag:h2|font_size:22|text_align:left&#8221; use_theme_fonts=&#8221;yes&#8221; link=&#8221;url:https%3A%2F%2Fdiscoveralmunecar.com%2Fes%2Fhistoria-de-almunecar%2F|title:History%20of%20Almu%C3%B1%C3%A9car|target:_blank&#8221;][\/vc_column_inner][\/vc_row_inner][vc_empty_space][vc_empty_space][vc_separator color=&#8221;turquoise&#8221;][\/vc_column][\/vc_row][vc_row][vc_column][vc_row_inner][vc_column_inner][vc_custom_heading text=&#8221;Museos y monumentos de Almu\u00f1ecar&#8221; font_container=&#8221;tag:h2|font_size:22|text_align:left&#8221; use_theme_fonts=&#8221;yes&#8221; link=&#8221;url:https%3A%2F%2Fdiscoveralmunecar.com%2Fes%2Fmuseos-monumentos-almunecar-y-la-herradura%2F|title:Museums%20and%20monuments%20in%20Almu%C3%B1%C3%A9car%20and%20La%20Herradura|target:_blank&#8221;][\/vc_column_inner][\/vc_row_inner][vc_empty_space][vc_empty_space][vc_separator color=&#8221;turquoise&#8221;][\/vc_column][\/vc_row][vc_row][vc_column][vc_row_inner][vc_column_inner][vc_custom_heading text=&#8221;Fiestas populares de Almu\u00f1\u00e9car&#8221; font_container=&#8221;tag:h2|font_size:22|text_align:left&#8221; use_theme_fonts=&#8221;yes&#8221; link=&#8221;url:https%3A%2F%2Fdiscoveralmunecar.com%2Fes%2Ffiestas-de-almunecar%2F|title:Festivities%20of%20Almu%C3%B1ecar%2C%20feel%20like%20a%20local%20and%20enjoy%20our%20traditions|target:_blank&#8221;][\/vc_column_inner][\/vc_row_inner][vc_empty_space][vc_empty_space][vc_separator color=&#8221;turquoise&#8221;][\/vc_column][\/vc_row]<\/p>\n","protected":false},"author":2,"featured_media":0,"parent":0,"menu_order":0,"comment_status":"closed","ping_status":"closed","template":"","meta":{"footnotes":""},"class_list":["post-7489","page","type-page","status-publish","hentry"],"yoast_head":"<!-- This site is optimized with the Yoast SEO plugin v27.3 - https:\/\/yoast.com\/product\/yoast-seo-wordpress\/ -->\n<title>Cultura de Almu\u00f1ecar -<\/title>\n<meta name=\"robots\" content=\"index, follow, max-snippet:-1, max-image-preview:large, max-video-preview:-1\" \/>\n<link rel=\"canonical\" href=\"https:\/\/discoveralmunecar.com\/es\/cultura-almunecar\/\" \/>\n<meta property=\"og:locale\" content=\"es_ES\" \/>\n<meta property=\"og:type\" content=\"article\" \/>\n<meta property=\"og:title\" content=\"Cultura de Almu\u00f1ecar -\" \/>\n<meta property=\"og:description\" content=\"[vc_row][vc_column][vc_custom_heading text=&#8221;Cultura de Almu\u00f1\u00e9car, \u00a1conoce nuestra ciudad a trav\u00e9s de las tradiciones y costumbres!&#8221; font_container=&#8221;tag:h1|font_size:27|text_align:left&#8221; use_theme_fonts=&#8221;yes&#8221;][vc_empty_space][vc_row_inner][vc_column_inner][\/vc_column_inner][\/vc_row_inner][vc_empty_space][\/vc_column][\/vc_row][vc_row][vc_column][vc_row_inner][vc_column_inner][vc_custom_heading text=&#8221;Historia de Almu\u00f1ecar&#8221; font_container=&#8221;tag:h2|font_size:22|text_align:left&#8221; use_theme_fonts=&#8221;yes&#8221; link=&#8221;url:https%3A%2F%2Fdiscoveralmunecar.com%2Fes%2Fhistoria-de-almunecar%2F|title:History%20of%20Almu%C3%B1%C3%A9car|target:_blank&#8221;][\/vc_column_inner][\/vc_row_inner][vc_empty_space][vc_empty_space][vc_separator color=&#8221;turquoise&#8221;][\/vc_column][\/vc_row][vc_row][vc_column][vc_row_inner][vc_column_inner][vc_custom_heading text=&#8221;Museos y monumentos de Almu\u00f1ecar&#8221; font_container=&#8221;tag:h2|font_size:22|text_align:left&#8221; use_theme_fonts=&#8221;yes&#8221; link=&#8221;url:https%3A%2F%2Fdiscoveralmunecar.com%2Fes%2Fmuseos-monumentos-almunecar-y-la-herradura%2F|title:Museums%20and%20monuments%20in%20Almu%C3%B1%C3%A9car%20and%20La%20Herradura|target:_blank&#8221;][\/vc_column_inner][\/vc_row_inner][vc_empty_space][vc_empty_space][vc_separator color=&#8221;turquoise&#8221;][\/vc_column][\/vc_row][vc_row][vc_column][vc_row_inner][vc_column_inner][vc_custom_heading text=&#8221;Fiestas populares de Almu\u00f1\u00e9car&#8221; font_container=&#8221;tag:h2|font_size:22|text_align:left&#8221; use_theme_fonts=&#8221;yes&#8221; link=&#8221;url:https%3A%2F%2Fdiscoveralmunecar.com%2Fes%2Ffiestas-de-almunecar%2F|title:Festivities%20of%20Almu%C3%B1ecar%2C%20feel%20like%20a%20local%20and%20enjoy%20our%20traditions|target:_blank&#8221;][\/vc_column_inner][\/vc_row_inner][vc_empty_space][vc_empty_space][vc_separator color=&#8221;turquoise&#8221;][\/vc_column][\/vc_row]\" \/>\n<meta property=\"og:url\" content=\"https:\/\/discoveralmunecar.com\/es\/cultura-almunecar\/\" \/>\n<meta property=\"article:modified_time\" content=\"2021-10-27T11:22:22+00:00\" \/>\n<meta name=\"twitter:card\" content=\"summary_large_image\" \/>\n<meta name=\"twitter:label1\" content=\"Tiempo de lectura\" \/>\n\t<meta name=\"twitter:data1\" content=\"1 minuto\" \/>\n<script type=\"application\/ld+json\" class=\"yoast-schema-graph\">{\"@context\":\"https:\\\/\\\/schema.org\",\"@graph\":[{\"@type\":\"WebPage\",\"@id\":\"https:\\\/\\\/discoveralmunecar.com\\\/es\\\/cultura-almunecar\\\/\",\"url\":\"https:\\\/\\\/discoveralmunecar.com\\\/es\\\/cultura-almunecar\\\/\",\"name\":\"Cultura de Almu\u00f1ecar -\",\"isPartOf\":{\"@id\":\"https:\\\/\\\/discoveralmunecar.com\\\/es\\\/#website\"},\"datePublished\":\"2021-10-27T11:22:21+00:00\",\"dateModified\":\"2021-10-27T11:22:22+00:00\",\"breadcrumb\":{\"@id\":\"https:\\\/\\\/discoveralmunecar.com\\\/es\\\/cultura-almunecar\\\/#breadcrumb\"},\"inLanguage\":\"es\",\"potentialAction\":[{\"@type\":\"ReadAction\",\"target\":[\"https:\\\/\\\/discoveralmunecar.com\\\/es\\\/cultura-almunecar\\\/\"]}]},{\"@type\":\"BreadcrumbList\",\"@id\":\"https:\\\/\\\/discoveralmunecar.com\\\/es\\\/cultura-almunecar\\\/#breadcrumb\",\"itemListElement\":[{\"@type\":\"ListItem\",\"position\":1,\"name\":\"Home\",\"item\":\"https:\\\/\\\/discoveralmunecar.com\\\/es\\\/\"},{\"@type\":\"ListItem\",\"position\":2,\"name\":\"Cultura de Almu\u00f1ecar\"}]},{\"@type\":\"WebSite\",\"@id\":\"https:\\\/\\\/discoveralmunecar.com\\\/es\\\/#website\",\"url\":\"https:\\\/\\\/discoveralmunecar.com\\\/es\\\/\",\"name\":\"\",\"description\":\"Just another WordPress site\\n\",\"potentialAction\":[{\"@type\":\"SearchAction\",\"target\":{\"@type\":\"EntryPoint\",\"urlTemplate\":\"https:\\\/\\\/discoveralmunecar.com\\\/es\\\/?s={search_term_string}\"},\"query-input\":{\"@type\":\"PropertyValueSpecification\",\"valueRequired\":true,\"valueName\":\"search_term_string\"}}],\"inLanguage\":\"es\"}]}<\/script>\n<!-- \/ Yoast SEO plugin. -->","yoast_head_json":{"title":"Cultura de Almu\u00f1ecar -","robots":{"index":"index","follow":"follow","max-snippet":"max-snippet:-1","max-image-preview":"max-image-preview:large","max-video-preview":"max-video-preview:-1"},"canonical":"https:\/\/discoveralmunecar.com\/es\/cultura-almunecar\/","og_locale":"es_ES","og_type":"article","og_title":"Cultura de Almu\u00f1ecar -","og_description":"[vc_row][vc_column][vc_custom_heading text=&#8221;Cultura de Almu\u00f1\u00e9car, \u00a1conoce nuestra ciudad a trav\u00e9s de las tradiciones y costumbres!&#8221; font_container=&#8221;tag:h1|font_size:27|text_align:left&#8221; use_theme_fonts=&#8221;yes&#8221;][vc_empty_space][vc_row_inner][vc_column_inner][\/vc_column_inner][\/vc_row_inner][vc_empty_space][\/vc_column][\/vc_row][vc_row][vc_column][vc_row_inner][vc_column_inner][vc_custom_heading text=&#8221;Historia de Almu\u00f1ecar&#8221; font_container=&#8221;tag:h2|font_size:22|text_align:left&#8221; use_theme_fonts=&#8221;yes&#8221; link=&#8221;url:https%3A%2F%2Fdiscoveralmunecar.com%2Fes%2Fhistoria-de-almunecar%2F|title:History%20of%20Almu%C3%B1%C3%A9car|target:_blank&#8221;][\/vc_column_inner][\/vc_row_inner][vc_empty_space][vc_empty_space][vc_separator color=&#8221;turquoise&#8221;][\/vc_column][\/vc_row][vc_row][vc_column][vc_row_inner][vc_column_inner][vc_custom_heading text=&#8221;Museos y monumentos de Almu\u00f1ecar&#8221; font_container=&#8221;tag:h2|font_size:22|text_align:left&#8221; use_theme_fonts=&#8221;yes&#8221; link=&#8221;url:https%3A%2F%2Fdiscoveralmunecar.com%2Fes%2Fmuseos-monumentos-almunecar-y-la-herradura%2F|title:Museums%20and%20monuments%20in%20Almu%C3%B1%C3%A9car%20and%20La%20Herradura|target:_blank&#8221;][\/vc_column_inner][\/vc_row_inner][vc_empty_space][vc_empty_space][vc_separator color=&#8221;turquoise&#8221;][\/vc_column][\/vc_row][vc_row][vc_column][vc_row_inner][vc_column_inner][vc_custom_heading text=&#8221;Fiestas populares de Almu\u00f1\u00e9car&#8221; font_container=&#8221;tag:h2|font_size:22|text_align:left&#8221; use_theme_fonts=&#8221;yes&#8221; link=&#8221;url:https%3A%2F%2Fdiscoveralmunecar.com%2Fes%2Ffiestas-de-almunecar%2F|title:Festivities%20of%20Almu%C3%B1ecar%2C%20feel%20like%20a%20local%20and%20enjoy%20our%20traditions|target:_blank&#8221;][\/vc_column_inner][\/vc_row_inner][vc_empty_space][vc_empty_space][vc_separator color=&#8221;turquoise&#8221;][\/vc_column][\/vc_row]","og_url":"https:\/\/discoveralmunecar.com\/es\/cultura-almunecar\/","article_modified_time":"2021-10-27T11:22:22+00:00","twitter_card":"summary_large_image","twitter_misc":{"Tiempo de lectura":"1 minuto"},"schema":{"@context":"https:\/\/schema.org","@graph":[{"@type":"WebPage","@id":"https:\/\/discoveralmunecar.com\/es\/cultura-almunecar\/","url":"https:\/\/discoveralmunecar.com\/es\/cultura-almunecar\/","name":"Cultura de Almu\u00f1ecar -","isPartOf":{"@id":"https:\/\/discoveralmunecar.com\/es\/#website"},"datePublished":"2021-10-27T11:22:21+00:00","dateModified":"2021-10-27T11:22:22+00:00","breadcrumb":{"@id":"https:\/\/discoveralmunecar.com\/es\/cultura-almunecar\/#breadcrumb"},"inLanguage":"es","potentialAction":[{"@type":"ReadAction","target":["https:\/\/discoveralmunecar.com\/es\/cultura-almunecar\/"]}]},{"@type":"BreadcrumbList","@id":"https:\/\/discoveralmunecar.com\/es\/cultura-almunecar\/#breadcrumb","itemListElement":[{"@type":"ListItem","position":1,"name":"Home","item":"https:\/\/discoveralmunecar.com\/es\/"},{"@type":"ListItem","position":2,"name":"Cultura de Almu\u00f1ecar"}]},{"@type":"WebSite","@id":"https:\/\/discoveralmunecar.com\/es\/#website","url":"https:\/\/discoveralmunecar.com\/es\/","name":"","description":"Just another WordPress site\n","potentialAction":[{"@type":"SearchAction","target":{"@type":"EntryPoint","urlTemplate":"https:\/\/discoveralmunecar.com\/es\/?s={search_term_string}"},"query-input":{"@type":"PropertyValueSpecification","valueRequired":true,"valueName":"search_term_string"}}],"inLanguage":"es"}]}},"_links":{"self":[{"href":"https:\/\/discoveralmunecar.com\/es\/wp-json\/wp\/v2\/pages\/7489","targetHints":{"allow":["GET"]}}],"collection":[{"href":"https:\/\/discoveralmunecar.com\/es\/wp-json\/wp\/v2\/pages"}],"about":[{"href":"https:\/\/discoveralmunecar.com\/es\/wp-json\/wp\/v2\/types\/page"}],"author":[{"embeddable":true,"href":"https:\/\/discoveralmunecar.com\/es\/wp-json\/wp\/v2\/users\/2"}],"replies":[{"embeddable":true,"href":"https:\/\/discoveralmunecar.com\/es\/wp-json\/wp\/v2\/comments?post=7489"}],"version-history":[{"count":2,"href":"https:\/\/discoveralmunecar.com\/es\/wp-json\/wp\/v2\/pages\/7489\/revisions"}],"predecessor-version":[{"id":7491,"href":"https:\/\/discoveralmunecar.com\/es\/wp-json\/wp\/v2\/pages\/7489\/revisions\/7491"}],"wp:attachment":[{"href":"https:\/\/discoveralmunecar.com\/es\/wp-json\/wp\/v2\/media?parent=7489"}],"curies":[{"name":"wp","href":"https:\/\/api.w.org\/{rel}","templated":true}]}}