{"id":5835,"date":"2021-08-04T13:31:14","date_gmt":"2021-08-04T13:31:14","guid":{"rendered":"https:\/\/discoveralmunecar.com\/?page_id=5835"},"modified":"2023-08-02T09:01:59","modified_gmt":"2023-08-02T09:01:59","slug":"decouvrez-almunecar-profitez-de-la-ville-de-la-cote-tropicale","status":"publish","type":"page","link":"https:\/\/discoveralmunecar.com\/fr\/","title":{"rendered":"D\u00e9couvrez Almu\u00f1\u00e9car, profitez de la ville de la c\u00f4te tropicale."},"content":{"rendered":"<p>[vc_row full_width=&#8221;stretch_row&#8221; awb_type=&#8221;video&#8221; awb_video_mobile=&#8221;1&#8243; css=&#8221;.vc_custom_1676031628517{padding-top: 600px !important;}&#8221; awb_video_mp4=&#8221;13536&#8243;][vc_column][\/vc_column][\/vc_row][vc_row][vc_column]<div  class=\"tt-title-block custom-color-properties-1000 style2\"><h3 class=\"tt-title-text\">Derni\u00e8res nouvelles<\/h3><\/div><div class=\"empty-space  marg-lg-b25\"><\/div>\n\n  \n  <div class=\"row\">\n\n    \n\n        <div class=\"col-md-6 col-md-push-3\">\n\n          <div class=\"tt-post\">\n\n                  <a class=\"tt-post-img custom-hover\" href=\"https:\/\/discoveralmunecar.com\/fr\/croix-de-mai-a-almunecar-et-la-herradura-2026-guide-complet-avec-emplacements\/\">\n          <img decoding=\"async\" class=\"img-responsive\" src=\"https:\/\/discoveralmunecar.com\/wp-content\/uploads\/2026\/04\/Cruces-608x505.webp\" alt=\"\">\n        <\/a>\n      \n            <div class=\"tt-post-info\">\n                <div class=\"tt-post-cat\"><a href=\"https:\/\/discoveralmunecar.com\/fr\/category\/culture-dalmunecar\/agenda-culturel-dalmunecar\/\" rel=\"category tag\">Agenda culturel d'Almu\u00f1ecar<\/a>, <a href=\"https:\/\/discoveralmunecar.com\/fr\/category\/culture-dalmunecar\/\" rel=\"category tag\">Culture d'Almu\u00f1ecar<\/a>, <a href=\"https:\/\/discoveralmunecar.com\/fr\/category\/culture-dalmunecar\/evenements-a-almunecar\/\" rel=\"category tag\">\u00c9v\u00e9nements \u00e0 almu\u00f1\u00e9car<\/a>, <a href=\"https:\/\/discoveralmunecar.com\/fr\/category\/localites-proches\/la-herradura-fr\/\" rel=\"category tag\">La Herradura<\/a>, <a href=\"https:\/\/discoveralmunecar.com\/fr\/category\/non-classifiee\/\" rel=\"category tag\">Non classifi\u00e9(e)<\/a><\/div>\n                <a class=\"tt-post-title c-h2\" href=\"https:\/\/discoveralmunecar.com\/fr\/croix-de-mai-a-almunecar-et-la-herradura-2026-guide-complet-avec-emplacements\/\">Croix de Mai \u00e0 Almu\u00f1\u00e9car et La Herradura 2026 : guide complet avec emplacements<\/a>\n                <div class=\"tt-post-label\">\n                  <span><a href=\"#\">Admin<\/a><\/span>\n                  <span>avril 24, 2026<\/span>\n                <\/div>\n                <div class=\"simple-text\">\n                  <p><\/p>\n                <\/div>\n                <div class=\"tt-post-bottom\">\n                  <span><a href=\"#\" class=\"tt-post-comment\"><i class=\"material-icons\">chat_bubble<\/i>0 Comments<\/a><\/span>\n                  <span><a href=\"#\" class=\"tt-post-views\"><i class=\"material-icons\">visibility<\/i>\n                    34 Views                  <\/a><\/span>\n                <\/div>\n            <\/div>\n          <\/div>\n\n          <div class=\"empty-space marg-sm-b30\"><\/div>\n        <\/div>\n\n\n                  <div class=\"col-sm-6 col-md-3 col-md-pull-6\">\n            \n                <div class=\"tt-post type-5\">\n                          <a class=\"tt-post-img custom-hover\" href=\"https:\/\/discoveralmunecar.com\/fr\/restaurant-firmvm-a-almunecar-haute-cuisine-sur-la-costa-tropical\/\">\n          <img decoding=\"async\" class=\"img-responsive\" src=\"https:\/\/discoveralmunecar.com\/wp-content\/uploads\/2026\/03\/Sergio1_3456x1944-1-290x162.webp\" alt=\"\">\n        <\/a>\n                        <div class=\"tt-post-info\">\n                    <div class=\"tt-post-cat\"><a href=\"https:\/\/discoveralmunecar.com\/fr\/category\/ou-manger\/\" rel=\"category tag\">O\u00f9 manger<\/a>, <a href=\"https:\/\/discoveralmunecar.com\/fr\/category\/ou-manger\/restaurants\/\" rel=\"category tag\">Restaurants<\/a><\/div>\n                    <a class=\"tt-post-title c-h5\" href=\"https:\/\/discoveralmunecar.com\/fr\/restaurant-firmvm-a-almunecar-haute-cuisine-sur-la-costa-tropical\/\"><small>Restaurant FIRMVM \u00e0 Almu\u00f1\u00e9car : haute cuisine sur la Costa Tropical<\/small><\/a>\n                  <\/div>\n                <\/div>\n              <div class=\"empty-space marg-lg-b25\"><\/div>\n                <div class=\"tt-post type-5\">\n                          <a class=\"tt-post-img custom-hover\" href=\"https:\/\/discoveralmunecar.com\/fr\/fete-de-la-croix-a-almunecar-et-la-herradura-festival-des-croix-de-mai-2026\/\">\n          <img decoding=\"async\" class=\"img-responsive\" src=\"https:\/\/discoveralmunecar.com\/wp-content\/uploads\/2026\/04\/11-290x162.webp\" alt=\"\">\n        <\/a>\n                        <div class=\"tt-post-info\">\n                    <div class=\"tt-post-cat\"><a href=\"https:\/\/discoveralmunecar.com\/fr\/category\/non-classifiee\/\" rel=\"category tag\">Non classifi\u00e9(e)<\/a><\/div>\n                    <a class=\"tt-post-title c-h5\" href=\"https:\/\/discoveralmunecar.com\/fr\/fete-de-la-croix-a-almunecar-et-la-herradura-festival-des-croix-de-mai-2026\/\"><small>F\u00eate de la Croix \u00e0 Almu\u00f1\u00e9car et La Herradura : Festival des Croix de Mai 2026<\/small><\/a>\n                  <\/div>\n                <\/div>\n              <div class=\"empty-space marg-lg-b25\"><\/div>\n                <div class=\"tt-post type-5\">\n                          <a class=\"tt-post-img custom-hover\" href=\"https:\/\/discoveralmunecar.com\/fr\/restaurant-lute-y-jesus-a-almunecar-poisson-frais-paella-et-cuisine-mediterraneenne\/\">\n          <img decoding=\"async\" class=\"img-responsive\" src=\"https:\/\/discoveralmunecar.com\/wp-content\/uploads\/2026\/03\/Lute-6-290x162.webp\" alt=\"\">\n        <\/a>\n                        <div class=\"tt-post-info\">\n                    <div class=\"tt-post-cat\"><a href=\"https:\/\/discoveralmunecar.com\/fr\/category\/ou-manger\/\" rel=\"category tag\">O\u00f9 manger<\/a>, <a href=\"https:\/\/discoveralmunecar.com\/fr\/category\/ou-manger\/restaurants\/\" rel=\"category tag\">Restaurants<\/a><\/div>\n                    <a class=\"tt-post-title c-h5\" href=\"https:\/\/discoveralmunecar.com\/fr\/restaurant-lute-y-jesus-a-almunecar-poisson-frais-paella-et-cuisine-mediterraneenne\/\"><small>Restaurant Lute y Jes\u00fas \u00e0 Almu\u00f1\u00e9car : poisson frais, paella et cuisine m\u00e9diterran\u00e9enne<\/small><\/a>\n                  <\/div>\n                <\/div>\n                    <\/div>\n          <div class=\"col-sm-6 col-md-3\">\n        <div class=\"empty-space marg-sm-b25\"><\/div>\n        \n            <div class=\"tt-post type-5\">\n                        <a class=\"tt-post-img custom-hover\" href=\"https:\/\/discoveralmunecar.com\/fr\/freiduria-lute-y-jesus-parfois-il-suffit-dun-cornet-pour-etre-heureux\/\">\n          <img decoding=\"async\" class=\"img-responsive\" src=\"https:\/\/discoveralmunecar.com\/wp-content\/uploads\/2026\/03\/Freiduria-3-290x162.webp\" alt=\"\">\n        <\/a>\n                    <div class=\"tt-post-info\">\n                <div class=\"tt-post-cat\"><a href=\"https:\/\/discoveralmunecar.com\/fr\/category\/ou-manger\/bars-a-tapas\/\" rel=\"category tag\">Bars \u00e0 tapas<\/a>, <a href=\"https:\/\/discoveralmunecar.com\/fr\/category\/ou-manger\/\" rel=\"category tag\">O\u00f9 manger<\/a>, <a href=\"https:\/\/discoveralmunecar.com\/fr\/category\/ou-manger\/restaurants\/\" rel=\"category tag\">Restaurants<\/a><\/div>\n                <a class=\"tt-post-title c-h5\" href=\"https:\/\/discoveralmunecar.com\/fr\/freiduria-lute-y-jesus-parfois-il-suffit-dun-cornet-pour-etre-heureux\/\"><small>Freidur\u00eda Lute y Jes\u00fas : Parfois, il suffit d\u2019un cornet pour \u00eatre heureux<\/small><\/a>\n              <\/div>\n            <\/div>\n            <div class=\"empty-space marg-lg-b25\"><\/div>\n            <div class=\"tt-post type-5\">\n                        <a class=\"tt-post-img custom-hover\" href=\"https:\/\/discoveralmunecar.com\/fr\/processions-semaine-sainte-2026-a-almunecar-et-la-herradura\/\">\n          <img decoding=\"async\" class=\"img-responsive\" src=\"https:\/\/discoveralmunecar.com\/wp-content\/uploads\/2026\/03\/Portada-Semana-Santa_3148x1122-1@0.5x-290x162.webp\" alt=\"\">\n        <\/a>\n                    <div class=\"tt-post-info\">\n                <div class=\"tt-post-cat\"><a href=\"https:\/\/discoveralmunecar.com\/fr\/category\/culture-dalmunecar\/agenda-culturel-dalmunecar\/\" rel=\"category tag\">Agenda culturel d'Almu\u00f1ecar<\/a>, <a href=\"https:\/\/discoveralmunecar.com\/fr\/category\/culture-dalmunecar\/\" rel=\"category tag\">Culture d'Almu\u00f1ecar<\/a>, <a href=\"https:\/\/discoveralmunecar.com\/fr\/category\/culture-dalmunecar\/evenements-a-almunecar\/\" rel=\"category tag\">\u00c9v\u00e9nements \u00e0 almu\u00f1\u00e9car<\/a><\/div>\n                <a class=\"tt-post-title c-h5\" href=\"https:\/\/discoveralmunecar.com\/fr\/processions-semaine-sainte-2026-a-almunecar-et-la-herradura\/\"><small>Processions Semaine Sainte 2026 \u00e0 Almu\u00f1\u00e9car et La Herradura<\/small><\/a>\n              <\/div>\n            <\/div>\n            <div class=\"empty-space marg-lg-b25\"><\/div>\n            <div class=\"tt-post type-5\">\n                        <a class=\"tt-post-img custom-hover\" href=\"https:\/\/discoveralmunecar.com\/fr\/histoire-de-la-semaine-sainte-a-almunecar-origines-traditions-et-confreries\/\">\n          <img decoding=\"async\" class=\"img-responsive\" src=\"https:\/\/discoveralmunecar.com\/wp-content\/uploads\/2026\/03\/20250413-_DSC6490@0.5x-1-290x162.webp\" alt=\"\">\n        <\/a>\n                    <div class=\"tt-post-info\">\n                <div class=\"tt-post-cat\"><a href=\"https:\/\/discoveralmunecar.com\/fr\/category\/culture-dalmunecar\/agenda-culturel-dalmunecar\/\" rel=\"category tag\">Agenda culturel d'Almu\u00f1ecar<\/a>, <a href=\"https:\/\/discoveralmunecar.com\/fr\/category\/culture-dalmunecar\/\" rel=\"category tag\">Culture d'Almu\u00f1ecar<\/a>, <a href=\"https:\/\/discoveralmunecar.com\/fr\/category\/culture-dalmunecar\/evenements-a-almunecar\/\" rel=\"category tag\">\u00c9v\u00e9nements \u00e0 almu\u00f1\u00e9car<\/a><\/div>\n                <a class=\"tt-post-title c-h5\" href=\"https:\/\/discoveralmunecar.com\/fr\/histoire-de-la-semaine-sainte-a-almunecar-origines-traditions-et-confreries\/\"><small>Histoire de la Semaine Sainte \u00e0 Almu\u00f1\u00e9car : origines, traditions et confr\u00e9ries<\/small><\/a>\n              <\/div>\n            <\/div>\n            <div class=\"empty-space marg-lg-b25\"><\/div>\n      <\/div>\n      <\/div>\n  <div class=\"empty-space marg-lg-b40 marg-sm-b30\"><\/div>\n  <div  class=\"empty-space  marg-lg-b30 marg-sm-b30\"><\/div>[\/vc_column][\/vc_row][vc_row][vc_column][vc_row_inner][vc_column_inner width=&#8221;1\/2&#8243;][vc_single_image image=&#8221;11383&#8243; img_size=&#8221;full&#8221; onclick=&#8221;custom_link&#8221; link=&#8221;\/fr\/meteo-a-almunecar-soleil-et-beau-temps-toute-lannee&#8221;][\/vc_column_inner][vc_column_inner width=&#8221;1\/2&#8243;][vc_custom_heading text=&#8221;Climat&#8221; font_container=&#8221;tag:h3|font_size:25|text_align:left&#8221; use_theme_fonts=&#8221;yes&#8221; link=&#8221;url:https%3A%2F%2Fdiscoveralmunecar.com%2Ffr%2Fmeteo-a-almunecar-soleil-et-beau-temps-toute-lannee%2F|title:Clima%20en%20Almu%C3%B1%C3%A9car%2C%20%20sol%20y%20buen%20tiempo%20todo%20el%20a%C3%B1o|target:_blank&#8221;]<div  class=\"empty-space  marg-lg-b20 marg-md-b10 marg-sm-b10 marg-xs-b5\"><\/div><div class=\"text-block\" ><div class=\"simple-text \"><p>Almu\u00f1\u00e9car est l&#8217;une des villes de la Costa Tropical de Grenade et, comme son nom l&#8217;indique, son climat est subtropical et \u00e9quilibr\u00e9, offrant des journ\u00e9es ensoleill\u00e9es presque toute l&#8217;ann\u00e9e. Le climat est propice \u00e0 un paysage original de vergers \u00e9tendus avec des fruits tropicaux tels que des pommes de garde, des mangues et des avocats parmi d&#8217;autres esp\u00e8ces exotiques.<\/p>\n<\/div><\/div>[\/vc_column_inner][\/vc_row_inner]<div  class=\"empty-space  marg-lg-b20 marg-md-b10 marg-sm-b10 marg-xs-b5\"><\/div>[vc_row_inner][vc_column_inner width=&#8221;1\/2&#8243;][vc_single_image image=&#8221;11394&#8243; img_size=&#8221;full&#8221; onclick=&#8221;custom_link&#8221; link=&#8221;\/fr\/plages-almunecar&#8221;][\/vc_column_inner][vc_column_inner width=&#8221;1\/2&#8243;][vc_custom_heading text=&#8221;Soleil et plage&#8221; font_container=&#8221;tag:h3|font_size:25|text_align:left&#8221; use_theme_fonts=&#8221;yes&#8221; link=&#8221;url:https%3A%2F%2Fdiscoveralmunecar.com%2Ffr%2Fplages-almunecar%2F|title:Playas%20de%20Almu%C3%B1%C3%A9car%2C%20un%20trocito%20de%20para%C3%ADso%20a%20tus%20pies&#8221;]<div  class=\"empty-space  marg-lg-b20 marg-md-b10 marg-sm-b10 marg-xs-b5\"><\/div><div class=\"text-block\" ><div class=\"simple-text \"><p>Sur les 19 km du littoral d&#8217;Almu\u00f1\u00e9car, nous d\u00e9couvrons quinze plages. Certaines sont des plages de sable, d&#8217;autres des plages de galets en raison de leur environnement naturel int\u00e9ressant compos\u00e9 de belles falaises, toutes avec une eau propre et cristalline et de beaux fonds marins. On y trouve de longues et larges plages, ainsi que de petites criques intimes o\u00f9 l&#8217;on pratique le nudisme. Dans presque tous les cas, il y a des bars de plage et des bars avec de la bonne nourriture dans un cadre attrayant.<\/p>\n<\/div><\/div>[\/vc_column_inner][\/vc_row_inner]<div  class=\"empty-space  marg-lg-b20 marg-md-b10 marg-sm-b10 marg-xs-b5\"><\/div>[vc_row_inner][vc_column_inner width=&#8221;1\/2&#8243;][vc_single_image image=&#8221;11528&#8243; img_size=&#8221;full&#8221; onclick=&#8221;custom_link&#8221; link=&#8221;\/fr\/naturaleza-de-almunecar\/&#8221;][\/vc_column_inner][vc_column_inner width=&#8221;1\/2&#8243;][vc_custom_heading text=&#8221;Nature&#8221; font_container=&#8221;tag:h3|font_size:25|text_align:left&#8221; use_theme_fonts=&#8221;yes&#8221; link=&#8221;url:%2Ffr%2Fnaturaleza-de-almunecar%2F|target:_blank&#8221;]<div  class=\"empty-space  marg-lg-b20 marg-md-b10 marg-sm-b10 marg-xs-b5\"><\/div><div class=\"text-block\" ><div class=\"simple-text \"><p>Des paysages naturels compos\u00e9s de montagnes rocheuses qui m\u00e8nent \u00e0 des falaises sculpturales surplombant les plages. Des espaces qui abritent des milieux de vie naturels habit\u00e9s par des ch\u00e8vres de montagne et d&#8217;autres esp\u00e8ces indig\u00e8nes, avec des espaces qui abritent des animaux exotiques provenant de pays lointains. Des sommets de montagne d&#8217;o\u00f9 l&#8217;on peut contempler des couchers de soleil spectaculaires sur la c\u00f4te et les plantations de fruits tropicaux. Les plus actifs peuvent pratiquer un large \u00e9ventail de sports de montagne.<\/p>\n<\/div><\/div>[\/vc_column_inner][\/vc_row_inner]<div  class=\"empty-space  marg-lg-b20 marg-md-b10 marg-sm-b10 marg-xs-b5\"><\/div>[vc_row_inner][vc_column_inner width=&#8221;1\/2&#8243;][vc_single_image image=&#8221;11398&#8243; img_size=&#8221;full&#8221; onclick=&#8221;custom_link&#8221; link=&#8221;\/fr\/histoire-almunecar&#8221;][\/vc_column_inner][vc_column_inner width=&#8221;1\/2&#8243;][vc_custom_heading text=&#8221;Histoire&#8221; font_container=&#8221;tag:h3|font_size:25|text_align:left&#8221; use_theme_fonts=&#8221;yes&#8221; link=&#8221;url:https%3A%2F%2Fdiscoveralmunecar.com%2Ffr%2Fhistoire-almunecar%2F|title:Histoire%20d%E2%80%99Almu%C3%B1%C3%A9car|target:_blank&#8221;]<div  class=\"empty-space  marg-lg-b20 marg-md-b10 marg-sm-b10 marg-xs-b5\"><\/div><div class=\"text-block\" ><div class=\"simple-text \"><p>2000 ans d&#8217;histoire romaine, musulmane et chr\u00e9tienne, entre autres civilisations, ont laiss\u00e9 une empreinte culturelle et artistique int\u00e9ressante sur Almu\u00f1\u00e9car, que nous pouvons d\u00e9couvrir dans les importants vestiges arch\u00e9ologiques diss\u00e9min\u00e9s dans la r\u00e9gion. Aqueducs en extraordinaire \u00e9tat, \u00e9tangs de poissons sal\u00e9s, mus\u00e9e arch\u00e9ologique et ruelles \u00e9troites qui m\u00e8nent \u00e0 un spectaculaire ch\u00e2teau surplombant la mer, font partie des visites qui nous transporteront dans le pass\u00e9.<\/p>\n<\/div><\/div>[\/vc_column_inner][\/vc_row_inner]<div  class=\"empty-space  marg-lg-b20 marg-md-b10 marg-sm-b10 marg-xs-b5\"><\/div>[vc_row_inner][vc_column_inner width=&#8221;1\/2&#8243;][vc_single_image image=&#8221;11400&#8243; img_size=&#8221;full&#8221; onclick=&#8221;custom_link&#8221; link=&#8221;\/fr\/fetes-locales-dalmunecar&#8221;][\/vc_column_inner][vc_column_inner width=&#8221;1\/2&#8243;][vc_custom_heading text=&#8221;Festivals locaux&#8221; font_container=&#8221;tag:h3|font_size:25|text_align:left&#8221; use_theme_fonts=&#8221;yes&#8221; link=&#8221;url:https%3A%2F%2Fdiscoveralmunecar.com%2Ffr%2Ffetes-locales-dalmunecar%2F|title:F%C3%AAtes%20locales%20d%E2%80%99Almu%C3%B1%C3%A9car|target:_blank&#8221;]<div  class=\"empty-space  marg-lg-b20 marg-md-b10 marg-sm-b10 marg-xs-b5\"><\/div><div class=\"text-block\" ><div class=\"simple-text \"><p>Un calendrier vari\u00e9 de festivit\u00e9s typiques int\u00e9grera les visiteurs dans l&#8217;\u00e2me de cette ville simple capable d&#8217;offrir l&#8217;un des feux d&#8217;artifice les plus grands et les plus sophistiqu\u00e9s pour rendre hommage \u00e0 son saint patron San Miguel. Ce splendide spectacle a lieu sur la plage pendant la grande semaine d&#8217;Almu\u00f1\u00e9car. Tout au long de l&#8217;ann\u00e9e, d&#8217;autres c\u00e9l\u00e9brations uniques sont organis\u00e9es, comme les croix de mai, les processions de P\u00e2ques, le festival gastronomique, le festival de jazz et bien d&#8217;autres \u00e9v\u00e9nements.<\/p>\n<\/div><\/div>[\/vc_column_inner][\/vc_row_inner]<div  class=\"empty-space  marg-lg-b20 marg-md-b10 marg-sm-b10 marg-xs-b5\"><\/div>[vc_row_inner][vc_column_inner width=&#8221;1\/2&#8243;][vc_single_image image=&#8221;11402&#8243; img_size=&#8221;full&#8221; onclick=&#8221;custom_link&#8221; link=&#8221;\/fr\/puerto-deportivo-marina-del-este&#8221;][\/vc_column_inner][vc_column_inner width=&#8221;1\/2&#8243;][vc_custom_heading text=&#8221;Marina&#8221; font_container=&#8221;tag:h3|font_size:25|text_align:left&#8221; use_theme_fonts=&#8221;yes&#8221; link=&#8221;url:https%3A%2F%2Fdiscoveralmunecar.com%2Ffr%2Fpuerto-deportivo-marina-del-este%2F|title:Puerto%20deportivo%20marina%20del%20este|target:_blank&#8221;]<div  class=\"empty-space  marg-lg-b20 marg-md-b10 marg-sm-b10 marg-xs-b5\"><\/div><div class=\"text-block\" ><div class=\"simple-text \"><p>Entre Almu\u00f1\u00e9car et La Herradura se trouve la Punta de la Mona, un magnifique site naturel rocheux avec des pins et des plantes tropicales entourant des propri\u00e9t\u00e9s exclusives. La zone culmine dans une belle plage et une petite marina, l&#8217;une des plus charmantes que l&#8217;on puisse trouver. Toutes les vari\u00e9t\u00e9s de sports nautiques sont disponibles dans les environs. Ceux qui pr\u00e9f\u00e8rent les activit\u00e9s contemplatives peuvent profiter de l&#8217;atmosph\u00e8re tranquille tout en d\u00e9gustant la cuisine locale et internationale dans les restaurants du port ou sur la plage.<\/p>\n<\/div><\/div>[\/vc_column_inner][\/vc_row_inner]<div  class=\"empty-space  marg-lg-b20 marg-md-b10 marg-sm-b10 marg-xs-b5\"><\/div>[vc_row_inner][vc_column_inner width=&#8221;1\/2&#8243;][vc_single_image image=&#8221;11404&#8243; img_size=&#8221;full&#8221; onclick=&#8221;custom_link&#8221; link=&#8221;\/fr\/parc-aquatique-aquatropic-a-almunecar&#8221;][\/vc_column_inner][vc_column_inner width=&#8221;1\/2&#8243;][vc_custom_heading text=&#8221;Parc aquatique&#8221; font_container=&#8221;tag:h3|font_size:25|text_align:left&#8221; use_theme_fonts=&#8221;yes&#8221; link=&#8221;url:https%3A%2F%2Fdiscoveralmunecar.com%2Ffr%2Fparc-aquatique-aquatropic-a-almunecar%2F|title:Parc%20aquatique%20Aquatropic%20%C3%A0%20Almu%C3%B1%C3%A9car|target:_blank&#8221;]<div  class=\"empty-space  marg-lg-b20 marg-md-b10 marg-sm-b10 marg-xs-b5\"><\/div><div class=\"text-block\" ><div class=\"simple-text \"><p>Le parc aquatique d&#8217;Almu\u00f1\u00e9car avec de nouvelles attractions, un grand parking, parfait pour l&#8217;amusement des enfants et une journ\u00e9e inoubliable en famille.<\/p>\n<\/div><\/div>[\/vc_column_inner][\/vc_row_inner]<div  class=\"empty-space  marg-lg-b20 marg-md-b10 marg-sm-b10 marg-xs-b5\"><\/div>[vc_row_inner][vc_column_inner width=&#8221;1\/2&#8243;][vc_single_image image=&#8221;11406&#8243; img_size=&#8221;full&#8221; onclick=&#8221;custom_link&#8221; link=&#8221;\/fr\/aquarium-almunecar&#8221;][\/vc_column_inner][vc_column_inner width=&#8221;1\/2&#8243;][vc_custom_heading text=&#8221;Aquarium d&#8217;Almu\u00f1\u00e9car&#8221; font_container=&#8221;tag:h3|font_size:25|text_align:left&#8221; use_theme_fonts=&#8221;yes&#8221; link=&#8221;url:https%3A%2F%2Fdiscoveralmunecar.com%2Ffr%2Faquarium-almunecar%2F|title:Aquarium%20d%E2%80%99Almu%C3%B1%C3%A9car|target:_blank&#8221;]<div  class=\"empty-space  marg-lg-b20 marg-md-b10 marg-sm-b10 marg-xs-b5\"><\/div><div class=\"text-block\" ><div class=\"simple-text \"><p>L&#8217;Aquarium de la faune m\u00e9diterran\u00e9enne d&#8217;Almu\u00f1\u00e9car est situ\u00e9 sur la Plaza Kuwait s\/n, sur l&#8217;Avenida de Europa, dans un emplacement privil\u00e9gi\u00e9 \u00e0 500 m\u00e8tres de la plage de San Crist\u00f3bal. Une visite \u00e0 l&#8217;aquarium est un voyage \u00e0 travers l&#8217;\u00e9cosyst\u00e8me et la faune marine de la M\u00e9diterran\u00e9e et surtout de la c\u00f4te de Sexitano.<\/p>\n<\/div><\/div>[\/vc_column_inner][\/vc_row_inner]<div  class=\"empty-space  marg-lg-b20 marg-md-b10 marg-sm-b10 marg-xs-b5\"><\/div>[vc_row_inner][vc_column_inner width=&#8221;1\/2&#8243;][vc_single_image image=&#8221;11408&#8243; img_size=&#8221;full&#8221; onclick=&#8221;custom_link&#8221; link=&#8221;\/fr\/parc-ornithologique-de-loro-sexi&#8221;][\/vc_column_inner][vc_column_inner width=&#8221;1\/2&#8243;][vc_custom_heading text=&#8221;Parc ornithologique de Loro Sexi&#8221; font_container=&#8221;tag:h3|font_size:25|text_align:left&#8221; use_theme_fonts=&#8221;yes&#8221; link=&#8221;url:https%3A%2F%2Fdiscoveralmunecar.com%2Ffr%2Fparc-ornithologique-de-loro-sexi%2F|title:Parc%20ornithologique%20de%20Loro%20Sexi|target:_blank&#8221;]<div  class=\"empty-space  marg-lg-b20 marg-md-b10 marg-sm-b10 marg-xs-b5\"><\/div><div class=\"text-block\" ><div class=\"simple-text \"><p>Le parc ornithologique compl\u00e8te l&#8217;offre de tourisme de nature \u00e0 Almu\u00f1\u00e9car, id\u00e9al pour visiter en famille et d\u00e9couvrir les 271 sp\u00e9cimens d&#8217;une trentaine d&#8217;esp\u00e8ces diff\u00e9rentes comme les cacato\u00e8s, les aras, les paons, les ip\u00e9ca\u00e1, les loris, les perroquets, les cygnes dans ses \u00e9tangs et ses bassins.<\/p>\n<\/div><\/div>[\/vc_column_inner][\/vc_row_inner][\/vc_column][\/vc_row][vc_row][vc_column]<div  class=\"tt-title-block custom-color-properties-1001 style2\"><h3 class=\"tt-title-text\">Derniers articles<\/h3><\/div><div class=\"empty-space  marg-lg-b25\"><\/div>\n  <div class=\"tt-recent-news\">\n            <div class=\"tt-post has-thumbnail type-6 clearfix post-16955 post type-post status-publish format-standard has-post-thumbnail hentry category-evenements-a-almunecar\">\n              <a class=\"tt-post-img custom-hover\" href=\"https:\/\/discoveralmunecar.com\/fr\/la-cana-flamenca-2023-a-almunecar\/\">\n      <img fetchpriority=\"high\" decoding=\"async\" width=\"288\" height=\"180\" src=\"https:\/\/discoveralmunecar.com\/wp-content\/uploads\/2023\/07\/1150070-1-288x180.webp\" class=\"img-responsive wp-post-image\" alt=\"\" \/>    <\/a>\n        <div class=\"tt-post-info\">\n            <div class=\"tt-post-cat\"><a href=\"https:\/\/discoveralmunecar.com\/fr\/category\/culture-dalmunecar\/evenements-a-almunecar\/\" rel=\"category tag\">\u00c9v\u00e9nements \u00e0 almu\u00f1\u00e9car<\/a><\/div>\n              <a class=\"tt-post-title c-h4\" href=\"https:\/\/discoveralmunecar.com\/fr\/la-cana-flamenca-2023-a-almunecar\/\"><small>La Ca\u00f1a Flamenca 2023 \u00e0 Almu\u00f1\u00e9car<\/small><\/a>\n              <div class=\"tt-post-label\">\n                <\/div>\n              <div class=\"simple-text\">\n      <p><\/p>\n    <\/div>\n                    <\/div>\n    <\/div>\n    <div class=\"empty-space marg-lg-b30\"><\/div>\n            <div class=\"tt-post has-thumbnail type-6 clearfix post-5481 post type-post status-publish format-standard has-post-thumbnail hentry category-histoire-dalmunecar category-musees category-que-faire\">\n              <a class=\"tt-post-img custom-hover\" href=\"https:\/\/discoveralmunecar.com\/fr\/musee-siete-palacios\/\">\n      <img decoding=\"async\" width=\"288\" height=\"180\" src=\"https:\/\/discoveralmunecar.com\/wp-content\/uploads\/2021\/04\/museum-cave-seven-palaces-1-288x180.jpg\" class=\"img-responsive wp-post-image\" alt=\"\" \/>    <\/a>\n        <div class=\"tt-post-info\">\n            <div class=\"tt-post-cat\"><a href=\"https:\/\/discoveralmunecar.com\/fr\/category\/histoire-dalmunecar\/\" rel=\"category tag\">Histoire d'Almu\u00f1\u00e9car<\/a>, <a href=\"https:\/\/discoveralmunecar.com\/fr\/category\/que-faire\/musees\/\" rel=\"category tag\">Musees<\/a>, <a href=\"https:\/\/discoveralmunecar.com\/fr\/category\/que-faire\/\" rel=\"category tag\">Que faire<\/a><\/div>\n              <a class=\"tt-post-title c-h4\" href=\"https:\/\/discoveralmunecar.com\/fr\/musee-siete-palacios\/\"><small>Mus\u00e9e Siete Palacios<\/small><\/a>\n              <div class=\"tt-post-label\">\n                <\/div>\n              <div class=\"simple-text\">\n      <p><\/p>\n    <\/div>\n                    <\/div>\n    <\/div>\n    <div class=\"empty-space marg-lg-b30\"><\/div>\n            <div class=\"tt-post has-thumbnail type-6 clearfix post-19923 post type-post status-publish format-standard has-post-thumbnail hentry category-agenda-culturel-dalmunecar category-culture-dalmunecar category-evenements-a-almunecar category-que-faire\">\n              <a class=\"tt-post-img custom-hover\" href=\"https:\/\/discoveralmunecar.com\/fr\/chirimoya-sound-2025-in-almunecar-flamenco-festival-on-the-costa-tropical\/\">\n      <img decoding=\"async\" width=\"288\" height=\"180\" src=\"https:\/\/discoveralmunecar.com\/wp-content\/uploads\/2025\/08\/Portada-288x180.webp\" class=\"img-responsive wp-post-image\" alt=\"\" \/>    <\/a>\n        <div class=\"tt-post-info\">\n            <div class=\"tt-post-cat\"><a href=\"https:\/\/discoveralmunecar.com\/fr\/category\/culture-dalmunecar\/agenda-culturel-dalmunecar\/\" rel=\"category tag\">Agenda culturel d'Almu\u00f1ecar<\/a>, <a href=\"https:\/\/discoveralmunecar.com\/fr\/category\/culture-dalmunecar\/\" rel=\"category tag\">Culture d'Almu\u00f1ecar<\/a>, <a href=\"https:\/\/discoveralmunecar.com\/fr\/category\/culture-dalmunecar\/evenements-a-almunecar\/\" rel=\"category tag\">\u00c9v\u00e9nements \u00e0 almu\u00f1\u00e9car<\/a>, <a href=\"https:\/\/discoveralmunecar.com\/fr\/category\/que-faire\/\" rel=\"category tag\">Que faire<\/a><\/div>\n              <a class=\"tt-post-title c-h4\" href=\"https:\/\/discoveralmunecar.com\/fr\/chirimoya-sound-2025-in-almunecar-flamenco-festival-on-the-costa-tropical\/\"><small>Chirimoya Sound 2025 in Almu\u00f1\u00e9car: Flamenco Festival on the Costa Tropical<\/small><\/a>\n              <div class=\"tt-post-label\">\n                <\/div>\n              <div class=\"simple-text\">\n      <p><\/p>\n    <\/div>\n                    <\/div>\n    <\/div>\n    <div class=\"empty-space marg-lg-b30\"><\/div>\n            <div class=\"tt-post has-thumbnail type-6 clearfix post-10960 post type-post status-publish format-standard has-post-thumbnail hentry category-entreprises\">\n              <a class=\"tt-post-img custom-hover\" href=\"https:\/\/discoveralmunecar.com\/fr\/quincaillerie-almoferro\/\">\n      <img loading=\"lazy\" decoding=\"async\" width=\"288\" height=\"180\" src=\"https:\/\/discoveralmunecar.com\/wp-content\/uploads\/2022\/08\/Ferreteri\u0301a-Almoferro-288x180.webp\" class=\"img-responsive wp-post-image\" alt=\"\" \/>    <\/a>\n        <div class=\"tt-post-info\">\n            <div class=\"tt-post-cat\"><a href=\"https:\/\/discoveralmunecar.com\/fr\/category\/entreprises\/\" rel=\"category tag\">Entreprises<\/a><\/div>\n              <a class=\"tt-post-title c-h4\" href=\"https:\/\/discoveralmunecar.com\/fr\/quincaillerie-almoferro\/\"><small>Quincaillerie Almoferro<\/small><\/a>\n              <div class=\"tt-post-label\">\n                <\/div>\n              <div class=\"simple-text\">\n      <p><\/p>\n    <\/div>\n                    <\/div>\n    <\/div>\n    <div class=\"empty-space marg-lg-b30\"><\/div>\n            <div class=\"tt-post has-thumbnail type-6 clearfix post-4152 post type-post status-publish format-standard has-post-thumbnail hentry category-histoire-dalmunecar category-que-faire\">\n              <a class=\"tt-post-img custom-hover\" href=\"https:\/\/discoveralmunecar.com\/fr\/hommage-aux-hommes-de-la-mer\/\">\n      <img loading=\"lazy\" decoding=\"async\" width=\"288\" height=\"180\" src=\"https:\/\/discoveralmunecar.com\/wp-content\/uploads\/2021\/06\/3-288x180.jpg\" class=\"img-responsive wp-post-image\" alt=\"\" \/>    <\/a>\n        <div class=\"tt-post-info\">\n            <div class=\"tt-post-cat\"><a href=\"https:\/\/discoveralmunecar.com\/fr\/category\/histoire-dalmunecar\/\" rel=\"category tag\">Histoire d'Almu\u00f1\u00e9car<\/a>, <a href=\"https:\/\/discoveralmunecar.com\/fr\/category\/que-faire\/\" rel=\"category tag\">Que faire<\/a><\/div>\n              <a class=\"tt-post-title c-h4\" href=\"https:\/\/discoveralmunecar.com\/fr\/hommage-aux-hommes-de-la-mer\/\"><small>Hommage aux hommes de la mer<\/small><\/a>\n              <div class=\"tt-post-label\">\n                <\/div>\n              <div class=\"simple-text\">\n      <p><\/p>\n    <\/div>\n                    <\/div>\n    <\/div>\n    <div class=\"empty-space marg-lg-b30\"><\/div>\n            <div class=\"tt-post has-thumbnail type-6 clearfix post-19794 post type-post status-publish format-standard has-post-thumbnail hentry category-culture-dalmunecar category-evenements-a-almunecar\">\n              <a class=\"tt-post-img custom-hover\" href=\"https:\/\/discoveralmunecar.com\/fr\/fetes-patronales-dalmunecar-2025-une-semaine-de-tradition-de-musique-et-de-magie\/\">\n      <img loading=\"lazy\" decoding=\"async\" width=\"288\" height=\"180\" src=\"https:\/\/discoveralmunecar.com\/wp-content\/uploads\/2025\/05\/Virgen-Antigua_upscale@0.5x-288x180.webp\" class=\"img-responsive wp-post-image\" alt=\"\" \/>    <\/a>\n        <div class=\"tt-post-info\">\n            <div class=\"tt-post-cat\"><a href=\"https:\/\/discoveralmunecar.com\/fr\/category\/culture-dalmunecar\/\" rel=\"category tag\">Culture d'Almu\u00f1ecar<\/a>, <a href=\"https:\/\/discoveralmunecar.com\/fr\/category\/culture-dalmunecar\/evenements-a-almunecar\/\" rel=\"category tag\">\u00c9v\u00e9nements \u00e0 almu\u00f1\u00e9car<\/a><\/div>\n              <a class=\"tt-post-title c-h4\" href=\"https:\/\/discoveralmunecar.com\/fr\/fetes-patronales-dalmunecar-2025-une-semaine-de-tradition-de-musique-et-de-magie\/\"><small>F\u00eates Patronales d\u2019Almu\u00f1\u00e9car 2025 : Une Semaine de Tradition, de Musique et de Magie<\/small><\/a>\n              <div class=\"tt-post-label\">\n                <\/div>\n              <div class=\"simple-text\">\n      <p><\/p>\n    <\/div>\n                    <\/div>\n    <\/div>\n    <div class=\"empty-space marg-lg-b30\"><\/div>\n            <div class=\"text-center\">\n           <ul class='page-numbers'>\n\t<li><span aria-current=\"page\" class=\"page-numbers current\">1<\/span><\/li>\n\t<li><a class=\"page-numbers\" href=\"https:\/\/discoveralmunecar.com\/fr\/wp-json\/wp\/v2\/pages\/5835\/page\/2\/\">2<\/a><\/li>\n\t<li><a class=\"page-numbers\" href=\"https:\/\/discoveralmunecar.com\/fr\/wp-json\/wp\/v2\/pages\/5835\/page\/3\/\">3<\/a><\/li>\n\t<li><span class=\"page-numbers dots\">\u2026<\/span><\/li>\n\t<li><a class=\"page-numbers\" href=\"https:\/\/discoveralmunecar.com\/fr\/wp-json\/wp\/v2\/pages\/5835\/page\/40\/\">40<\/a><\/li>\n\t<li><a class=\"next page-numbers\" href=\"https:\/\/discoveralmunecar.com\/fr\/wp-json\/wp\/v2\/pages\/5835\/page\/2\/\">Suivant\u00a0\u00bb<\/a><\/li>\n<\/ul>\n                           \n        <\/div>\n        <div class=\"empty-space marg-sm-b60\"><\/div>\n        <\/div>\n  [\/vc_column][\/vc_row]<\/p>\n","protected":false},"excerpt":{"rendered":"<p>[vc_row full_width=&#8221;stretch_row&#8221; awb_type=&#8221;video&#8221; awb_video_mobile=&#8221;1&#8243; css=&#8221;.vc_custom_1676031628517{padding-top: 600px !important;}&#8221; awb_video_mp4=&#8221;13536&#8243;][vc_column][\/vc_column][\/vc_row][vc_row][vc_column][\/vc_column][\/vc_row][vc_row][vc_column][vc_row_inner][vc_column_inner width=&#8221;1\/2&#8243;][vc_single_image image=&#8221;11383&#8243; img_size=&#8221;full&#8221; onclick=&#8221;custom_link&#8221; link=&#8221;\/fr\/meteo-a-almunecar-soleil-et-beau-temps-toute-lannee&#8221;][\/vc_column_inner][vc_column_inner width=&#8221;1\/2&#8243;][vc_custom_heading text=&#8221;Climat&#8221; font_container=&#8221;tag:h3|font_size:25|text_align:left&#8221; use_theme_fonts=&#8221;yes&#8221; link=&#8221;url:https%3A%2F%2Fdiscoveralmunecar.com%2Ffr%2Fmeteo-a-almunecar-soleil-et-beau-temps-toute-lannee%2F|title:Clima%20en%20Almu%C3%B1%C3%A9car%2C%20%20sol%20y%20buen%20tiempo%20todo%20el%20a%C3%B1o|target:_blank&#8221;][\/vc_column_inner][\/vc_row_inner][vc_row_inner][vc_column_inner width=&#8221;1\/2&#8243;][vc_single_image image=&#8221;11394&#8243; img_size=&#8221;full&#8221; onclick=&#8221;custom_link&#8221; link=&#8221;\/fr\/plages-almunecar&#8221;][\/vc_column_inner][vc_column_inner width=&#8221;1\/2&#8243;][vc_custom_heading text=&#8221;Soleil et plage&#8221; font_container=&#8221;tag:h3|font_size:25|text_align:left&#8221; use_theme_fonts=&#8221;yes&#8221; link=&#8221;url:https%3A%2F%2Fdiscoveralmunecar.com%2Ffr%2Fplages-almunecar%2F|title:Playas%20de%20Almu%C3%B1%C3%A9car%2C%20un%20trocito%20de%20para%C3%ADso%20a%20tus%20pies&#8221;][\/vc_column_inner][\/vc_row_inner][vc_row_inner][vc_column_inner width=&#8221;1\/2&#8243;][vc_single_image image=&#8221;11528&#8243; img_size=&#8221;full&#8221; onclick=&#8221;custom_link&#8221; link=&#8221;\/fr\/naturaleza-de-almunecar\/&#8221;][\/vc_column_inner][vc_column_inner width=&#8221;1\/2&#8243;][vc_custom_heading text=&#8221;Nature&#8221; font_container=&#8221;tag:h3|font_size:25|text_align:left&#8221; use_theme_fonts=&#8221;yes&#8221; link=&#8221;url:%2Ffr%2Fnaturaleza-de-almunecar%2F|target:_blank&#8221;][\/vc_column_inner][\/vc_row_inner][vc_row_inner][vc_column_inner width=&#8221;1\/2&#8243;][vc_single_image image=&#8221;11398&#8243; img_size=&#8221;full&#8221; onclick=&#8221;custom_link&#8221; link=&#8221;\/fr\/histoire-almunecar&#8221;][\/vc_column_inner][vc_column_inner width=&#8221;1\/2&#8243;][vc_custom_heading text=&#8221;Histoire&#8221; font_container=&#8221;tag:h3|font_size:25|text_align:left&#8221; use_theme_fonts=&#8221;yes&#8221; link=&#8221;url:https%3A%2F%2Fdiscoveralmunecar.com%2Ffr%2Fhistoire-almunecar%2F|title:Histoire%20d%E2%80%99Almu%C3%B1%C3%A9car|target:_blank&#8221;][\/vc_column_inner][\/vc_row_inner][vc_row_inner][vc_column_inner width=&#8221;1\/2&#8243;][vc_single_image image=&#8221;11400&#8243; img_size=&#8221;full&#8221; onclick=&#8221;custom_link&#8221; link=&#8221;\/fr\/fetes-locales-dalmunecar&#8221;][\/vc_column_inner][vc_column_inner [&hellip;]<\/p>\n","protected":false},"author":2,"featured_media":0,"parent":0,"menu_order":0,"comment_status":"closed","ping_status":"closed","template":"","meta":{"footnotes":""},"class_list":["post-5835","page","type-page","status-publish","hentry"],"yoast_head":"<!-- This site is optimized with the Yoast SEO plugin v27.3 - https:\/\/yoast.com\/product\/yoast-seo-wordpress\/ -->\n<title>D\u00e9couvrez Almu\u00f1\u00e9car, profitez de la ville de la c\u00f4te tropicale. -<\/title>\n<meta name=\"robots\" content=\"index, follow, max-snippet:-1, max-image-preview:large, max-video-preview:-1\" \/>\n<link rel=\"canonical\" href=\"https:\/\/discoveralmunecar.com\/fr\/\" \/>\n<meta property=\"og:locale\" content=\"fr_FR\" \/>\n<meta property=\"og:type\" content=\"article\" \/>\n<meta property=\"og:title\" content=\"D\u00e9couvrez Almu\u00f1\u00e9car, profitez de la ville de la c\u00f4te tropicale. -\" \/>\n<meta property=\"og:description\" content=\"[vc_row full_width=&#8221;stretch_row&#8221; awb_type=&#8221;video&#8221; awb_video_mobile=&#8221;1&#8243; css=&#8221;.vc_custom_1676031628517{padding-top: 600px !important;}&#8221; awb_video_mp4=&#8221;13536&#8243;][vc_column][\/vc_column][\/vc_row][vc_row][vc_column][\/vc_column][\/vc_row][vc_row][vc_column][vc_row_inner][vc_column_inner width=&#8221;1\/2&#8243;][vc_single_image image=&#8221;11383&#8243; img_size=&#8221;full&#8221; onclick=&#8221;custom_link&#8221; link=&#8221;\/fr\/meteo-a-almunecar-soleil-et-beau-temps-toute-lannee&#8221;][\/vc_column_inner][vc_column_inner width=&#8221;1\/2&#8243;][vc_custom_heading text=&#8221;Climat&#8221; font_container=&#8221;tag:h3|font_size:25|text_align:left&#8221; use_theme_fonts=&#8221;yes&#8221; link=&#8221;url:https%3A%2F%2Fdiscoveralmunecar.com%2Ffr%2Fmeteo-a-almunecar-soleil-et-beau-temps-toute-lannee%2F|title:Clima%20en%20Almu%C3%B1%C3%A9car%2C%20%20sol%20y%20buen%20tiempo%20todo%20el%20a%C3%B1o|target:_blank&#8221;][\/vc_column_inner][\/vc_row_inner][vc_row_inner][vc_column_inner width=&#8221;1\/2&#8243;][vc_single_image image=&#8221;11394&#8243; img_size=&#8221;full&#8221; onclick=&#8221;custom_link&#8221; link=&#8221;\/fr\/plages-almunecar&#8221;][\/vc_column_inner][vc_column_inner width=&#8221;1\/2&#8243;][vc_custom_heading text=&#8221;Soleil et plage&#8221; font_container=&#8221;tag:h3|font_size:25|text_align:left&#8221; use_theme_fonts=&#8221;yes&#8221; link=&#8221;url:https%3A%2F%2Fdiscoveralmunecar.com%2Ffr%2Fplages-almunecar%2F|title:Playas%20de%20Almu%C3%B1%C3%A9car%2C%20un%20trocito%20de%20para%C3%ADso%20a%20tus%20pies&#8221;][\/vc_column_inner][\/vc_row_inner][vc_row_inner][vc_column_inner width=&#8221;1\/2&#8243;][vc_single_image image=&#8221;11528&#8243; img_size=&#8221;full&#8221; onclick=&#8221;custom_link&#8221; link=&#8221;\/fr\/naturaleza-de-almunecar\/&#8221;][\/vc_column_inner][vc_column_inner width=&#8221;1\/2&#8243;][vc_custom_heading text=&#8221;Nature&#8221; font_container=&#8221;tag:h3|font_size:25|text_align:left&#8221; use_theme_fonts=&#8221;yes&#8221; link=&#8221;url:%2Ffr%2Fnaturaleza-de-almunecar%2F|target:_blank&#8221;][\/vc_column_inner][\/vc_row_inner][vc_row_inner][vc_column_inner width=&#8221;1\/2&#8243;][vc_single_image image=&#8221;11398&#8243; img_size=&#8221;full&#8221; onclick=&#8221;custom_link&#8221; link=&#8221;\/fr\/histoire-almunecar&#8221;][\/vc_column_inner][vc_column_inner width=&#8221;1\/2&#8243;][vc_custom_heading text=&#8221;Histoire&#8221; font_container=&#8221;tag:h3|font_size:25|text_align:left&#8221; use_theme_fonts=&#8221;yes&#8221; link=&#8221;url:https%3A%2F%2Fdiscoveralmunecar.com%2Ffr%2Fhistoire-almunecar%2F|title:Histoire%20d%E2%80%99Almu%C3%B1%C3%A9car|target:_blank&#8221;][\/vc_column_inner][\/vc_row_inner][vc_row_inner][vc_column_inner width=&#8221;1\/2&#8243;][vc_single_image image=&#8221;11400&#8243; img_size=&#8221;full&#8221; onclick=&#8221;custom_link&#8221; link=&#8221;\/fr\/fetes-locales-dalmunecar&#8221;][\/vc_column_inner][vc_column_inner [&hellip;]\" \/>\n<meta property=\"og:url\" content=\"https:\/\/discoveralmunecar.com\/fr\/\" \/>\n<meta property=\"article:modified_time\" content=\"2023-08-02T09:01:59+00:00\" \/>\n<meta name=\"twitter:card\" content=\"summary_large_image\" \/>\n<meta name=\"twitter:label1\" content=\"Dur\u00e9e de lecture estim\u00e9e\" \/>\n\t<meta name=\"twitter:data1\" content=\"4 minutes\" \/>\n<script type=\"application\/ld+json\" class=\"yoast-schema-graph\">{\"@context\":\"https:\\\/\\\/schema.org\",\"@graph\":[{\"@type\":\"WebPage\",\"@id\":\"https:\\\/\\\/discoveralmunecar.com\\\/fr\\\/\",\"url\":\"https:\\\/\\\/discoveralmunecar.com\\\/fr\\\/\",\"name\":\"D\u00e9couvrez Almu\u00f1\u00e9car, profitez de la ville de la c\u00f4te tropicale. -\",\"isPartOf\":{\"@id\":\"https:\\\/\\\/discoveralmunecar.com\\\/fr\\\/#website\"},\"datePublished\":\"2021-08-04T13:31:14+00:00\",\"dateModified\":\"2023-08-02T09:01:59+00:00\",\"breadcrumb\":{\"@id\":\"https:\\\/\\\/discoveralmunecar.com\\\/fr\\\/#breadcrumb\"},\"inLanguage\":\"fr-FR\",\"potentialAction\":[{\"@type\":\"ReadAction\",\"target\":[\"https:\\\/\\\/discoveralmunecar.com\\\/fr\\\/\"]}]},{\"@type\":\"BreadcrumbList\",\"@id\":\"https:\\\/\\\/discoveralmunecar.com\\\/fr\\\/#breadcrumb\",\"itemListElement\":[{\"@type\":\"ListItem\",\"position\":1,\"name\":\"Home\",\"item\":\"https:\\\/\\\/discoveralmunecar.com\\\/fr\\\/\"},{\"@type\":\"ListItem\",\"position\":2,\"name\":\"D\u00e9couvrez Almu\u00f1\u00e9car, profitez de la ville de la c\u00f4te tropicale.\"}]},{\"@type\":\"WebSite\",\"@id\":\"https:\\\/\\\/discoveralmunecar.com\\\/fr\\\/#website\",\"url\":\"https:\\\/\\\/discoveralmunecar.com\\\/fr\\\/\",\"name\":\"\",\"description\":\"Just another WordPress site\\n\",\"potentialAction\":[{\"@type\":\"SearchAction\",\"target\":{\"@type\":\"EntryPoint\",\"urlTemplate\":\"https:\\\/\\\/discoveralmunecar.com\\\/fr\\\/?s={search_term_string}\"},\"query-input\":{\"@type\":\"PropertyValueSpecification\",\"valueRequired\":true,\"valueName\":\"search_term_string\"}}],\"inLanguage\":\"fr-FR\"}]}<\/script>\n<!-- \/ Yoast SEO plugin. -->","yoast_head_json":{"title":"D\u00e9couvrez Almu\u00f1\u00e9car, profitez de la ville de la c\u00f4te tropicale. -","robots":{"index":"index","follow":"follow","max-snippet":"max-snippet:-1","max-image-preview":"max-image-preview:large","max-video-preview":"max-video-preview:-1"},"canonical":"https:\/\/discoveralmunecar.com\/fr\/","og_locale":"fr_FR","og_type":"article","og_title":"D\u00e9couvrez Almu\u00f1\u00e9car, profitez de la ville de la c\u00f4te tropicale. -","og_description":"[vc_row full_width=&#8221;stretch_row&#8221; awb_type=&#8221;video&#8221; awb_video_mobile=&#8221;1&#8243; css=&#8221;.vc_custom_1676031628517{padding-top: 600px !important;}&#8221; awb_video_mp4=&#8221;13536&#8243;][vc_column][\/vc_column][\/vc_row][vc_row][vc_column][\/vc_column][\/vc_row][vc_row][vc_column][vc_row_inner][vc_column_inner width=&#8221;1\/2&#8243;][vc_single_image image=&#8221;11383&#8243; img_size=&#8221;full&#8221; onclick=&#8221;custom_link&#8221; link=&#8221;\/fr\/meteo-a-almunecar-soleil-et-beau-temps-toute-lannee&#8221;][\/vc_column_inner][vc_column_inner width=&#8221;1\/2&#8243;][vc_custom_heading text=&#8221;Climat&#8221; font_container=&#8221;tag:h3|font_size:25|text_align:left&#8221; use_theme_fonts=&#8221;yes&#8221; link=&#8221;url:https%3A%2F%2Fdiscoveralmunecar.com%2Ffr%2Fmeteo-a-almunecar-soleil-et-beau-temps-toute-lannee%2F|title:Clima%20en%20Almu%C3%B1%C3%A9car%2C%20%20sol%20y%20buen%20tiempo%20todo%20el%20a%C3%B1o|target:_blank&#8221;][\/vc_column_inner][\/vc_row_inner][vc_row_inner][vc_column_inner width=&#8221;1\/2&#8243;][vc_single_image image=&#8221;11394&#8243; img_size=&#8221;full&#8221; onclick=&#8221;custom_link&#8221; link=&#8221;\/fr\/plages-almunecar&#8221;][\/vc_column_inner][vc_column_inner width=&#8221;1\/2&#8243;][vc_custom_heading text=&#8221;Soleil et plage&#8221; font_container=&#8221;tag:h3|font_size:25|text_align:left&#8221; use_theme_fonts=&#8221;yes&#8221; link=&#8221;url:https%3A%2F%2Fdiscoveralmunecar.com%2Ffr%2Fplages-almunecar%2F|title:Playas%20de%20Almu%C3%B1%C3%A9car%2C%20un%20trocito%20de%20para%C3%ADso%20a%20tus%20pies&#8221;][\/vc_column_inner][\/vc_row_inner][vc_row_inner][vc_column_inner width=&#8221;1\/2&#8243;][vc_single_image image=&#8221;11528&#8243; img_size=&#8221;full&#8221; onclick=&#8221;custom_link&#8221; link=&#8221;\/fr\/naturaleza-de-almunecar\/&#8221;][\/vc_column_inner][vc_column_inner width=&#8221;1\/2&#8243;][vc_custom_heading text=&#8221;Nature&#8221; font_container=&#8221;tag:h3|font_size:25|text_align:left&#8221; use_theme_fonts=&#8221;yes&#8221; link=&#8221;url:%2Ffr%2Fnaturaleza-de-almunecar%2F|target:_blank&#8221;][\/vc_column_inner][\/vc_row_inner][vc_row_inner][vc_column_inner width=&#8221;1\/2&#8243;][vc_single_image image=&#8221;11398&#8243; img_size=&#8221;full&#8221; onclick=&#8221;custom_link&#8221; link=&#8221;\/fr\/histoire-almunecar&#8221;][\/vc_column_inner][vc_column_inner width=&#8221;1\/2&#8243;][vc_custom_heading text=&#8221;Histoire&#8221; font_container=&#8221;tag:h3|font_size:25|text_align:left&#8221; use_theme_fonts=&#8221;yes&#8221; link=&#8221;url:https%3A%2F%2Fdiscoveralmunecar.com%2Ffr%2Fhistoire-almunecar%2F|title:Histoire%20d%E2%80%99Almu%C3%B1%C3%A9car|target:_blank&#8221;][\/vc_column_inner][\/vc_row_inner][vc_row_inner][vc_column_inner width=&#8221;1\/2&#8243;][vc_single_image image=&#8221;11400&#8243; img_size=&#8221;full&#8221; onclick=&#8221;custom_link&#8221; link=&#8221;\/fr\/fetes-locales-dalmunecar&#8221;][\/vc_column_inner][vc_column_inner [&hellip;]","og_url":"https:\/\/discoveralmunecar.com\/fr\/","article_modified_time":"2023-08-02T09:01:59+00:00","twitter_card":"summary_large_image","twitter_misc":{"Dur\u00e9e de lecture estim\u00e9e":"4 minutes"},"schema":{"@context":"https:\/\/schema.org","@graph":[{"@type":"WebPage","@id":"https:\/\/discoveralmunecar.com\/fr\/","url":"https:\/\/discoveralmunecar.com\/fr\/","name":"D\u00e9couvrez Almu\u00f1\u00e9car, profitez de la ville de la c\u00f4te tropicale. -","isPartOf":{"@id":"https:\/\/discoveralmunecar.com\/fr\/#website"},"datePublished":"2021-08-04T13:31:14+00:00","dateModified":"2023-08-02T09:01:59+00:00","breadcrumb":{"@id":"https:\/\/discoveralmunecar.com\/fr\/#breadcrumb"},"inLanguage":"fr-FR","potentialAction":[{"@type":"ReadAction","target":["https:\/\/discoveralmunecar.com\/fr\/"]}]},{"@type":"BreadcrumbList","@id":"https:\/\/discoveralmunecar.com\/fr\/#breadcrumb","itemListElement":[{"@type":"ListItem","position":1,"name":"Home","item":"https:\/\/discoveralmunecar.com\/fr\/"},{"@type":"ListItem","position":2,"name":"D\u00e9couvrez Almu\u00f1\u00e9car, profitez de la ville de la c\u00f4te tropicale."}]},{"@type":"WebSite","@id":"https:\/\/discoveralmunecar.com\/fr\/#website","url":"https:\/\/discoveralmunecar.com\/fr\/","name":"","description":"Just another WordPress site\n","potentialAction":[{"@type":"SearchAction","target":{"@type":"EntryPoint","urlTemplate":"https:\/\/discoveralmunecar.com\/fr\/?s={search_term_string}"},"query-input":{"@type":"PropertyValueSpecification","valueRequired":true,"valueName":"search_term_string"}}],"inLanguage":"fr-FR"}]}},"_links":{"self":[{"href":"https:\/\/discoveralmunecar.com\/fr\/wp-json\/wp\/v2\/pages\/5835","targetHints":{"allow":["GET"]}}],"collection":[{"href":"https:\/\/discoveralmunecar.com\/fr\/wp-json\/wp\/v2\/pages"}],"about":[{"href":"https:\/\/discoveralmunecar.com\/fr\/wp-json\/wp\/v2\/types\/page"}],"author":[{"embeddable":true,"href":"https:\/\/discoveralmunecar.com\/fr\/wp-json\/wp\/v2\/users\/2"}],"replies":[{"embeddable":true,"href":"https:\/\/discoveralmunecar.com\/fr\/wp-json\/wp\/v2\/comments?post=5835"}],"version-history":[{"count":18,"href":"https:\/\/discoveralmunecar.com\/fr\/wp-json\/wp\/v2\/pages\/5835\/revisions"}],"predecessor-version":[{"id":16969,"href":"https:\/\/discoveralmunecar.com\/fr\/wp-json\/wp\/v2\/pages\/5835\/revisions\/16969"}],"wp:attachment":[{"href":"https:\/\/discoveralmunecar.com\/fr\/wp-json\/wp\/v2\/media?parent=5835"}],"curies":[{"name":"wp","href":"https:\/\/api.w.org\/{rel}","templated":true}]}}