{"id":6331,"date":"2021-08-12T09:53:29","date_gmt":"2021-08-12T09:53:29","guid":{"rendered":"https:\/\/discoveralmunecar.com\/?page_id=6331"},"modified":"2022-03-30T10:09:45","modified_gmt":"2022-03-30T10:09:45","slug":"histoire-almunecar","status":"publish","type":"page","link":"https:\/\/discoveralmunecar.com\/fr\/histoire-almunecar\/","title":{"rendered":"Histoire d&#8217;Almu\u00f1\u00e9car"},"content":{"rendered":"<p>[vc_row][vc_column]      <div class=\"row\">\n        <div class=\"post-grid-view\">\n                  <div class=\"col-sm-6 post-19093 post type-post status-publish format-standard has-post-thumbnail hentry category-agenda-culturel-dalmunecar category-culture-dalmunecar category-evenements-a-almunecar category-histoire-dalmunecar\">\n\n            <div class=\"tt-post type-2\">\n                      <a class=\"tt-post-img custom-hover\" href=\"https:\/\/discoveralmunecar.com\/fr\/fete-de-la-vierge-du-carmen-a-almunecar\/\">\n      <img fetchpriority=\"high\" decoding=\"async\" width=\"537\" height=\"307\" src=\"https:\/\/discoveralmunecar.com\/wp-content\/uploads\/2025\/05\/Virgen-del-Carmen@0.5x-537x307.webp\" class=\"img-responsive wp-post-image\" alt=\"\" \/>    <\/a>\n                <div class=\"tt-post-info\">\n                                    <a class=\"tt-post-title c-h4\" href=\"https:\/\/discoveralmunecar.com\/fr\/fete-de-la-vierge-du-carmen-a-almunecar\/\"><small>F\u00eate de la Vierge du Carmen \u00e0 Almu\u00f1\u00e9car<\/small><\/a>\n                      <div class=\"tt-post-label\">\n                <\/div>\n                      <div class=\"simple-text\">\n      <p><\/p>\n    <\/div>\n                                    <\/div>\n            <\/div>\n            <div class=\"empty-space marg-xs-b30\"><\/div> \n          <\/div>\n            <div class=\"col-xs-6 col-sm-4 col-lg-2 post-handy-picked post-18198 post type-post status-publish format-standard has-post-thumbnail hentry category-agenda-culturel-dalmunecar category-culture-dalmunecar category-histoire-dalmunecar\">\n      <div class=\"tt-post type-3\">\n                <a class=\"tt-post-img custom-hover\" href=\"https:\/\/discoveralmunecar.com\/fr\/le-jour-de-la-croix-a-almunecar\/\">\n      <img decoding=\"async\" width=\"183\" height=\"96\" src=\"https:\/\/discoveralmunecar.com\/wp-content\/uploads\/2025\/04\/20230504-_1170647Cruces-2023@0.5x-183x96.webp\" class=\"img-responsive wp-post-image\" alt=\"\" \/>    <\/a>\n            <div class=\"tt-post-info\">\n                <a class=\"tt-post-title c-h5\" href=\"https:\/\/discoveralmunecar.com\/fr\/le-jour-de-la-croix-a-almunecar\/\">Le Jour de la Croix \u00e0 Almu\u00f1\u00e9car<\/a>\n                  <div class=\"tt-post-label\">\n              <span class=\"tt-post-author-name\"><a href=\"https:\/\/discoveralmunecar.com\/fr\/author\/pedro-espinosa\/\">Admin<\/a><\/span>\n                    <span class=\"tt-post-date\">avril 29, 2025<\/span>\n          <\/div>\n            <\/div>\n      <\/div> \n      <div class=\"empty-space marg-lg-b25\"><\/div>                 \n    <\/div>\n      <div class=\"col-xs-6 col-sm-4 col-lg-2 post-handy-picked post-7299 post type-post status-publish format-standard has-post-thumbnail hentry category-histoire-dalmunecar\">\n      <div class=\"tt-post type-3\">\n                <a class=\"tt-post-img custom-hover\" href=\"https:\/\/discoveralmunecar.com\/fr\/200-ans-de-tourisme-avec-nicolas-antonio-fernandez\/\">\n      <img decoding=\"async\" width=\"183\" height=\"96\" src=\"https:\/\/discoveralmunecar.com\/wp-content\/uploads\/2021\/09\/Nicola\u0301s-Ferna\u0301ndez-Portada-AF-183x96.jpg\" class=\"img-responsive wp-post-image\" alt=\"\" \/>    <\/a>\n            <div class=\"tt-post-info\">\n                <a class=\"tt-post-title c-h5\" href=\"https:\/\/discoveralmunecar.com\/fr\/200-ans-de-tourisme-avec-nicolas-antonio-fernandez\/\">200 ans de tourisme avec Nicol\u00e1s Antonio Fern\u00e1ndez<\/a>\n                  <div class=\"tt-post-label\">\n              <span class=\"tt-post-author-name\"><a href=\"https:\/\/discoveralmunecar.com\/fr\/author\/pedro-espinosa\/\">Admin<\/a><\/span>\n                    <span class=\"tt-post-date\">septembre 16, 2021<\/span>\n          <\/div>\n            <\/div>\n      <\/div> \n      <div class=\"empty-space marg-lg-b25\"><\/div>                 \n    <\/div>\n      <div class=\"col-xs-6 col-sm-4 col-lg-2 post-handy-picked post-4584 post type-post status-publish format-standard has-post-thumbnail hentry category-histoire-dalmunecar category-que-faire\">\n      <div class=\"tt-post type-3\">\n                <a class=\"tt-post-img custom-hover\" href=\"https:\/\/discoveralmunecar.com\/fr\/aqueduc-romain\/\">\n      <img loading=\"lazy\" decoding=\"async\" width=\"183\" height=\"96\" src=\"https:\/\/discoveralmunecar.com\/wp-content\/uploads\/2022\/06\/A@0.5x-183x96.jpg\" class=\"img-responsive wp-post-image\" alt=\"Acueducto Romano de Almu\u00f1\u00e9car\" \/>    <\/a>\n            <div class=\"tt-post-info\">\n                <a class=\"tt-post-title c-h5\" href=\"https:\/\/discoveralmunecar.com\/fr\/aqueduc-romain\/\">Aqueduc romain<\/a>\n                  <div class=\"tt-post-label\">\n              <span class=\"tt-post-author-name\"><a href=\"https:\/\/discoveralmunecar.com\/fr\/author\/equipo_translate\/\">Translate<\/a><\/span>\n                    <span class=\"tt-post-date\">juin 30, 2021<\/span>\n          <\/div>\n            <\/div>\n      <\/div> \n      <div class=\"empty-space marg-lg-b25\"><\/div>                 \n    <\/div>\n      <div class=\"col-xs-6 col-sm-4 col-lg-2 post-handy-picked post-4657 post type-post status-publish format-standard has-post-thumbnail hentry category-histoire-dalmunecar category-que-faire\">\n      <div class=\"tt-post type-3\">\n                <a class=\"tt-post-img custom-hover\" href=\"https:\/\/discoveralmunecar.com\/fr\/musee-claves-almunecar\/\">\n      <img loading=\"lazy\" decoding=\"async\" width=\"183\" height=\"96\" src=\"https:\/\/discoveralmunecar.com\/wp-content\/uploads\/2021\/04\/museum-key-foundation-almunecar-2-183x96.jpg\" class=\"img-responsive wp-post-image\" alt=\"\" \/>    <\/a>\n            <div class=\"tt-post-info\">\n                <a class=\"tt-post-title c-h5\" href=\"https:\/\/discoveralmunecar.com\/fr\/musee-claves-almunecar\/\">Mus\u00e9e Claves de Almu\u00f1\u00e9car<\/a>\n                  <div class=\"tt-post-label\">\n              <span class=\"tt-post-author-name\"><a href=\"https:\/\/discoveralmunecar.com\/fr\/author\/equipo_translate\/\">Translate<\/a><\/span>\n                    <span class=\"tt-post-date\">juillet 23, 2021<\/span>\n          <\/div>\n            <\/div>\n      <\/div> \n      <div class=\"empty-space marg-lg-b25\"><\/div>                 \n    <\/div>\n      <div class=\"col-xs-6 col-sm-4 col-lg-2 post-handy-picked post-4152 post type-post status-publish format-standard has-post-thumbnail hentry category-histoire-dalmunecar category-que-faire\">\n      <div class=\"tt-post type-3\">\n                <a class=\"tt-post-img custom-hover\" href=\"https:\/\/discoveralmunecar.com\/fr\/hommage-aux-hommes-de-la-mer\/\">\n      <img loading=\"lazy\" decoding=\"async\" width=\"183\" height=\"96\" src=\"https:\/\/discoveralmunecar.com\/wp-content\/uploads\/2021\/06\/3-183x96.jpg\" class=\"img-responsive wp-post-image\" alt=\"\" \/>    <\/a>\n            <div class=\"tt-post-info\">\n                <a class=\"tt-post-title c-h5\" href=\"https:\/\/discoveralmunecar.com\/fr\/hommage-aux-hommes-de-la-mer\/\">Hommage aux hommes de la mer<\/a>\n                  <div class=\"tt-post-label\">\n              <span class=\"tt-post-author-name\"><a href=\"https:\/\/discoveralmunecar.com\/fr\/author\/equipo_translate\/\">Translate<\/a><\/span>\n                    <span class=\"tt-post-date\">juillet 13, 2021<\/span>\n          <\/div>\n            <\/div>\n      <\/div> \n      <div class=\"empty-space marg-lg-b25\"><\/div>                 \n    <\/div>\n      <div class=\"col-xs-6 col-sm-4 col-lg-2 post-handy-picked post-4646 post type-post status-publish format-standard has-post-thumbnail hentry category-histoire-dalmunecar category-que-faire\">\n      <div class=\"tt-post type-3\">\n                <a class=\"tt-post-img custom-hover\" href=\"https:\/\/discoveralmunecar.com\/fr\/chateau-de-san-miguel\/\">\n      <img loading=\"lazy\" decoding=\"async\" width=\"183\" height=\"96\" src=\"https:\/\/discoveralmunecar.com\/wp-content\/uploads\/2022\/06\/DSC4964@0.5x-1-183x96.jpg\" class=\"img-responsive wp-post-image\" alt=\"Castillo San Miguel de Almu\u00f1\u00e9car\" \/>    <\/a>\n            <div class=\"tt-post-info\">\n                <a class=\"tt-post-title c-h5\" href=\"https:\/\/discoveralmunecar.com\/fr\/chateau-de-san-miguel\/\">Ch\u00e2teau de San Miguel<\/a>\n                  <div class=\"tt-post-label\">\n              <span class=\"tt-post-author-name\"><a href=\"https:\/\/discoveralmunecar.com\/fr\/author\/equipo_translate\/\">Translate<\/a><\/span>\n                    <span class=\"tt-post-date\">juillet 23, 2021<\/span>\n          <\/div>\n            <\/div>\n      <\/div> \n      <div class=\"empty-space marg-lg-b25\"><\/div>                 \n    <\/div>\n      <div class=\"col-xs-6 col-sm-4 col-lg-2 post-handy-picked post-4094 post type-post status-publish format-standard has-post-thumbnail hentry category-histoire-dalmunecar category-que-faire\">\n      <div class=\"tt-post type-3\">\n                <a class=\"tt-post-img custom-hover\" href=\"https:\/\/discoveralmunecar.com\/fr\/les-thermes-romains-almunecar\/\">\n      <img loading=\"lazy\" decoding=\"async\" width=\"183\" height=\"96\" src=\"https:\/\/discoveralmunecar.com\/wp-content\/uploads\/2021\/06\/6-183x96.jpg\" class=\"img-responsive wp-post-image\" alt=\"\" \/>    <\/a>\n            <div class=\"tt-post-info\">\n                <a class=\"tt-post-title c-h5\" href=\"https:\/\/discoveralmunecar.com\/fr\/les-thermes-romains-almunecar\/\">Les thermes romains d&#8217;Almu\u00f1\u00e9car<\/a>\n                  <div class=\"tt-post-label\">\n              <span class=\"tt-post-author-name\"><a href=\"https:\/\/discoveralmunecar.com\/fr\/author\/equipo_translate\/\">Translate<\/a><\/span>\n                    <span class=\"tt-post-date\">juillet 13, 2021<\/span>\n          <\/div>\n            <\/div>\n      <\/div> \n      <div class=\"empty-space marg-lg-b25\"><\/div>                 \n    <\/div>\n      <div class=\"col-xs-6 col-sm-4 col-lg-2 post-handy-picked post-4108 post type-post status-publish format-standard has-post-thumbnail hentry category-histoire-dalmunecar category-que-faire\">\n      <div class=\"tt-post type-3\">\n                <a class=\"tt-post-img custom-hover\" href=\"https:\/\/discoveralmunecar.com\/fr\/eglise-de-san-jose-la-herradura\/\">\n      <img loading=\"lazy\" decoding=\"async\" width=\"183\" height=\"96\" src=\"https:\/\/discoveralmunecar.com\/wp-content\/uploads\/2021\/06\/7-1-183x96.jpg\" class=\"img-responsive wp-post-image\" alt=\"\" \/>    <\/a>\n            <div class=\"tt-post-info\">\n                <a class=\"tt-post-title c-h5\" href=\"https:\/\/discoveralmunecar.com\/fr\/eglise-de-san-jose-la-herradura\/\">\u00c9glise de San Jos\u00e9 La Herradura<\/a>\n                  <div class=\"tt-post-label\">\n              <span class=\"tt-post-author-name\"><a href=\"https:\/\/discoveralmunecar.com\/fr\/author\/equipo_translate\/\">Translate<\/a><\/span>\n                    <span class=\"tt-post-date\">juillet 13, 2021<\/span>\n          <\/div>\n            <\/div>\n      <\/div> \n      <div class=\"empty-space marg-lg-b25\"><\/div>                 \n    <\/div>\n      <div class=\"col-xs-6 col-sm-4 col-lg-2 post-handy-picked post-4640 post type-post status-publish format-standard has-post-thumbnail hentry category-histoire-dalmunecar category-que-faire\">\n      <div class=\"tt-post type-3\">\n                <a class=\"tt-post-img custom-hover\" href=\"https:\/\/discoveralmunecar.com\/fr\/palais-la-najarra\/\">\n      <img loading=\"lazy\" decoding=\"async\" width=\"183\" height=\"96\" src=\"https:\/\/discoveralmunecar.com\/wp-content\/uploads\/2021\/04\/palacete-la-najarra-1-183x96.jpg\" class=\"img-responsive wp-post-image\" alt=\"Palais La Najarra\" \/>    <\/a>\n            <div class=\"tt-post-info\">\n                <a class=\"tt-post-title c-h5\" href=\"https:\/\/discoveralmunecar.com\/fr\/palais-la-najarra\/\">Palais La Najarra<\/a>\n                  <div class=\"tt-post-label\">\n              <span class=\"tt-post-author-name\"><a href=\"https:\/\/discoveralmunecar.com\/fr\/author\/equipo_translate\/\">Translate<\/a><\/span>\n                    <span class=\"tt-post-date\">juillet 23, 2021<\/span>\n          <\/div>\n            <\/div>\n      <\/div> \n      <div class=\"empty-space marg-lg-b25\"><\/div>                 \n    <\/div>\n      <div class=\"col-xs-6 col-sm-4 col-lg-2 post-handy-picked post-4142 post type-post status-publish format-standard has-post-thumbnail hentry category-histoire-dalmunecar category-que-faire\">\n      <div class=\"tt-post type-3\">\n                <a class=\"tt-post-img custom-hover\" href=\"https:\/\/discoveralmunecar.com\/fr\/la-cueva-de-los-7-palacios\/\">\n      <img loading=\"lazy\" decoding=\"async\" width=\"183\" height=\"96\" src=\"https:\/\/discoveralmunecar.com\/wp-content\/uploads\/2021\/06\/8-183x96.jpg\" class=\"img-responsive wp-post-image\" alt=\"\" \/>    <\/a>\n            <div class=\"tt-post-info\">\n                <a class=\"tt-post-title c-h5\" href=\"https:\/\/discoveralmunecar.com\/fr\/la-cueva-de-los-7-palacios\/\">La Cueva de los 7 Palacios<\/a>\n                  <div class=\"tt-post-label\">\n              <span class=\"tt-post-author-name\"><a href=\"https:\/\/discoveralmunecar.com\/fr\/author\/equipo_translate\/\">Translate<\/a><\/span>\n                    <span class=\"tt-post-date\">juillet 13, 2021<\/span>\n          <\/div>\n            <\/div>\n      <\/div> \n      <div class=\"empty-space marg-lg-b25\"><\/div>                 \n    <\/div>\n      <div class=\"col-xs-6 col-sm-4 col-lg-2 post-handy-picked post-5481 post type-post status-publish format-standard has-post-thumbnail hentry category-histoire-dalmunecar category-musees category-que-faire\">\n      <div class=\"tt-post type-3\">\n                <a class=\"tt-post-img custom-hover\" href=\"https:\/\/discoveralmunecar.com\/fr\/musee-siete-palacios\/\">\n      <img loading=\"lazy\" decoding=\"async\" width=\"183\" height=\"96\" src=\"https:\/\/discoveralmunecar.com\/wp-content\/uploads\/2021\/04\/museum-cave-seven-palaces-1-183x96.jpg\" class=\"img-responsive wp-post-image\" alt=\"\" \/>    <\/a>\n            <div class=\"tt-post-info\">\n                <a class=\"tt-post-title c-h5\" href=\"https:\/\/discoveralmunecar.com\/fr\/musee-siete-palacios\/\">Mus\u00e9e Siete Palacios<\/a>\n                  <div class=\"tt-post-label\">\n              <span class=\"tt-post-author-name\"><a href=\"https:\/\/discoveralmunecar.com\/fr\/author\/equipo_translate\/\">Translate<\/a><\/span>\n                    <span class=\"tt-post-date\">juillet 26, 2021<\/span>\n          <\/div>\n            <\/div>\n      <\/div> \n      <div class=\"empty-space marg-lg-b25\"><\/div>                 \n    <\/div>\n      <div class=\"col-xs-6 col-sm-4 col-lg-2 post-handy-picked post-4564 post type-post status-publish format-standard has-post-thumbnail hentry category-fetes-locales-almunecar category-histoire-dalmunecar category-que-faire\">\n      <div class=\"tt-post type-3\">\n                <a class=\"tt-post-img custom-hover\" href=\"https:\/\/discoveralmunecar.com\/fr\/foire-almunecar\/\">\n      <img loading=\"lazy\" decoding=\"async\" width=\"183\" height=\"96\" src=\"https:\/\/discoveralmunecar.com\/wp-content\/uploads\/2021\/04\/Fachada-Feria-Almun\u0303e\u0301car-2022-183x96.webp\" class=\"img-responsive wp-post-image\" alt=\"\" \/>    <\/a>\n            <div class=\"tt-post-info\">\n                <a class=\"tt-post-title c-h5\" href=\"https:\/\/discoveralmunecar.com\/fr\/foire-almunecar\/\">Foire d&#8217;Almu\u00f1\u00e9car 2022<\/a>\n                  <div class=\"tt-post-label\">\n              <span class=\"tt-post-author-name\"><a href=\"https:\/\/discoveralmunecar.com\/fr\/author\/equipo_translate\/\">Translate<\/a><\/span>\n                    <span class=\"tt-post-date\">juillet 13, 2021<\/span>\n          <\/div>\n            <\/div>\n      <\/div> \n      <div class=\"empty-space marg-lg-b25\"><\/div>                 \n    <\/div>\n      <div class=\"col-xs-6 col-sm-4 col-lg-2 post-handy-picked post-4119 post type-post status-publish format-standard has-post-thumbnail hentry category-histoire-dalmunecar category-que-faire\">\n      <div class=\"tt-post type-3\">\n                <a class=\"tt-post-img custom-hover\" href=\"https:\/\/discoveralmunecar.com\/fr\/eglise-de-la-encarnacion-a-almunecar\/\">\n      <img loading=\"lazy\" decoding=\"async\" width=\"183\" height=\"96\" src=\"https:\/\/discoveralmunecar.com\/wp-content\/uploads\/2021\/06\/7-4-183x96.jpg\" class=\"img-responsive wp-post-image\" alt=\"\" \/>    <\/a>\n            <div class=\"tt-post-info\">\n                <a class=\"tt-post-title c-h5\" href=\"https:\/\/discoveralmunecar.com\/fr\/eglise-de-la-encarnacion-a-almunecar\/\">\u00c9glise de la Encarnaci\u00f3n \u00e0 Almu\u00f1\u00e9car<\/a>\n                  <div class=\"tt-post-label\">\n              <span class=\"tt-post-author-name\"><a href=\"https:\/\/discoveralmunecar.com\/fr\/author\/equipo_translate\/\">Translate<\/a><\/span>\n                    <span class=\"tt-post-date\">juillet 13, 2021<\/span>\n          <\/div>\n            <\/div>\n      <\/div> \n      <div class=\"empty-space marg-lg-b25\"><\/div>                 \n    <\/div>\n      <div class=\"col-xs-6 col-sm-4 col-lg-2 post-handy-picked post-4578 post type-post status-publish format-standard has-post-thumbnail hentry category-histoire-dalmunecar category-que-faire\">\n      <div class=\"tt-post type-3\">\n                <a class=\"tt-post-img custom-hover\" href=\"https:\/\/discoveralmunecar.com\/fr\/usine-de-roman-salazon\/\">\n      <img loading=\"lazy\" decoding=\"async\" width=\"183\" height=\"96\" src=\"https:\/\/discoveralmunecar.com\/wp-content\/uploads\/2021\/04\/factoria-salazon-1-183x96.jpg\" class=\"img-responsive wp-post-image\" alt=\"\" \/>    <\/a>\n            <div class=\"tt-post-info\">\n                <a class=\"tt-post-title c-h5\" href=\"https:\/\/discoveralmunecar.com\/fr\/usine-de-roman-salazon\/\">Usine de Roman Salazon<\/a>\n                  <div class=\"tt-post-label\">\n              <span class=\"tt-post-author-name\"><a href=\"https:\/\/discoveralmunecar.com\/fr\/author\/equipo_translate\/\">Translate<\/a><\/span>\n                    <span class=\"tt-post-date\">juillet 13, 2021<\/span>\n          <\/div>\n            <\/div>\n      <\/div> \n      <div class=\"empty-space marg-lg-b25\"><\/div>                 \n    <\/div>\n      <div class=\"col-xs-6 col-sm-4 col-lg-2 post-handy-picked post-4134 post type-post status-publish format-standard has-post-thumbnail hentry category-histoire-dalmunecar category-que-faire\">\n      <div class=\"tt-post type-3\">\n                <a class=\"tt-post-img custom-hover\" href=\"https:\/\/discoveralmunecar.com\/fr\/place-abderraman-i\/\">\n      <img loading=\"lazy\" decoding=\"async\" width=\"183\" height=\"96\" src=\"https:\/\/discoveralmunecar.com\/wp-content\/uploads\/2021\/06\/MG_2909@0.5x-1-183x96.jpg\" class=\"img-responsive wp-post-image\" alt=\"Plaza de Abderram\u00e1n I\" \/>    <\/a>\n            <div class=\"tt-post-info\">\n                <a class=\"tt-post-title c-h5\" href=\"https:\/\/discoveralmunecar.com\/fr\/place-abderraman-i\/\">Place Abderram\u00e1n I<\/a>\n                  <div class=\"tt-post-label\">\n              <span class=\"tt-post-author-name\"><a href=\"https:\/\/discoveralmunecar.com\/fr\/author\/equipo_translate\/\">Translate<\/a><\/span>\n                    <span class=\"tt-post-date\">juillet 13, 2021<\/span>\n          <\/div>\n            <\/div>\n      <\/div> \n      <div class=\"empty-space marg-lg-b25\"><\/div>                 \n    <\/div>\n      <div class=\"col-xs-6 col-sm-4 col-lg-2 post-handy-picked post-4569 post type-post status-publish format-standard has-post-thumbnail hentry category-histoire-dalmunecar category-que-faire\">\n      <div class=\"tt-post type-3\">\n                <a class=\"tt-post-img custom-hover\" href=\"https:\/\/discoveralmunecar.com\/fr\/chateau-la-herradura\/\">\n      <img loading=\"lazy\" decoding=\"async\" width=\"183\" height=\"96\" src=\"https:\/\/discoveralmunecar.com\/wp-content\/uploads\/2021\/04\/castillo-la-herradura-1-183x96.jpg\" class=\"img-responsive wp-post-image\" alt=\"\" \/>    <\/a>\n            <div class=\"tt-post-info\">\n                <a class=\"tt-post-title c-h5\" href=\"https:\/\/discoveralmunecar.com\/fr\/chateau-la-herradura\/\">Ch\u00e2teau La Herradura<\/a>\n                  <div class=\"tt-post-label\">\n              <span class=\"tt-post-author-name\"><a href=\"https:\/\/discoveralmunecar.com\/fr\/author\/equipo_translate\/\">Translate<\/a><\/span>\n                    <span class=\"tt-post-date\">juillet 13, 2021<\/span>\n          <\/div>\n            <\/div>\n      <\/div> \n      <div class=\"empty-space marg-lg-b25\"><\/div>                 \n    <\/div>\n      <div class=\"col-xs-6 col-sm-4 col-lg-2 post-handy-picked post-4086 post type-post status-publish format-standard has-post-thumbnail hentry category-histoire-dalmunecar category-que-faire\">\n      <div class=\"tt-post type-3\">\n                <a class=\"tt-post-img custom-hover\" href=\"https:\/\/discoveralmunecar.com\/fr\/le-pont-romain-almunecar\/\">\n      <img loading=\"lazy\" decoding=\"async\" width=\"183\" height=\"96\" src=\"https:\/\/discoveralmunecar.com\/wp-content\/uploads\/2021\/06\/5-1-183x96.jpg\" class=\"img-responsive wp-post-image\" alt=\"\" \/>    <\/a>\n            <div class=\"tt-post-info\">\n                <a class=\"tt-post-title c-h5\" href=\"https:\/\/discoveralmunecar.com\/fr\/le-pont-romain-almunecar\/\">Le pont romain d&#8217;Almu\u00f1\u00e9car<\/a>\n                  <div class=\"tt-post-label\">\n              <span class=\"tt-post-author-name\"><a href=\"https:\/\/discoveralmunecar.com\/fr\/author\/equipo_translate\/\">Translate<\/a><\/span>\n                    <span class=\"tt-post-date\">juillet 13, 2021<\/span>\n          <\/div>\n            <\/div>\n      <\/div> \n      <div class=\"empty-space marg-lg-b25\"><\/div>                 \n    <\/div>\n      <div class=\"col-xs-6 col-sm-4 col-lg-2 post-handy-picked post-17508 post type-post status-publish format-standard has-post-thumbnail hentry category-culture-dalmunecar category-evenements-a-almunecar category-histoire-dalmunecar category-la-herradura-fr\">\n      <div class=\"tt-post type-3\">\n                <a class=\"tt-post-img custom-hover\" href=\"https:\/\/discoveralmunecar.com\/fr\/histoire-de-la-celebration-de-la-croix-de-mai-2024\/\">\n      <img loading=\"lazy\" decoding=\"async\" width=\"183\" height=\"96\" src=\"https:\/\/discoveralmunecar.com\/wp-content\/uploads\/2024\/04\/Cruz-2-183x96.webp\" class=\"img-responsive wp-post-image\" alt=\"\" \/>    <\/a>\n            <div class=\"tt-post-info\">\n                <a class=\"tt-post-title c-h5\" href=\"https:\/\/discoveralmunecar.com\/fr\/histoire-de-la-celebration-de-la-croix-de-mai-2024\/\">Histoire de la c\u00e9l\u00e9bration de la Croix de Mai 2024<\/a>\n                  <div class=\"tt-post-label\">\n              <span class=\"tt-post-author-name\"><a href=\"https:\/\/discoveralmunecar.com\/fr\/author\/pedro-espinosa\/\">Admin<\/a><\/span>\n                    <span class=\"tt-post-date\">mai 3, 2024<\/span>\n          <\/div>\n            <\/div>\n      <\/div> \n      <div class=\"empty-space marg-lg-b25\"><\/div>                 \n    <\/div>\n      <div class=\"col-xs-6 col-sm-4 col-lg-2 post-handy-picked post-6774 post type-post status-publish format-standard has-post-thumbnail hentry category-histoire-dalmunecar category-que-faire\">\n      <div class=\"tt-post type-3\">\n                <a class=\"tt-post-img custom-hover\" href=\"https:\/\/discoveralmunecar.com\/fr\/origine-du-nom-de-lieu-sexi\/\">\n      <img loading=\"lazy\" decoding=\"async\" width=\"183\" height=\"96\" src=\"https:\/\/discoveralmunecar.com\/wp-content\/uploads\/2021\/08\/4-183x96.jpeg\" class=\"img-responsive wp-post-image\" alt=\"\" \/>    <\/a>\n            <div class=\"tt-post-info\">\n                <a class=\"tt-post-title c-h5\" href=\"https:\/\/discoveralmunecar.com\/fr\/origine-du-nom-de-lieu-sexi\/\">Origine du nom de lieu Sexi<\/a>\n                  <div class=\"tt-post-label\">\n              <span class=\"tt-post-author-name\"><a href=\"https:\/\/discoveralmunecar.com\/fr\/author\/pedro-espinosa\/\">Admin<\/a><\/span>\n                    <span class=\"tt-post-date\">ao\u00fbt 31, 2021<\/span>\n          <\/div>\n            <\/div>\n      <\/div> \n      <div class=\"empty-space marg-lg-b25\"><\/div>                 \n    <\/div>\n          <\/div>\n      <\/div>\n      \n  [\/vc_column][\/vc_row][vc_row][vc_column][vc_empty_space][vc_custom_heading text=&#8221;D\u00e9couvrez l&#8217;histoire d&#8217;Almu\u00f1\u00e9car&#8221;][vc_empty_space]<div class=\"text-block\" ><div class=\"simple-text \"><h3>Les Romains<\/h3>\n<p>Apr\u00e8s la fondation de la ville et le s\u00e9jour des Ph\u00e9niciens dans celle-ci, ceux-ci sont entr\u00e9s en conflit avec un autre des grands peuples de la M\u00e9diterran\u00e9e de l&#8217;\u00e9poque, Carthage. L&#8217;h\u00e9g\u00e9monie des Carthaginois n&#8217;a pas dur\u00e9 longtemps, car l&#8217;Empire romain allait bient\u00f4t imposer son statut \u00e0 tout ce qui se trouvait dans la Mare Nostrum, et donc aussi \u00e0 la ville de S\u00e9govie. Et apr\u00e8s la deuxi\u00e8me guerre punique, la ville a \u00e9t\u00e9 conquise par Rome \u00e0 la fin du IIIe si\u00e8cle avant J.-C. Et vers l&#8217;an 49 avant J.-C., elle a \u00e9t\u00e9 rebaptis\u00e9e Firmum Iulium Sexi, pour le soutien apport\u00e9 \u00e0 Gaius Jules C\u00e9sar dans la bataille de Munda contre Pomp\u00e9e, dans le cadre de la guerre civile qui se d\u00e9roulait alors dans l&#8217;Empire romain.<\/p>\n<p>C&#8217;est pourquoi Discover Almu\u00f1ecar pr\u00e9sente \u00e0 cette occasion la marque laiss\u00e9e par l&#8217;Empire romain \u00e0 Almu\u00f1ecar car, m\u00eame s&#8217;il est clair que la culture qui a le plus contribu\u00e9 \u00e0 l&#8217;histoire de cette ville a \u00e9t\u00e9 celle des musulmans tout au long du Moyen \u00c2ge, nous ne pouvons pas ignorer l&#8217;impact important que la romanisation a eu sur toute la p\u00e9ninsule ib\u00e9rique et donc aussi sur l&#8217;actuelle Costa del Sol Tropicale, et plus pr\u00e9cis\u00e9ment \u00e0 Almu\u00f1ecar et La Herradura.<\/p>\n<p>Lorsque les Romains sont arriv\u00e9s \u00e0 Sexi \u00e0 la fin du IIIe si\u00e8cle avant J.-C., ils ont d\u00e9couvert une ville importante sur les rives de la Mare Nostrum (M\u00e9diterran\u00e9e), parfaitement structur\u00e9e et dont l&#8217;\u00e9conomie \u00e9tait bas\u00e9e sur la production et l&#8217;exportation de poisson sal\u00e9 ; outre la production du garum, tr\u00e8s pris\u00e9, Sexi avait \u00e0 l&#8217;\u00e9poque sa propre monnaie. Malgr\u00e9 cela, les Romains ont construit des th\u00e9\u00e2tres, des temples d\u00e9di\u00e9s \u00e0 leurs dieux et un aqueduc qui est encore partiellement conserv\u00e9 et utilis\u00e9.<\/p>\n<p>En outre, l&#8217;usine ph\u00e9nicienne de salaison de poisson a augment\u00e9 sa production avec l&#8217;arriv\u00e9e de ce nouveau peuple, car le garum \u00e9tait tr\u00e8s convoit\u00e9 par les palais les plus exigeants des patriciens et des empereurs romains, c&#8217;est pourquoi l&#8217;usine et son produit vedette ont connu une grande splendeur. C&#8217;\u00e9tait \u00e9galement un ar\u00f4me essentiel dans la cuisine de tous les coins de l&#8217;Empire, du Finist\u00e8re \u00e0 Alexandrie.<\/p>\n<p>Le garum ou garo, un mot d\u00e9riv\u00e9 du grec &#8220;garon&#8221;, \u00e9tait une sauce de poisson faite \u00e0 partir des entrailles ferment\u00e9es de ces animaux. Dans la Rome antique, il \u00e9tait principalement utilis\u00e9 pour assaisonner un grand nombre d&#8217;aliments, comme nous l&#8217;avons d\u00e9j\u00e0 mentionn\u00e9, mais il \u00e9tait \u00e9galement utilis\u00e9 en m\u00e9decine, en cosm\u00e9tique et m\u00eame comme aphrodisiaque. Le garum pourrait \u00eatre compar\u00e9 \u00e0 la mani\u00e8re dont la sauce soja est utilis\u00e9e aujourd&#8217;hui dans la cuisine asiatique.<\/p>\n<p>Aujourd&#8217;hui, dans le Parque del Majuelo, on peut voir une partie des vestiges de l&#8217;usine de salage du poisson, qui a donn\u00e9 tant de prestige \u00e0 la ville en son temps. Ces vestiges ont \u00e9t\u00e9 trouv\u00e9s et mis au jour lors de plusieurs fouilles r\u00e9alis\u00e9es dans les ann\u00e9es 70 et 80 du 20e si\u00e8cle.<br \/>\nIl convient \u00e9galement de mentionner l&#8217;apport de Rome, le syst\u00e8me de routes, de ponts, d&#8217;aqueducs et m\u00eame les fondements du syst\u00e8me juridique, et bien s\u00fbr sa langue, le latin, qui, bien qu&#8217;\u00e9tant aujourd&#8217;hui une langue morte, n&#8217;en est pas moins vrai que l&#8217;espagnol, qui est l&#8217;une des langues les plus parl\u00e9es au monde (et toutes les autres langues d\u00e9riv\u00e9es du latin), nous lui sommes redevables.<br \/>\nBien que, comme nous l&#8217;avons d\u00e9j\u00e0 mentionn\u00e9, la culture qui a le plus marqu\u00e9 l&#8217;actuelle Almu\u00f1\u00e9car soit celle des musulmans au Moyen \u00c2ge, nous pouvons encore aujourd&#8217;hui nous d\u00e9lecter de certaines des \u0153uvres que le peuple romain a laiss\u00e9es \u00e0 la post\u00e9rit\u00e9 dans la plus ancienne ville de la M\u00e9diterran\u00e9e espagnole. Outre l&#8217;aqueduc de Torrecuevas et l&#8217;usine de salaison d\u00e9j\u00e0 mentionn\u00e9s, nous pouvons profiter des columbariums de La Alabina et de la Torre Monje, ou de la Cueva de los Siete Palacios, qui abrite aujourd&#8217;hui le mus\u00e9e arch\u00e9ologique d&#8217;Almu\u00f1\u00e9car.<\/p>\n<p>N&#8217;attendez pas qu&#8217;on vous le dise, visitez Almu\u00f1\u00e9car et La Herradura et d\u00e9couvrez chaque coin et chaque secret cach\u00e9 avec Discover Almu\u00f1\u00e9car.<\/p>\n<h3>Les Wisigoths<\/h3>\n<p>Bien que ce ne soit pas la p\u00e9riode la plus splendide, et que l&#8217;h\u00e9ritage des Wisigoths ne soit pas aussi \u00e9vident que celui d&#8217;autres peuples de l&#8217;Antiquit\u00e9 ou du Moyen \u00c2ge qui sont pass\u00e9s par ici, nous ne pouvons pas les laisser de c\u00f4t\u00e9, c&#8217;est pourquoi Discover Almu\u00f1\u00e9car vous montre l&#8217;h\u00e9ritage des Wisigoths \u00e0 Almu\u00f1\u00e9car et La Herradura.<\/p>\n<p>Apr\u00e8s le d\u00e9clin puis la chute de l&#8217;Empire romain \u00e0 partir du Ve si\u00e8cle de notre \u00e8re, diff\u00e9rents peuples d&#8217;Europe du Nord, en particulier les Germains, ont progress\u00e9 vers le sud. Parmi ces peuples, les Wisigoths sont arriv\u00e9s en Hispanie romaine. Plus pr\u00e9cis\u00e9ment, vers l&#8217;an 456, ils se sont impos\u00e9s comme la puissance dominante et se sont r\u00e9pandus dans toute la p\u00e9ninsule ib\u00e9rique. Bien qu&#8217;avec la longue liste des rois wisigoths (Alaric, Ataulf, Recaredo, Chindasvinto, Recesvinto, Leovigild, et bien d&#8217;autres), ils ont tous gard\u00e9 l&#8217;h\u00e9ritage romain bien vivant, adoptant ses institutions, sa culture et sa langue en g\u00e9n\u00e9ral. Il est vrai, cependant, que l&#8217;\u00e9conomie a fini par s&#8217;effondrer et, plus pr\u00e9cis\u00e9ment \u00e0 Almu\u00f1\u00e9car, l&#8217;industrie de la salaison et la production de garum ont connu un d\u00e9clin rapide.<\/p>\n<p>D&#8217;autre part, les \u00e9v\u00eaques catholiques ont \u00e9t\u00e9 de puissants rivaux des rois pendant les deux si\u00e8cles de domination wisigothique.<\/p>\n<p>Le seul vestige du passage des Wisigoths sur la Costa del Sol Tropical est La B\u00f3veda Visigoda de Jate (la vo\u00fbte wisigothique de Jate). Il est camoufl\u00e9 parmi quelques b\u00e2timents agricoles sur l&#8217;une des routes menant \u00e0 Pe\u00f1a Escrita. On le confond avec un b\u00e2timent arabe, mais il est dat\u00e9 entre les VIe et VIIIe si\u00e8cles de notre \u00e8re, bien qu&#8217;au Moyen \u00c2ge et sous la domination musulmane, ce b\u00e2timent ait servi de pharmacie.<\/p>\n<p>Ce b\u00e2timent a \u00e9t\u00e9 achet\u00e9 \u00e0 plusieurs reprises par la mairie d&#8217;Almu\u00f1\u00e9car pour \u00eatre restaur\u00e9, car il pr\u00e9sente actuellement un aspect quelque peu n\u00e9glig\u00e9, ce qui lui conf\u00e8re un caract\u00e8re encore plus mystique. Il est situ\u00e9 dans une vall\u00e9e proche de la source de la rivi\u00e8re Jate, tout pr\u00e8s de la ville de La Herradura.<\/p>\n<p>Il s&#8217;agit d&#8217;un b\u00e2timent rectangulaire avec une vo\u00fbte en demi-berceau, mesurant environ douze m\u00e8tres de long sur dix m\u00e8tres de large. Elle est entour\u00e9e de plusieurs contreforts pour en soutenir le poids, le tout dans le style byzantin typique des 5e au 7e si\u00e8cles.<\/p>\n<p>Comme nous l&#8217;avons d\u00e9j\u00e0 mentionn\u00e9, on pense qu&#8217;\u00e0 l&#8217;\u00e9poque arabe, il servait de dispensaire pour les m\u00e9dicaments et les plantes m\u00e9dicinales. Il a \u00e9galement \u00e9t\u00e9 utilis\u00e9 comme maison de campagne. Il est actuellement dans un \u00e9tat d&#8217;abandon malgr\u00e9 les tentatives de la mairie pour l&#8217;acqu\u00e9rir et le restaurer et son utilisation est presque exclusivement destin\u00e9e au b\u00e9tail ou comme \u00e9table.<\/p>\n<p>N\u00e9anmoins, depuis Discover Almu\u00f1\u00e9car, nous vous encourageons \u00e0 faire l&#8217;excursion \u00e0 la source de la rivi\u00e8re Jate et \u00e0 d\u00e9couvrir cette merveille architecturale wisigothique.<\/p>\n<h3>Moyen \u00c2ge<\/h3>\n<p>Bien que la ville ait une longue histoire qui a commenc\u00e9 1 500 ans avant J\u00e9sus-Christ, le Moyen \u00c2ge est sans aucun doute la p\u00e9riode qui a le plus marqu\u00e9 la ville, c&#8217;est pourquoi Descubre Almu\u00f1ecar pr\u00e9sente dans ce billet l&#8217;histoire d&#8217;Almu\u00f1ecar au Moyen \u00c2ge.<\/p>\n<p>L&#8217;arriv\u00e9e des musulmans en l&#8217;an 711 dans la p\u00e9ninsule ib\u00e9rique est un \u00e9v\u00e9nement cl\u00e9 dans l&#8217;histoire de toute l&#8217;Espagne, et plus pr\u00e9cis\u00e9ment \u00e0 Almu\u00f1\u00e9car. Durant l&#8217;\u00e9t\u00e9 755, le prince omeyyade Abderram\u00e1n Ier d\u00e9barqua sur ses c\u00f4tes en provenance de la capitale syrienne (Damas), qui poss\u00e8de un grand monument et une place qui lui sont d\u00e9di\u00e9s \u00e0 c\u00f4t\u00e9 des Pe\u00f1ones del Santo, Le ch\u00e2teau est situ\u00e9 au pied du ch\u00e2teau principal de la ville de Sexitana, le ch\u00e2teau de San Miguel, dont nous recommandons la visite \u00e0 tous les visiteurs car il est parfaitement conserv\u00e9. De l\u00e0, nous avons une vue imprenable sur toute la c\u00f4te de Grenade et il abrite \u00e9galement un mus\u00e9e \u00e0 l&#8217;int\u00e9rieur.<\/p>\n<p>Abderram\u00e1n Ier, apr\u00e8s avoir d\u00e9barqu\u00e9 \u00e0 Almu\u00f1\u00e9car, a fond\u00e9 l&#8217;ann\u00e9e suivante l&#8217;\u00e9mirat ind\u00e9pendant de Cordoue, l&#8217;un des personnages les plus importants du Moyen \u00c2ge dans la p\u00e9ninsule ib\u00e9rique.<\/p>\n<p>C&#8217;est \u00e9galement \u00e0 cette \u00e9poque que la ville de Sexitana change de nom pour prendre son nom actuel d&#8217;Almu\u00f1\u00e9car, d\u00e9riv\u00e9 de l&#8217;arabe bien s\u00fbr, \u062d\u0635\u0646 \u0627\u0644\u0645\u0646\u0643\u0651\u0631 (\u1e25i\u1e63n al-Munakkar), qui signifie &#8221; forteresse flanqu\u00e9e ou entour\u00e9e (de montagnes) &#8220;.<\/p>\n<p>Pendant les huit si\u00e8cles de domination musulmane d&#8217;Almu\u00f1\u00e9car, jusqu&#8217;en 1489, date \u00e0 laquelle les Rois Catholiques ont reconquis la ville, la plus ancienne ville de la M\u00e9diterran\u00e9e espagnole a appartenu \u00e0 la cora d&#8217;Elvira, ce qui en faisait le point le plus fort de la c\u00f4te. D\u00e8s le XIe si\u00e8cle, on parle de la ville d&#8217;Almu\u00f1\u00e9car comme d&#8217;un important centre strat\u00e9gique, militaire et \u00e9conomique, car la ville produisait des bananes, des sultanines, de la canne \u00e0 sucre et des c\u00e9r\u00e9ales, gr\u00e2ce \u00e0 son microclimat subtropical privil\u00e9gi\u00e9, ainsi que toutes sortes de fruits, et aussi comme un port de p\u00eache exceptionnel \u00e0 cette \u00e9poque. En cons\u00e9quence, la ville offrait toutes sortes de services, et poss\u00e9dait une mosqu\u00e9e principale, des march\u00e9s, des quartiers hors des murs, des banlieues et un important port de p\u00eache.<\/p>\n<p>Plus tard, Almu\u00f1\u00e9car s&#8217;est consolid\u00e9e comme la ville la plus importante de la c\u00f4te du Royaume de Grenade, lorsque Al-Andalus (connu sous le nom d&#8217;Al-Andalus, tout le territoire de la p\u00e9ninsule ib\u00e9rique domin\u00e9 par les musulmans) a \u00e9t\u00e9 divis\u00e9 en royaumes de Taifas, faisant partie de ce qui deviendra plus tard le dernier bastion musulman de la p\u00e9ninsule ib\u00e9rique, le Royaume nasride de Grenade.<\/p>\n<p>Tout le vieux quartier d&#8217;Almu\u00f1\u00e9car est \u00e9galement un patrimoine musulman, qui conserve son trac\u00e9 urbain avec des rues transversales \u00e9troites en un r\u00e9seau complexe, des sols pav\u00e9s et des maisons blanchies \u00e0 la chaux d&#8217;un ou deux \u00e9tages, ce qui lui donne un aspect caract\u00e9ristique et typiquement andalou. Il a \u00e9t\u00e9 d\u00e9clar\u00e9 Bien d&#8217;int\u00e9r\u00eat culturel, autour de la forteresse de San Miguel. Dans ce quartier, les visiteurs pourront se d\u00e9lecter de patios fleuris et de coins inoubliables.<\/p>\n<p>On trouve \u00e9galement plusieurs tours de guet datant de l&#8217;\u00e9poque m\u00e9di\u00e9vale qui ont servi tout au long de l&#8217;histoire \u00e0 cr\u00e9er un r\u00e9seau de communication entre les forteresses et \u00e0 repousser les attaques des pirates barbaresques.<\/p>\n<p>Mais ce n&#8217;est pas tout, car \u00e0 plusieurs reprises au cours de ces derni\u00e8res ann\u00e9es, des vestiges arch\u00e9ologiques, m\u00e9di\u00e9vaux et d&#8217;autres \u00e9poques, ont \u00e9t\u00e9 d\u00e9couverts dans le cadre de diverses excavations pour des travaux publics et priv\u00e9s, comme ce fut le cas en avril 2021, lorsque des vestiges arch\u00e9ologiques du XVe si\u00e8cle ont \u00e9t\u00e9 d\u00e9couverts lors du conditionnement d&#8217;un local commercial de la bijouterie Torres sur la place de la Constituci\u00f3n \u00e0 Sexitana.<\/p>\n<p>Pour toutes ces raisons, et bien d&#8217;autres surprises que vous d\u00e9couvrirez en venant, Descubre Almu\u00f1\u00e9car vous conseille de faire une visite tranquille d&#8217;Almu\u00f1\u00e9car et de La Herradura, pour vous plonger dans l&#8217;histoire m\u00e9di\u00e9vale de la ville et vous sentir comme un v\u00e9ritable \u00e9mir au XXIe si\u00e8cle.<\/p>\n<h4>L&#8217;\u00e9poque moderne d&#8217;Almu\u00f1\u00e9car, XVIe si\u00e8cle<\/h4>\n<p>Almu\u00f1\u00e9car a \u00e9t\u00e9 reconquise par les Rois Catholiques en 1489, un peu plus de deux ans avant la chute d\u00e9finitive de la ville de Grenade, capitale du Royaume du m\u00eame nom, qui \u00e9tait le dernier bastion musulman de la p\u00e9ninsule ib\u00e9rique. Cela a marqu\u00e9 la fin de la p\u00e9riode la plus splendide de l&#8217;histoire de la ville.<\/p>\n<p>C&#8217;est pourquoi aujourd&#8217;hui Descubre Almu\u00f1\u00e9car pr\u00e9sente \u00e0 ses lecteurs et aux visiteurs d&#8217;Almu\u00f1\u00e9car et de La Herradura, l&#8217;Almu\u00f1\u00e9car chr\u00e9tien du XVIe si\u00e8cle.<\/p>\n<p>En effet, au cours de ce si\u00e8cle, la ville d&#8217;Almu\u00f1\u00e9car et de La Herradura a laiss\u00e9 derri\u00e8re elle le Moyen \u00c2ge pour se plonger pleinement dans l&#8217;\u00e8re moderne, Almu\u00f1\u00e9car et La Herradura continuant d&#8217;\u00eatre un point fort et strat\u00e9gique depuis lequel la nouvelle administration chr\u00e9tienne-castillane projetait son action sur le reste de l&#8217;ancien royaume de Grenade.<\/p>\n<p>L&#8217;entr\u00e9e dans Grenade des Rois Catholiques fut finalement un \u00e9v\u00e9nement pacifique, apr\u00e8s plus de dix ans de si\u00e8ge, car le dernier roi musulman, Boabdlil, se rendit \u00e0 la ville sans effusion de sang.<\/p>\n<p>Cela a apport\u00e9 quelques ann\u00e9es de paix \u00e0 l&#8217;ensemble de l&#8217;ancien royaume nasride, mais la paix a \u00e9t\u00e9 de courte dur\u00e9e car, en 1568, dans la r\u00e9gion de l&#8217;Alpujarra, tr\u00e8s proche de la c\u00f4te de Grenade, d&#8217;Almu\u00f1\u00e9car et de La Herradura, a eu lieu ce que l&#8217;on appelle la r\u00e9bellion maure contre la Pragmatique Sanction de 1567, qui a entra\u00een\u00e9 le soul\u00e8vement de toute la population musulmane qui vivait encore dans l&#8217;actuelle province de Grenade et dans une partie de Malaga et d&#8217;Almeria.<\/p>\n<p>Celle-ci a \u00e9t\u00e9 r\u00e9prim\u00e9e militairement par Don Juan de Austria apr\u00e8s plusieurs ann\u00e9es de combats et d&#8217;escarmouches militaires.<\/p>\n<p>La cons\u00e9quence imm\u00e9diate a \u00e9t\u00e9 l&#8217;expulsion et la d\u00e9portation de toute la communaut\u00e9 maure qui restait encore dans la r\u00e9gion, ce qui a entra\u00een\u00e9 un vide d\u00e9mographique qui a mis de nombreuses ann\u00e9es \u00e0 se r\u00e9sorber.<\/p>\n<p>Mais le triomphe des chr\u00e9tiens marque \u00e9galement le d\u00e9but de l&#8217;\u00c9tat espagnol et de nombreux voyages, d\u00e9couvertes et un nouvel air de modernit\u00e9 dans l&#8217;art et l&#8217;\u00e9conomie de la ville de Sexta.<\/p>\n<p>L&#8217;\u00e9conomie d&#8217;Almu\u00f1\u00e9car reposait principalement sur l&#8217;agriculture, notamment la culture de la canne \u00e0 sucre, et s&#8217;est progressivement orient\u00e9e, tout au long du XVIe si\u00e8cle, vers le secteur tertiaire avec le commerce maritime.<\/p>\n<p>En outre, son h\u00e9ritage monumental sera renforc\u00e9 avec le d\u00e9but du nouveau gouvernement chr\u00e9tien par la construction de l&#8217;un de ses symboles actuels, l&#8217;\u00e9glise de l&#8217;Incarnation.<\/p>\n<p>D&#8217;importants architectes et artistes de la Renaissance sont arriv\u00e9s dans la ville au cours du XVIe si\u00e8cle et ont activement contribu\u00e9 \u00e0 sa construction. Ce temple chr\u00e9tien a \u00e9t\u00e9 con\u00e7u par Juan de Herrera et construit par Ambrosio de Vico avec une tour \u00e9lanc\u00e9e termin\u00e9e par une fl\u00e8che de Diego de Silo\u00e9.<\/p>\n<p>Apr\u00e8s l&#8217;ach\u00e8vement de sa construction en 1600, il s&#8217;agit de la premi\u00e8re \u0153uvre architecturale proto-baroque en Espagne.<\/p>\n<p>\u00c0 Almu\u00f1\u00e9car, nous trouvons \u00e9galement un autre monument important et symbole de la plus ancienne ville de la M\u00e9diterran\u00e9e espagnole, le Pilar de la Calle Real, qui est un ensemble sculptural construit sur un ancien canal romain.<\/p>\n<p>Par la suite, sous le r\u00e8gne de Charles Ier, l&#8217;ancien ch\u00e2teau arabe a \u00e9t\u00e9 remodel\u00e9 et plac\u00e9 sous le patronage de l&#8217;archange Saint-Michel, qui est son nom actuel, et a \u00e9galement fait l&#8217;objet d&#8217;importants travaux de construction, puisque, sur ordre de ce roi, une s\u00e9rie de tours ont \u00e9t\u00e9 \u00e9rig\u00e9es et un foss\u00e9 a \u00e9t\u00e9 creus\u00e9 autour de lui.<\/p>\n<p>Il convient \u00e9galement de mentionner que c&#8217;est dans la baie de La Herradura, au milieu du XVIe si\u00e8cle, qu&#8217;a eu lieu le tragique naufrage de l&#8217;Armada espagnole, plus pr\u00e9cis\u00e9ment le 19 octobre 1562, lorsque 28 navires command\u00e9s par Don Juan de Mendoza, transportant des provisions et de nombreuses familles de soldats stationn\u00e9s \u00e0 Oran, ont \u00e9t\u00e9 pris dans une forte temp\u00eate qui a fait s&#8217;\u00e9craser les gal\u00e8res contre les r\u00e9cifs et les gorges environnants, provoquant leur naufrage et la mort de quelque cinq mille personnes.<\/p>\n<p>Un monument a \u00e9t\u00e9 \u00e9rig\u00e9 en sa m\u00e9moire, qui se trouve aujourd&#8217;hui \u00e0 l&#8217;entr\u00e9e de La Herradura, sur le Paseo Andr\u00e9s Segovia.<\/p>\n<\/div><\/div>[\/vc_column][\/vc_row]<\/p>\n","protected":false},"excerpt":{"rendered":"<p>[vc_row][vc_column][\/vc_column][\/vc_row][vc_row][vc_column][vc_empty_space][vc_custom_heading text=&#8221;D\u00e9couvrez l&#8217;histoire d&#8217;Almu\u00f1\u00e9car&#8221;][vc_empty_space][\/vc_column][\/vc_row]<\/p>\n","protected":false},"author":2,"featured_media":0,"parent":0,"menu_order":0,"comment_status":"closed","ping_status":"closed","template":"","meta":{"footnotes":""},"class_list":["post-6331","page","type-page","status-publish","hentry"],"yoast_head":"<!-- This site is optimized with the Yoast SEO plugin v27.3 - https:\/\/yoast.com\/product\/yoast-seo-wordpress\/ -->\n<title>Histoire d&#039;Almu\u00f1\u00e9car<\/title>\n<meta name=\"robots\" content=\"index, follow, max-snippet:-1, max-image-preview:large, max-video-preview:-1\" \/>\n<link rel=\"canonical\" href=\"https:\/\/discoveralmunecar.com\/fr\/histoire-almunecar\/\" \/>\n<meta property=\"og:locale\" content=\"fr_FR\" \/>\n<meta property=\"og:type\" content=\"article\" \/>\n<meta property=\"og:title\" content=\"Histoire d&#039;Almu\u00f1\u00e9car\" \/>\n<meta property=\"og:description\" content=\"[vc_row][vc_column][\/vc_column][\/vc_row][vc_row][vc_column][vc_empty_space][vc_custom_heading text=&#8221;D\u00e9couvrez l&#8217;histoire d&#8217;Almu\u00f1\u00e9car&#8221;][vc_empty_space][\/vc_column][\/vc_row]\" \/>\n<meta property=\"og:url\" content=\"https:\/\/discoveralmunecar.com\/fr\/histoire-almunecar\/\" \/>\n<meta property=\"article:modified_time\" content=\"2022-03-30T10:09:45+00:00\" \/>\n<meta name=\"twitter:card\" content=\"summary_large_image\" \/>\n<meta name=\"twitter:label1\" content=\"Dur\u00e9e de lecture estim\u00e9e\" \/>\n\t<meta name=\"twitter:data1\" content=\"8 minutes\" \/>\n<script type=\"application\/ld+json\" class=\"yoast-schema-graph\">{\"@context\":\"https:\\\/\\\/schema.org\",\"@graph\":[{\"@type\":\"WebPage\",\"@id\":\"https:\\\/\\\/discoveralmunecar.com\\\/fr\\\/histoire-almunecar\\\/\",\"url\":\"https:\\\/\\\/discoveralmunecar.com\\\/fr\\\/histoire-almunecar\\\/\",\"name\":\"Histoire d'Almu\u00f1\u00e9car\",\"isPartOf\":{\"@id\":\"https:\\\/\\\/discoveralmunecar.com\\\/fr\\\/#website\"},\"datePublished\":\"2021-08-12T09:53:29+00:00\",\"dateModified\":\"2022-03-30T10:09:45+00:00\",\"breadcrumb\":{\"@id\":\"https:\\\/\\\/discoveralmunecar.com\\\/fr\\\/histoire-almunecar\\\/#breadcrumb\"},\"inLanguage\":\"fr-FR\",\"potentialAction\":[{\"@type\":\"ReadAction\",\"target\":[\"https:\\\/\\\/discoveralmunecar.com\\\/fr\\\/histoire-almunecar\\\/\"]}]},{\"@type\":\"BreadcrumbList\",\"@id\":\"https:\\\/\\\/discoveralmunecar.com\\\/fr\\\/histoire-almunecar\\\/#breadcrumb\",\"itemListElement\":[{\"@type\":\"ListItem\",\"position\":1,\"name\":\"Home\",\"item\":\"https:\\\/\\\/discoveralmunecar.com\\\/fr\\\/\"},{\"@type\":\"ListItem\",\"position\":2,\"name\":\"Histoire d&rsquo;Almu\u00f1\u00e9car\"}]},{\"@type\":\"WebSite\",\"@id\":\"https:\\\/\\\/discoveralmunecar.com\\\/fr\\\/#website\",\"url\":\"https:\\\/\\\/discoveralmunecar.com\\\/fr\\\/\",\"name\":\"\",\"description\":\"Just another WordPress site\\n\",\"potentialAction\":[{\"@type\":\"SearchAction\",\"target\":{\"@type\":\"EntryPoint\",\"urlTemplate\":\"https:\\\/\\\/discoveralmunecar.com\\\/fr\\\/?s={search_term_string}\"},\"query-input\":{\"@type\":\"PropertyValueSpecification\",\"valueRequired\":true,\"valueName\":\"search_term_string\"}}],\"inLanguage\":\"fr-FR\"}]}<\/script>\n<!-- \/ Yoast SEO plugin. -->","yoast_head_json":{"title":"Histoire d'Almu\u00f1\u00e9car","robots":{"index":"index","follow":"follow","max-snippet":"max-snippet:-1","max-image-preview":"max-image-preview:large","max-video-preview":"max-video-preview:-1"},"canonical":"https:\/\/discoveralmunecar.com\/fr\/histoire-almunecar\/","og_locale":"fr_FR","og_type":"article","og_title":"Histoire d'Almu\u00f1\u00e9car","og_description":"[vc_row][vc_column][\/vc_column][\/vc_row][vc_row][vc_column][vc_empty_space][vc_custom_heading text=&#8221;D\u00e9couvrez l&#8217;histoire d&#8217;Almu\u00f1\u00e9car&#8221;][vc_empty_space][\/vc_column][\/vc_row]","og_url":"https:\/\/discoveralmunecar.com\/fr\/histoire-almunecar\/","article_modified_time":"2022-03-30T10:09:45+00:00","twitter_card":"summary_large_image","twitter_misc":{"Dur\u00e9e de lecture estim\u00e9e":"8 minutes"},"schema":{"@context":"https:\/\/schema.org","@graph":[{"@type":"WebPage","@id":"https:\/\/discoveralmunecar.com\/fr\/histoire-almunecar\/","url":"https:\/\/discoveralmunecar.com\/fr\/histoire-almunecar\/","name":"Histoire d'Almu\u00f1\u00e9car","isPartOf":{"@id":"https:\/\/discoveralmunecar.com\/fr\/#website"},"datePublished":"2021-08-12T09:53:29+00:00","dateModified":"2022-03-30T10:09:45+00:00","breadcrumb":{"@id":"https:\/\/discoveralmunecar.com\/fr\/histoire-almunecar\/#breadcrumb"},"inLanguage":"fr-FR","potentialAction":[{"@type":"ReadAction","target":["https:\/\/discoveralmunecar.com\/fr\/histoire-almunecar\/"]}]},{"@type":"BreadcrumbList","@id":"https:\/\/discoveralmunecar.com\/fr\/histoire-almunecar\/#breadcrumb","itemListElement":[{"@type":"ListItem","position":1,"name":"Home","item":"https:\/\/discoveralmunecar.com\/fr\/"},{"@type":"ListItem","position":2,"name":"Histoire d&rsquo;Almu\u00f1\u00e9car"}]},{"@type":"WebSite","@id":"https:\/\/discoveralmunecar.com\/fr\/#website","url":"https:\/\/discoveralmunecar.com\/fr\/","name":"","description":"Just another WordPress site\n","potentialAction":[{"@type":"SearchAction","target":{"@type":"EntryPoint","urlTemplate":"https:\/\/discoveralmunecar.com\/fr\/?s={search_term_string}"},"query-input":{"@type":"PropertyValueSpecification","valueRequired":true,"valueName":"search_term_string"}}],"inLanguage":"fr-FR"}]}},"_links":{"self":[{"href":"https:\/\/discoveralmunecar.com\/fr\/wp-json\/wp\/v2\/pages\/6331","targetHints":{"allow":["GET"]}}],"collection":[{"href":"https:\/\/discoveralmunecar.com\/fr\/wp-json\/wp\/v2\/pages"}],"about":[{"href":"https:\/\/discoveralmunecar.com\/fr\/wp-json\/wp\/v2\/types\/page"}],"author":[{"embeddable":true,"href":"https:\/\/discoveralmunecar.com\/fr\/wp-json\/wp\/v2\/users\/2"}],"replies":[{"embeddable":true,"href":"https:\/\/discoveralmunecar.com\/fr\/wp-json\/wp\/v2\/comments?post=6331"}],"version-history":[{"count":6,"href":"https:\/\/discoveralmunecar.com\/fr\/wp-json\/wp\/v2\/pages\/6331\/revisions"}],"predecessor-version":[{"id":7755,"href":"https:\/\/discoveralmunecar.com\/fr\/wp-json\/wp\/v2\/pages\/6331\/revisions\/7755"}],"wp:attachment":[{"href":"https:\/\/discoveralmunecar.com\/fr\/wp-json\/wp\/v2\/media?parent=6331"}],"curies":[{"name":"wp","href":"https:\/\/api.w.org\/{rel}","templated":true}]}}