{"id":6355,"date":"2021-08-12T10:22:25","date_gmt":"2021-08-12T10:22:25","guid":{"rendered":"https:\/\/discoveralmunecar.com\/?page_id=6355"},"modified":"2021-10-20T10:12:06","modified_gmt":"2021-10-20T10:12:06","slug":"fetes-locales-dalmunecar","status":"publish","type":"page","link":"https:\/\/discoveralmunecar.com\/fr\/fetes-locales-dalmunecar\/","title":{"rendered":"F\u00eates locales d&#8217;Almu\u00f1\u00e9car"},"content":{"rendered":"<p>[vc_row][vc_column]      <div class=\"row\">\n        <div class=\"post-grid-view\">\n                  <div class=\"col-sm-6 post-4541 post type-post status-publish format-standard has-post-thumbnail hentry category-fetes-locales-almunecar category-que-faire\">\n\n            <div class=\"tt-post type-2\">\n                      <a class=\"tt-post-img custom-hover\" href=\"https:\/\/discoveralmunecar.com\/fr\/nuit-de-san-juan-a-almunecar\/\">\n      <img fetchpriority=\"high\" decoding=\"async\" width=\"537\" height=\"307\" src=\"https:\/\/discoveralmunecar.com\/wp-content\/uploads\/2022\/06\/1130465@0.5x-537x307.jpg\" class=\"img-responsive wp-post-image\" alt=\"Noche de San Juan en Almu\u00f1\u00e9car\" \/>    <\/a>\n                <div class=\"tt-post-info\">\n                                    <a class=\"tt-post-title c-h4\" href=\"https:\/\/discoveralmunecar.com\/fr\/nuit-de-san-juan-a-almunecar\/\"><small>Nuit de San Juan \u00e0 Almu\u00f1ecar<\/small><\/a>\n                      <div class=\"tt-post-label\">\n                <\/div>\n                      <div class=\"simple-text\">\n      <p><\/p>\n    <\/div>\n                                    <\/div>\n            <\/div>\n            <div class=\"empty-space marg-xs-b30\"><\/div> \n          <\/div>\n            <div class=\"col-xs-6 col-sm-4 col-lg-2 post-handy-picked post-12508 post type-post status-publish format-standard has-post-thumbnail hentry category-fetes-locales-almunecar\">\n      <div class=\"tt-post type-3\">\n                <a class=\"tt-post-img custom-hover\" href=\"https:\/\/discoveralmunecar.com\/fr\/la-virgen-del-carmen-a-la-herradura\/\">\n      <img decoding=\"async\" width=\"183\" height=\"96\" src=\"https:\/\/discoveralmunecar.com\/wp-content\/uploads\/2022\/07\/Virgen-del-Carmen-La-Herradura-1-183x96.webp\" class=\"img-responsive wp-post-image\" alt=\"Virgen del Carmen La Herradura\" \/>    <\/a>\n            <div class=\"tt-post-info\">\n                <a class=\"tt-post-title c-h5\" href=\"https:\/\/discoveralmunecar.com\/fr\/la-virgen-del-carmen-a-la-herradura\/\">La Virgen del Carmen \u00e0 La Herradura<\/a>\n                  <div class=\"tt-post-label\">\n              <span class=\"tt-post-author-name\"><a href=\"https:\/\/discoveralmunecar.com\/fr\/author\/pedro-espinosa\/\">Admin<\/a><\/span>\n                    <span class=\"tt-post-date\">septembre 29, 2022<\/span>\n          <\/div>\n            <\/div>\n      <\/div> \n      <div class=\"empty-space marg-lg-b25\"><\/div>                 \n    <\/div>\n      <div class=\"col-xs-6 col-sm-4 col-lg-2 post-handy-picked post-13649 post type-post status-publish format-standard has-post-thumbnail hentry category-evenements-a-almunecar category-fetes-locales-almunecar category-que-faire\">\n      <div class=\"tt-post type-3\">\n                <a class=\"tt-post-img custom-hover\" href=\"https:\/\/discoveralmunecar.com\/fr\/holy-week-in-almunecar-2023\/\">\n      <img decoding=\"async\" width=\"183\" height=\"96\" src=\"https:\/\/discoveralmunecar.com\/wp-content\/uploads\/2023\/03\/Semana-Santa-Almun\u0303e\u0301car-3-1-183x96.webp\" class=\"img-responsive wp-post-image\" alt=\"\" \/>    <\/a>\n            <div class=\"tt-post-info\">\n                <a class=\"tt-post-title c-h5\" href=\"https:\/\/discoveralmunecar.com\/fr\/holy-week-in-almunecar-2023\/\">Semaine Sainte \u00e0 Almu\u00f1\u00e9car 2023<\/a>\n                  <div class=\"tt-post-label\">\n              <span class=\"tt-post-author-name\"><a href=\"https:\/\/discoveralmunecar.com\/fr\/author\/pedro-espinosa\/\">Admin<\/a><\/span>\n                    <span class=\"tt-post-date\">avril 3, 2023<\/span>\n          <\/div>\n            <\/div>\n      <\/div> \n      <div class=\"empty-space marg-lg-b25\"><\/div>                 \n    <\/div>\n      <div class=\"col-xs-6 col-sm-4 col-lg-2 post-handy-picked post-4564 post type-post status-publish format-standard has-post-thumbnail hentry category-fetes-locales-almunecar category-histoire-dalmunecar category-que-faire\">\n      <div class=\"tt-post type-3\">\n                <a class=\"tt-post-img custom-hover\" href=\"https:\/\/discoveralmunecar.com\/fr\/foire-almunecar\/\">\n      <img loading=\"lazy\" decoding=\"async\" width=\"183\" height=\"96\" src=\"https:\/\/discoveralmunecar.com\/wp-content\/uploads\/2021\/04\/Fachada-Feria-Almun\u0303e\u0301car-2022-183x96.webp\" class=\"img-responsive wp-post-image\" alt=\"\" \/>    <\/a>\n            <div class=\"tt-post-info\">\n                <a class=\"tt-post-title c-h5\" href=\"https:\/\/discoveralmunecar.com\/fr\/foire-almunecar\/\">Foire d&#8217;Almu\u00f1\u00e9car 2022<\/a>\n                  <div class=\"tt-post-label\">\n              <span class=\"tt-post-author-name\"><a href=\"https:\/\/discoveralmunecar.com\/fr\/author\/equipo_translate\/\">Translate<\/a><\/span>\n                    <span class=\"tt-post-date\">juillet 13, 2021<\/span>\n          <\/div>\n            <\/div>\n      <\/div> \n      <div class=\"empty-space marg-lg-b25\"><\/div>                 \n    <\/div>\n      <div class=\"col-xs-6 col-sm-4 col-lg-2 post-handy-picked post-8753 post type-post status-publish format-standard has-post-thumbnail hentry category-fetes-locales-almunecar category-que-faire\">\n      <div class=\"tt-post type-3\">\n                <a class=\"tt-post-img custom-hover\" href=\"https:\/\/discoveralmunecar.com\/fr\/festival-des-croix-de-mai-a-almunecar\/\">\n      <img loading=\"lazy\" decoding=\"async\" width=\"183\" height=\"96\" src=\"https:\/\/discoveralmunecar.com\/wp-content\/uploads\/2022\/06\/C@0.5x-183x96.jpg\" class=\"img-responsive wp-post-image\" alt=\"Cruces de Mayo Almu\u00f1\u00e9car\" \/>    <\/a>\n            <div class=\"tt-post-info\">\n                <a class=\"tt-post-title c-h5\" href=\"https:\/\/discoveralmunecar.com\/fr\/festival-des-croix-de-mai-a-almunecar\/\">Festival des croix de mai \u00e0 Almu\u00f1ecar<\/a>\n                  <div class=\"tt-post-label\">\n              <span class=\"tt-post-author-name\"><a href=\"https:\/\/discoveralmunecar.com\/fr\/author\/pedro-espinosa\/\">Admin<\/a><\/span>\n                    <span class=\"tt-post-date\">juin 14, 2022<\/span>\n          <\/div>\n            <\/div>\n      <\/div> \n      <div class=\"empty-space marg-lg-b25\"><\/div>                 \n    <\/div>\n      <div class=\"col-xs-6 col-sm-4 col-lg-2 post-handy-picked post-4545 post type-post status-publish format-standard has-post-thumbnail hentry category-fetes-locales-almunecar category-que-faire\">\n      <div class=\"tt-post type-3\">\n                <a class=\"tt-post-img custom-hover\" href=\"https:\/\/discoveralmunecar.com\/fr\/procession-de-la-virgen-del-carmen\/\">\n      <img loading=\"lazy\" decoding=\"async\" width=\"183\" height=\"96\" src=\"https:\/\/discoveralmunecar.com\/wp-content\/uploads\/2021\/05\/Virgen-del-Carmen-Almun\u0303e\u0301car-1-183x96.webp\" class=\"img-responsive wp-post-image\" alt=\"\" \/>    <\/a>\n            <div class=\"tt-post-info\">\n                <a class=\"tt-post-title c-h5\" href=\"https:\/\/discoveralmunecar.com\/fr\/procession-de-la-virgen-del-carmen\/\">Procession de la Virgen del Carmen<\/a>\n                  <div class=\"tt-post-label\">\n              <span class=\"tt-post-author-name\"><a href=\"https:\/\/discoveralmunecar.com\/fr\/author\/equipo_translate\/\">Translate<\/a><\/span>\n                    <span class=\"tt-post-date\">juillet 13, 2021<\/span>\n          <\/div>\n            <\/div>\n      <\/div> \n      <div class=\"empty-space marg-lg-b25\"><\/div>                 \n    <\/div>\n      <div class=\"col-xs-6 col-sm-4 col-lg-2 post-handy-picked post-20270 post type-post status-publish format-standard has-post-thumbnail hentry category-agenda-culturel-dalmunecar category-culture-dalmunecar category-evenements-a-almunecar category-fetes-locales-almunecar category-la-herradura-fr\">\n      <div class=\"tt-post type-3\">\n                <a class=\"tt-post-img custom-hover\" href=\"https:\/\/discoveralmunecar.com\/fr\/fetes-de-san-jose-2026-a-la-herradura-programme-concerts-et-procession\/\">\n      <img loading=\"lazy\" decoding=\"async\" width=\"183\" height=\"96\" src=\"https:\/\/discoveralmunecar.com\/wp-content\/uploads\/2026\/03\/San-Jose2-183x96.webp\" class=\"img-responsive wp-post-image\" alt=\"\" \/>    <\/a>\n            <div class=\"tt-post-info\">\n                <a class=\"tt-post-title c-h5\" href=\"https:\/\/discoveralmunecar.com\/fr\/fetes-de-san-jose-2026-a-la-herradura-programme-concerts-et-procession\/\">F\u00eates de San Jos\u00e9 2026 \u00e0 La Herradura : programme, concerts et procession<\/a>\n                  <div class=\"tt-post-label\">\n              <span class=\"tt-post-author-name\"><a href=\"https:\/\/discoveralmunecar.com\/fr\/author\/pedro-espinosa\/\">Admin<\/a><\/span>\n                    <span class=\"tt-post-date\">mars 11, 2026<\/span>\n          <\/div>\n            <\/div>\n      <\/div> \n      <div class=\"empty-space marg-lg-b25\"><\/div>                 \n    <\/div>\n      <div class=\"col-xs-6 col-sm-4 col-lg-2 post-handy-picked post-16515 post type-post status-publish format-standard has-post-thumbnail hentry category-evenements-a-almunecar category-fetes-locales-almunecar category-que-faire\">\n      <div class=\"tt-post type-3\">\n                <a class=\"tt-post-img custom-hover\" href=\"https:\/\/discoveralmunecar.com\/fr\/fetes-de-la-virgen-del-carmen-a-almunecar-2023\/\">\n      <img loading=\"lazy\" decoding=\"async\" width=\"183\" height=\"96\" src=\"https:\/\/discoveralmunecar.com\/wp-content\/uploads\/2023\/07\/1150024-1-183x96.webp\" class=\"img-responsive wp-post-image\" alt=\"\" \/>    <\/a>\n            <div class=\"tt-post-info\">\n                <a class=\"tt-post-title c-h5\" href=\"https:\/\/discoveralmunecar.com\/fr\/fetes-de-la-virgen-del-carmen-a-almunecar-2023\/\">F\u00eates de la Virgen del Carmen \u00e0 Almu\u00f1\u00e9car 2023<\/a>\n                  <div class=\"tt-post-label\">\n              <span class=\"tt-post-author-name\"><a href=\"https:\/\/discoveralmunecar.com\/fr\/author\/pedro-espinosa\/\">Admin<\/a><\/span>\n                    <span class=\"tt-post-date\">juillet 12, 2023<\/span>\n          <\/div>\n            <\/div>\n      <\/div> \n      <div class=\"empty-space marg-lg-b25\"><\/div>                 \n    <\/div>\n          <\/div>\n      <\/div>\n      \n  [vc_empty_space]<div class=\"text-block\" ><div class=\"simple-text \"><p>Tout au long de l&#8217;ann\u00e9e et gr\u00e2ce au microclimat privil\u00e9gi\u00e9 dont b\u00e9n\u00e9ficient Almu\u00f1\u00e9car et La Herradura, vous pourrez profiter de toutes les f\u00eates locales qui sont distribu\u00e9es tout au long de l&#8217;ann\u00e9e. C&#8217;est pourquoi, dans D\u00e9couvrir Almu\u00f1\u00e9car, nous vous pr\u00e9sentons les f\u00eates locales d&#8217;Almu\u00f1\u00e9car et de La Herradura, afin que vous n&#8217;oubliiez pas de visiter ce petit paradis au bord de la M\u00e9diterran\u00e9e.<\/p>\n<p>Le 19 mars est la San Jos\u00e9, qui est le saint patron de La Herradura. Pour cette raison, toutes sortes d&#8217;activit\u00e9s culturelles et de comp\u00e9titions sportives sont organis\u00e9es pour cette journ\u00e9e, ouverte \u00e0 tous.<\/p>\n<p>En outre, la nuit, dans tous les bars locaux et dans certains bars improvis\u00e9s pr\u00e8s du champ de foire, vous pourrez profiter de l&#8217;ambiance festive.<\/p>\n<p>Mais n&#8217;oublions pas que c&#8217;est une f\u00eate religieuse, il y a donc une importante procession qui parcourt tout le centre historique.<\/p>\n<p>La Semaine sainte est c\u00e9l\u00e9br\u00e9e \u00e0 la fin du mois de mars ou au d\u00e9but du mois d&#8217;avril, avec une grande d\u00e9votion pour la Passion, la Mort et la R\u00e9surrection du Christ. C&#8217;est pourquoi de nombreuses confr\u00e9ries et confraternit\u00e9s organisent leurs processions tout au long de la semaine avec leurs chars, leurs tr\u00f4nes et leurs groupes de musique, dans diff\u00e9rents quartiers de la ville, principalement dans le centre historique.<\/p>\n<p>C&#8217;est l&#8217;un des plus beaux \u00e9v\u00e9nements d&#8217;Andalousie, qui cr\u00e9e une atmosph\u00e8re palpitante.<\/p>\n<p>En outre, il convient de noter que la Semana Santa Sexitana prend de l&#8217;ampleur ces derni\u00e8res ann\u00e9es, car la ferveur augmente et le nombre de confr\u00e9ries s&#8217;accro\u00eet.<\/p>\n<p>Le jour de la Croix est c\u00e9l\u00e9br\u00e9 le 3 mai, qui co\u00efncide avec l&#8217;arriv\u00e9e du solstice d&#8217;\u00e9t\u00e9.<br \/>\nLe point culminant de cette journ\u00e9e est le concours de la Croix des Fleurs avec des prix dans diff\u00e9rentes cat\u00e9gories.<\/p>\n<p>Dans chaque quartier, \u00e9cole, institution ou confr\u00e9rie de la Semana Santa, on installe une croix de fleurs de 3 ou 4 m\u00e8tres de haut, qui est accompagn\u00e9e d&#8217;un bar pour servir des boissons et des tapas et amuse-gueules, le tout accompagn\u00e9 de musique folklorique.<\/p>\n<p>La nuit du 23 au 24 juin est la nuit magique de San Juan, qui est c\u00e9l\u00e9br\u00e9e depuis des temps imm\u00e9moriaux.<\/p>\n<p>On allume des feux de joie sur la plage pour jeter dans le feu tous les mauvais esprits ou les choses d\u00e9sagr\u00e9ables qui nous sont arriv\u00e9es pendant l&#8217;ann\u00e9e, puis on prend le premier bain de la saison. Des milliers de petits pains \u00e0 l&#8217;huile avec un \u0153uf dur sont \u00e9galement distribu\u00e9s ce soir-l\u00e0.<\/p>\n<p>Pour beaucoup, c&#8217;est aussi le premier bain de la saison, qui accueille l&#8217;\u00e9t\u00e9.<\/p>\n<p>Le 16 juillet, la Virgen del Carmen, la patronne de tous les marins et p\u00eacheurs, est c\u00e9l\u00e9br\u00e9e. L&#8217;\u00e9v\u00e9nement principal de la f\u00eate est la procession maritime, et \u00e0 Almu\u00f1\u00e9car, c&#8217;est aussi la f\u00eate du quartier de &#8220;Los Marineros&#8221;.<\/p>\n<p>La semaine du 9 au 15 ao\u00fbt, au plus fort de la saison touristique, se d\u00e9roulent les Fiestas Patronales de Almu\u00f1\u00e9car, en l&#8217;honneur de sa sainte patronne, la Virgen de la Antigua.<\/p>\n<p>La procession du Saint Patron et le grand jour des festivit\u00e9s est le 15 ao\u00fbt, qui depuis 2003 est reconnu comme une f\u00eate d&#8217;int\u00e9r\u00eat touristique national en Andalousie. Et pendant cette semaine, les stands et attractions traditionnels de la foire sont install\u00e9s sur le champ de foire.<\/p>\n<p>En outre, il y a aussi d&#8217;autres \u00e9v\u00e9nements et activit\u00e9s, des manifestations sportives \u00e0 toutes sortes de concours et de jeux, dans une grande ambiance de f\u00eate pour tous les publics. Une visite \u00e0 Almu\u00f1\u00e9car pendant ces jours est indispensable pour passer un \u00e9t\u00e9 complet.<\/p>\n<p>Et les f\u00eates se terminent par la grande procession terrestre-maritime dans la nuit du 15 ao\u00fbt, avec, comme le veut la tradition, un grand feu d&#8217;artifice tir\u00e9 des mythiques Pe\u00f1ones del Santo (l&#8217;un des symboles les plus importants de la ville) qui est un v\u00e9ritable spectacle de lumi\u00e8re et de son.<\/p>\n<p>La procession maritime-terrestre et le grand feu d&#8217;artifice, \u00e9galement accompagn\u00e9s de musique, sont c\u00e9l\u00e9br\u00e9s, selon plusieurs \u00e9tudes soutenues par le professeur et historien Miguel Luis L\u00f3pez-Guadalupe Mu\u00f1oz, depuis 1578.<\/p>\n<p>Et m\u00eame la pand\u00e9mie de Covid-19 n&#8217;a pas pu arr\u00eater cette tradition, puisque le 15 ao\u00fbt 2020, malgr\u00e9 les restrictions, il y a eu un petit feu d&#8217;artifice visible de tous les coins de la commune.<\/p>\n<p>En plus de ces f\u00eates, les quartiers de San Miguel et de Torrecuevas ont \u00e9galement leurs propres c\u00e9l\u00e9brations, la premi\u00e8re les 28 et 30 septembre de chaque ann\u00e9e, ce qui co\u00efncide \u00e9galement avec la &#8220;Journ\u00e9e internationale du tourisme&#8221;.<\/p>\n<p>Et le quartier de Torrecuevas qui, depuis la fin des ann\u00e9es 60 du si\u00e8cle dernier, alors qu&#8217;Almu\u00f1\u00e9car et La Herradura faisaient encore partie de ce qu&#8217;on appelle la Costa del Sol, c\u00e9l\u00e8bre le d\u00e9but de la saison de la r\u00e9colte des pommes de garde, dans une ambiance conviviale entre tous les voisins.<\/p>\n<p>Toutes ces festivit\u00e9s et bien d&#8217;autres surprises vous attendent lors de votre visite \u00e0 Almu\u00f1\u00e9car et \u00e0 La Herradura.<\/p>\n<\/div><\/div>[\/vc_column][\/vc_row]<\/p>\n","protected":false},"excerpt":{"rendered":"<p>[vc_row][vc_column][vc_empty_space][\/vc_column][\/vc_row]<\/p>\n","protected":false},"author":2,"featured_media":0,"parent":0,"menu_order":0,"comment_status":"closed","ping_status":"closed","template":"","meta":{"footnotes":""},"class_list":["post-6355","page","type-page","status-publish","hentry"],"yoast_head":"<!-- This site is optimized with the Yoast SEO plugin v27.3 - https:\/\/yoast.com\/product\/yoast-seo-wordpress\/ -->\n<title>F\u00eates locales d&#039;Almu\u00f1\u00e9car<\/title>\n<meta name=\"robots\" content=\"index, follow, max-snippet:-1, max-image-preview:large, max-video-preview:-1\" \/>\n<link rel=\"canonical\" href=\"https:\/\/discoveralmunecar.com\/fr\/fetes-locales-dalmunecar\/\" \/>\n<meta property=\"og:locale\" content=\"fr_FR\" \/>\n<meta property=\"og:type\" content=\"article\" \/>\n<meta property=\"og:title\" content=\"F\u00eates locales d&#039;Almu\u00f1\u00e9car\" \/>\n<meta property=\"og:description\" content=\"[vc_row][vc_column][vc_empty_space][\/vc_column][\/vc_row]\" \/>\n<meta property=\"og:url\" content=\"https:\/\/discoveralmunecar.com\/fr\/fetes-locales-dalmunecar\/\" \/>\n<meta property=\"article:modified_time\" content=\"2021-10-20T10:12:06+00:00\" \/>\n<meta name=\"twitter:card\" content=\"summary_large_image\" \/>\n<meta name=\"twitter:label1\" content=\"Dur\u00e9e de lecture estim\u00e9e\" \/>\n\t<meta name=\"twitter:data1\" content=\"4 minutes\" \/>\n<script type=\"application\/ld+json\" class=\"yoast-schema-graph\">{\"@context\":\"https:\\\/\\\/schema.org\",\"@graph\":[{\"@type\":\"WebPage\",\"@id\":\"https:\\\/\\\/discoveralmunecar.com\\\/fr\\\/fetes-locales-dalmunecar\\\/\",\"url\":\"https:\\\/\\\/discoveralmunecar.com\\\/fr\\\/fetes-locales-dalmunecar\\\/\",\"name\":\"F\u00eates locales d'Almu\u00f1\u00e9car\",\"isPartOf\":{\"@id\":\"https:\\\/\\\/discoveralmunecar.com\\\/fr\\\/#website\"},\"datePublished\":\"2021-08-12T10:22:25+00:00\",\"dateModified\":\"2021-10-20T10:12:06+00:00\",\"breadcrumb\":{\"@id\":\"https:\\\/\\\/discoveralmunecar.com\\\/fr\\\/fetes-locales-dalmunecar\\\/#breadcrumb\"},\"inLanguage\":\"fr-FR\",\"potentialAction\":[{\"@type\":\"ReadAction\",\"target\":[\"https:\\\/\\\/discoveralmunecar.com\\\/fr\\\/fetes-locales-dalmunecar\\\/\"]}]},{\"@type\":\"BreadcrumbList\",\"@id\":\"https:\\\/\\\/discoveralmunecar.com\\\/fr\\\/fetes-locales-dalmunecar\\\/#breadcrumb\",\"itemListElement\":[{\"@type\":\"ListItem\",\"position\":1,\"name\":\"Home\",\"item\":\"https:\\\/\\\/discoveralmunecar.com\\\/fr\\\/\"},{\"@type\":\"ListItem\",\"position\":2,\"name\":\"F\u00eates locales d&rsquo;Almu\u00f1\u00e9car\"}]},{\"@type\":\"WebSite\",\"@id\":\"https:\\\/\\\/discoveralmunecar.com\\\/fr\\\/#website\",\"url\":\"https:\\\/\\\/discoveralmunecar.com\\\/fr\\\/\",\"name\":\"\",\"description\":\"Just another WordPress site\\n\",\"potentialAction\":[{\"@type\":\"SearchAction\",\"target\":{\"@type\":\"EntryPoint\",\"urlTemplate\":\"https:\\\/\\\/discoveralmunecar.com\\\/fr\\\/?s={search_term_string}\"},\"query-input\":{\"@type\":\"PropertyValueSpecification\",\"valueRequired\":true,\"valueName\":\"search_term_string\"}}],\"inLanguage\":\"fr-FR\"}]}<\/script>\n<!-- \/ Yoast SEO plugin. -->","yoast_head_json":{"title":"F\u00eates locales d'Almu\u00f1\u00e9car","robots":{"index":"index","follow":"follow","max-snippet":"max-snippet:-1","max-image-preview":"max-image-preview:large","max-video-preview":"max-video-preview:-1"},"canonical":"https:\/\/discoveralmunecar.com\/fr\/fetes-locales-dalmunecar\/","og_locale":"fr_FR","og_type":"article","og_title":"F\u00eates locales d'Almu\u00f1\u00e9car","og_description":"[vc_row][vc_column][vc_empty_space][\/vc_column][\/vc_row]","og_url":"https:\/\/discoveralmunecar.com\/fr\/fetes-locales-dalmunecar\/","article_modified_time":"2021-10-20T10:12:06+00:00","twitter_card":"summary_large_image","twitter_misc":{"Dur\u00e9e de lecture estim\u00e9e":"4 minutes"},"schema":{"@context":"https:\/\/schema.org","@graph":[{"@type":"WebPage","@id":"https:\/\/discoveralmunecar.com\/fr\/fetes-locales-dalmunecar\/","url":"https:\/\/discoveralmunecar.com\/fr\/fetes-locales-dalmunecar\/","name":"F\u00eates locales d'Almu\u00f1\u00e9car","isPartOf":{"@id":"https:\/\/discoveralmunecar.com\/fr\/#website"},"datePublished":"2021-08-12T10:22:25+00:00","dateModified":"2021-10-20T10:12:06+00:00","breadcrumb":{"@id":"https:\/\/discoveralmunecar.com\/fr\/fetes-locales-dalmunecar\/#breadcrumb"},"inLanguage":"fr-FR","potentialAction":[{"@type":"ReadAction","target":["https:\/\/discoveralmunecar.com\/fr\/fetes-locales-dalmunecar\/"]}]},{"@type":"BreadcrumbList","@id":"https:\/\/discoveralmunecar.com\/fr\/fetes-locales-dalmunecar\/#breadcrumb","itemListElement":[{"@type":"ListItem","position":1,"name":"Home","item":"https:\/\/discoveralmunecar.com\/fr\/"},{"@type":"ListItem","position":2,"name":"F\u00eates locales d&rsquo;Almu\u00f1\u00e9car"}]},{"@type":"WebSite","@id":"https:\/\/discoveralmunecar.com\/fr\/#website","url":"https:\/\/discoveralmunecar.com\/fr\/","name":"","description":"Just another WordPress site\n","potentialAction":[{"@type":"SearchAction","target":{"@type":"EntryPoint","urlTemplate":"https:\/\/discoveralmunecar.com\/fr\/?s={search_term_string}"},"query-input":{"@type":"PropertyValueSpecification","valueRequired":true,"valueName":"search_term_string"}}],"inLanguage":"fr-FR"}]}},"_links":{"self":[{"href":"https:\/\/discoveralmunecar.com\/fr\/wp-json\/wp\/v2\/pages\/6355","targetHints":{"allow":["GET"]}}],"collection":[{"href":"https:\/\/discoveralmunecar.com\/fr\/wp-json\/wp\/v2\/pages"}],"about":[{"href":"https:\/\/discoveralmunecar.com\/fr\/wp-json\/wp\/v2\/types\/page"}],"author":[{"embeddable":true,"href":"https:\/\/discoveralmunecar.com\/fr\/wp-json\/wp\/v2\/users\/2"}],"replies":[{"embeddable":true,"href":"https:\/\/discoveralmunecar.com\/fr\/wp-json\/wp\/v2\/comments?post=6355"}],"version-history":[{"count":4,"href":"https:\/\/discoveralmunecar.com\/fr\/wp-json\/wp\/v2\/pages\/6355\/revisions"}],"predecessor-version":[{"id":7470,"href":"https:\/\/discoveralmunecar.com\/fr\/wp-json\/wp\/v2\/pages\/6355\/revisions\/7470"}],"wp:attachment":[{"href":"https:\/\/discoveralmunecar.com\/fr\/wp-json\/wp\/v2\/media?parent=6355"}],"curies":[{"name":"wp","href":"https:\/\/api.w.org\/{rel}","templated":true}]}}