{"id":7451,"date":"2021-10-20T10:05:17","date_gmt":"2021-10-20T10:05:17","guid":{"rendered":"https:\/\/discoveralmunecar.com\/?page_id=7451"},"modified":"2021-10-20T10:07:56","modified_gmt":"2021-10-20T10:07:56","slug":"fetes-almunecar","status":"publish","type":"page","link":"https:\/\/discoveralmunecar.com\/fr\/fetes-almunecar\/","title":{"rendered":"F\u00eates d&#8217;Almu\u00f1ecar, sentez-vous comme un local et profitez de nos traditions."},"content":{"rendered":"<p>[vc_row][vc_column]      <div class=\"row\">\n        <div class=\"post-grid-view\">\n                  <div class=\"col-sm-6 post-20270 post type-post status-publish format-standard has-post-thumbnail hentry category-agenda-culturel-dalmunecar category-culture-dalmunecar category-evenements-a-almunecar category-fetes-locales-almunecar category-la-herradura-fr\">\n\n            <div class=\"tt-post type-2\">\n                      <a class=\"tt-post-img custom-hover\" href=\"https:\/\/discoveralmunecar.com\/fr\/fetes-de-san-jose-2026-a-la-herradura-programme-concerts-et-procession\/\">\n      <img fetchpriority=\"high\" decoding=\"async\" width=\"537\" height=\"307\" src=\"https:\/\/discoveralmunecar.com\/wp-content\/uploads\/2026\/03\/San-Jose2-537x307.webp\" class=\"img-responsive wp-post-image\" alt=\"\" \/>    <\/a>\n                <div class=\"tt-post-info\">\n                    <div class=\"tt-post-cat\"><a href=\"https:\/\/discoveralmunecar.com\/fr\/category\/culture-dalmunecar\/agenda-culturel-dalmunecar\/\" rel=\"category tag\">Agenda culturel d'Almu\u00f1ecar<\/a>, <a href=\"https:\/\/discoveralmunecar.com\/fr\/category\/culture-dalmunecar\/\" rel=\"category tag\">Culture d'Almu\u00f1ecar<\/a>, <a href=\"https:\/\/discoveralmunecar.com\/fr\/category\/culture-dalmunecar\/evenements-a-almunecar\/\" rel=\"category tag\">\u00c9v\u00e9nements \u00e0 almu\u00f1\u00e9car<\/a>, <a href=\"https:\/\/discoveralmunecar.com\/fr\/category\/que-faire\/fetes-locales-almunecar\/\" rel=\"category tag\">F\u00eates locales d'Almu\u00f1\u00e9car<\/a>, <a href=\"https:\/\/discoveralmunecar.com\/fr\/category\/localites-proches\/la-herradura-fr\/\" rel=\"category tag\">La Herradura<\/a><\/div>\n                      <a class=\"tt-post-title c-h4\" href=\"https:\/\/discoveralmunecar.com\/fr\/fetes-de-san-jose-2026-a-la-herradura-programme-concerts-et-procession\/\"><small>F\u00eates de San Jos\u00e9 2026 \u00e0 La Herradura : programme, concerts et procession<\/small><\/a>\n                      <div class=\"tt-post-label\">\n              <span class=\"tt-post-author-name\"><a href=\"https:\/\/discoveralmunecar.com\/fr\/author\/pedro-espinosa\/\">Admin<\/a><\/span>\n                    <span class=\"tt-post-date\">mars 11, 2026<\/span>\n          <\/div>\n                      <div class=\"simple-text\">\n      <p><\/p>\n    <\/div>\n                          <div class=\"tt-post-bottom\">\n              <span class=\"tt-post-comment\"><i class=\"material-icons\">chat_bubble<\/i>0 Comment<\/span>\n                    <span class=\"tt-post-views\"><i class=\"material-icons\">visibility<\/i>90 Views<\/span>\n                <\/div>\n                <\/div>\n            <\/div>\n            <div class=\"empty-space marg-xs-b30\"><\/div> \n          <\/div>\n            <div class=\"col-xs-6 col-sm-4 col-lg-2 post-handy-picked post-17713 post type-post status-publish format-standard has-post-thumbnail hentry category-agenda-culturel-dalmunecar category-culture-dalmunecar category-evenements-a-almunecar category-fetes-locales-almunecar category-la-herradura-fr category-que-faire\">\n      <div class=\"tt-post type-3\">\n                <a class=\"tt-post-img custom-hover\" href=\"https:\/\/discoveralmunecar.com\/fr\/la-nuit-magique-de-san-juan-a-almunecar-2024\/\">\n      <img decoding=\"async\" width=\"183\" height=\"96\" src=\"https:\/\/discoveralmunecar.com\/wp-content\/uploads\/2024\/06\/1170265-RW2_DxO_DeepPRIME@0.5x-183x96.webp\" class=\"img-responsive wp-post-image\" alt=\"\" \/>    <\/a>\n            <div class=\"tt-post-info\">\n                <a class=\"tt-post-title c-h5\" href=\"https:\/\/discoveralmunecar.com\/fr\/la-nuit-magique-de-san-juan-a-almunecar-2024\/\">La Nuit Magique de San Juan \u00e0 Almu\u00f1\u00e9car 2024<\/a>\n                  <div class=\"tt-post-label\">\n              <span class=\"tt-post-author-name\"><a href=\"https:\/\/discoveralmunecar.com\/fr\/author\/pedro-espinosa\/\">Admin<\/a><\/span>\n                    <span class=\"tt-post-date\">juin 21, 2024<\/span>\n          <\/div>\n            <\/div>\n      <\/div> \n      <div class=\"empty-space marg-lg-b25\"><\/div>                 \n    <\/div>\n      <div class=\"col-xs-6 col-sm-4 col-lg-2 post-handy-picked post-17270 post type-post status-publish format-standard has-post-thumbnail hentry category-evenements-a-almunecar category-fetes-locales-almunecar\">\n      <div class=\"tt-post type-3\">\n                <a class=\"tt-post-img custom-hover\" href=\"https:\/\/discoveralmunecar.com\/fr\/fetes-de-san-miguel-2023-a-almunecar\/\">\n      <img decoding=\"async\" width=\"183\" height=\"96\" src=\"https:\/\/discoveralmunecar.com\/wp-content\/uploads\/2023\/09\/1150736-RW2_DxO_DeepPRIME-183x96.webp\" class=\"img-responsive wp-post-image\" alt=\"\" \/>    <\/a>\n            <div class=\"tt-post-info\">\n                <a class=\"tt-post-title c-h5\" href=\"https:\/\/discoveralmunecar.com\/fr\/fetes-de-san-miguel-2023-a-almunecar\/\">F\u00eates de San Miguel 2023 \u00e0 Almu\u00f1\u00e9car<\/a>\n                  <div class=\"tt-post-label\">\n              <span class=\"tt-post-author-name\"><a href=\"https:\/\/discoveralmunecar.com\/fr\/author\/pedro-espinosa\/\">Admin<\/a><\/span>\n                    <span class=\"tt-post-date\">septembre 28, 2023<\/span>\n          <\/div>\n            <\/div>\n      <\/div> \n      <div class=\"empty-space marg-lg-b25\"><\/div>                 \n    <\/div>\n      <div class=\"col-xs-6 col-sm-4 col-lg-2 post-handy-picked post-16515 post type-post status-publish format-standard has-post-thumbnail hentry category-evenements-a-almunecar category-fetes-locales-almunecar category-que-faire\">\n      <div class=\"tt-post type-3\">\n                <a class=\"tt-post-img custom-hover\" href=\"https:\/\/discoveralmunecar.com\/fr\/fetes-de-la-virgen-del-carmen-a-almunecar-2023\/\">\n      <img loading=\"lazy\" decoding=\"async\" width=\"183\" height=\"96\" src=\"https:\/\/discoveralmunecar.com\/wp-content\/uploads\/2023\/07\/1150024-1-183x96.webp\" class=\"img-responsive wp-post-image\" alt=\"\" \/>    <\/a>\n            <div class=\"tt-post-info\">\n                <a class=\"tt-post-title c-h5\" href=\"https:\/\/discoveralmunecar.com\/fr\/fetes-de-la-virgen-del-carmen-a-almunecar-2023\/\">F\u00eates de la Virgen del Carmen \u00e0 Almu\u00f1\u00e9car 2023<\/a>\n                  <div class=\"tt-post-label\">\n              <span class=\"tt-post-author-name\"><a href=\"https:\/\/discoveralmunecar.com\/fr\/author\/pedro-espinosa\/\">Admin<\/a><\/span>\n                    <span class=\"tt-post-date\">juillet 12, 2023<\/span>\n          <\/div>\n            <\/div>\n      <\/div> \n      <div class=\"empty-space marg-lg-b25\"><\/div>                 \n    <\/div>\n      <div class=\"col-xs-6 col-sm-4 col-lg-2 post-handy-picked post-15900 post type-post status-publish format-standard has-post-thumbnail hentry category-evenements-a-almunecar category-fetes-locales-almunecar\">\n      <div class=\"tt-post type-3\">\n                <a class=\"tt-post-img custom-hover\" href=\"https:\/\/discoveralmunecar.com\/fr\/la-nuit-magique-de-san-juan-2023-a-almunecar\/\">\n      <img loading=\"lazy\" decoding=\"async\" width=\"183\" height=\"96\" src=\"https:\/\/discoveralmunecar.com\/wp-content\/uploads\/2023\/06\/1130407-183x96.webp\" class=\"img-responsive wp-post-image\" alt=\"\" \/>    <\/a>\n            <div class=\"tt-post-info\">\n                <a class=\"tt-post-title c-h5\" href=\"https:\/\/discoveralmunecar.com\/fr\/la-nuit-magique-de-san-juan-2023-a-almunecar\/\">La nuit magique de San Juan 2023 \u00e0 Almu\u00f1\u00e9car<\/a>\n                  <div class=\"tt-post-label\">\n              <span class=\"tt-post-author-name\"><a href=\"https:\/\/discoveralmunecar.com\/fr\/author\/pedro-espinosa\/\">Admin<\/a><\/span>\n                    <span class=\"tt-post-date\">juin 21, 2023<\/span>\n          <\/div>\n            <\/div>\n      <\/div> \n      <div class=\"empty-space marg-lg-b25\"><\/div>                 \n    <\/div>\n      <div class=\"col-xs-6 col-sm-4 col-lg-2 post-handy-picked post-13811 post type-post status-publish format-standard has-post-thumbnail hentry category-evenements-a-almunecar category-fetes-locales-almunecar category-que-faire\">\n      <div class=\"tt-post type-3\">\n                <a class=\"tt-post-img custom-hover\" href=\"https:\/\/discoveralmunecar.com\/fr\/el-dia-de-la-cruz-a-almunecar-2023\/\">\n      <img loading=\"lazy\" decoding=\"async\" width=\"183\" height=\"96\" src=\"https:\/\/discoveralmunecar.com\/wp-content\/uploads\/2023\/04\/MG_0454-3-1-183x96.webp\" class=\"img-responsive wp-post-image\" alt=\"\" \/>    <\/a>\n            <div class=\"tt-post-info\">\n                <a class=\"tt-post-title c-h5\" href=\"https:\/\/discoveralmunecar.com\/fr\/el-dia-de-la-cruz-a-almunecar-2023\/\">El &#8220;D\u00eda de la Cruz&#8221; \u00e1 Almu\u00f1\u00e9car 2023<\/a>\n                  <div class=\"tt-post-label\">\n              <span class=\"tt-post-author-name\"><a href=\"https:\/\/discoveralmunecar.com\/fr\/author\/pedro-espinosa\/\">Admin<\/a><\/span>\n                    <span class=\"tt-post-date\">avril 21, 2023<\/span>\n          <\/div>\n            <\/div>\n      <\/div> \n      <div class=\"empty-space marg-lg-b25\"><\/div>                 \n    <\/div>\n      <div class=\"col-xs-6 col-sm-4 col-lg-2 post-handy-picked post-13728 post type-post status-publish format-standard has-post-thumbnail hentry category-evenements-a-almunecar category-fetes-locales-almunecar\">\n      <div class=\"tt-post type-3\">\n                <a class=\"tt-post-img custom-hover\" href=\"https:\/\/discoveralmunecar.com\/fr\/semaine-sainte-a-la-herradura\/\">\n      <img loading=\"lazy\" decoding=\"async\" width=\"183\" height=\"96\" src=\"https:\/\/discoveralmunecar.com\/wp-content\/uploads\/2023\/03\/Iglesia-Herradura-183x96.webp\" class=\"img-responsive wp-post-image\" alt=\"\" \/>    <\/a>\n            <div class=\"tt-post-info\">\n                <a class=\"tt-post-title c-h5\" href=\"https:\/\/discoveralmunecar.com\/fr\/semaine-sainte-a-la-herradura\/\">Semaine Sainte \u00e0 La Herradura<\/a>\n                  <div class=\"tt-post-label\">\n              <span class=\"tt-post-author-name\"><a href=\"https:\/\/discoveralmunecar.com\/fr\/author\/pedro-espinosa\/\">Admin<\/a><\/span>\n                    <span class=\"tt-post-date\">avril 5, 2023<\/span>\n          <\/div>\n            <\/div>\n      <\/div> \n      <div class=\"empty-space marg-lg-b25\"><\/div>                 \n    <\/div>\n      <div class=\"col-xs-6 col-sm-4 col-lg-2 post-handy-picked post-13649 post type-post status-publish format-standard has-post-thumbnail hentry category-evenements-a-almunecar category-fetes-locales-almunecar category-que-faire\">\n      <div class=\"tt-post type-3\">\n                <a class=\"tt-post-img custom-hover\" href=\"https:\/\/discoveralmunecar.com\/fr\/holy-week-in-almunecar-2023\/\">\n      <img loading=\"lazy\" decoding=\"async\" width=\"183\" height=\"96\" src=\"https:\/\/discoveralmunecar.com\/wp-content\/uploads\/2023\/03\/Semana-Santa-Almun\u0303e\u0301car-3-1-183x96.webp\" class=\"img-responsive wp-post-image\" alt=\"\" \/>    <\/a>\n            <div class=\"tt-post-info\">\n                <a class=\"tt-post-title c-h5\" href=\"https:\/\/discoveralmunecar.com\/fr\/holy-week-in-almunecar-2023\/\">Semaine Sainte \u00e0 Almu\u00f1\u00e9car 2023<\/a>\n                  <div class=\"tt-post-label\">\n              <span class=\"tt-post-author-name\"><a href=\"https:\/\/discoveralmunecar.com\/fr\/author\/pedro-espinosa\/\">Admin<\/a><\/span>\n                    <span class=\"tt-post-date\">avril 3, 2023<\/span>\n          <\/div>\n            <\/div>\n      <\/div> \n      <div class=\"empty-space marg-lg-b25\"><\/div>                 \n    <\/div>\n          <\/div>\n      <\/div>\n      \n  [vc_empty_space]<div class=\"text-block\" ><div class=\"simple-text \"><p>Tout au long de l&#8217;ann\u00e9e et gr\u00e2ce au microclimat privil\u00e9gi\u00e9 dont b\u00e9n\u00e9ficient Almu\u00f1\u00e9car et La Herradura, vous pourrez profiter de toutes les f\u00eates locales qui sont distribu\u00e9es tout au long de l&#8217;ann\u00e9e. C&#8217;est pourquoi, dans D\u00e9couvrir Almu\u00f1\u00e9car, nous vous pr\u00e9sentons les f\u00eates locales d&#8217;Almu\u00f1\u00e9car et de La Herradura, pour que vous n&#8217;oubliiez pas de visiter ce petit paradis au bord de la M\u00e9diterran\u00e9e.<\/p>\n<p>Le 19 mars est la San Jos\u00e9, qui est le saint patron de La Herradura. Pour cette raison, toutes sortes d&#8217;activit\u00e9s culturelles et de comp\u00e9titions sportives sont organis\u00e9es pour cette journ\u00e9e, ouverte \u00e0 tous.<\/p>\n<p>De plus, la nuit, dans tous les bars locaux et dans certains bars improvis\u00e9s pr\u00e8s du champ de foire, vous pourrez profiter de l&#8217;ambiance festive.<\/p>\n<p>Mais n&#8217;oublions pas que c&#8217;est une f\u00eate religieuse, il y a donc une importante procession qui parcourt tout le centre historique.<\/p>\n<p>La Semaine sainte est c\u00e9l\u00e9br\u00e9e \u00e0 la fin du mois de mars ou au d\u00e9but du mois d&#8217;avril, avec une grande d\u00e9votion pour la Passion, la Mort et la R\u00e9surrection du Christ. C&#8217;est pourquoi de nombreuses confr\u00e9ries et confraternit\u00e9s organisent leurs processions tout au long de la semaine avec leurs chars, leurs tr\u00f4nes et leurs groupes de musique, dans diff\u00e9rents quartiers de la ville, principalement dans le centre historique.<\/p>\n<p>Il s&#8217;agit de l&#8217;un des plus beaux \u00e9v\u00e9nements d&#8217;Andalousie, qui cr\u00e9e une atmosph\u00e8re palpitante.<\/p>\n<p>En outre, il convient de noter que la Semana Santa Sexitana prend de l&#8217;ampleur ces derni\u00e8res ann\u00e9es, car la ferveur augmente et le nombre de confr\u00e9ries s&#8217;accro\u00eet.<\/p>\n<p>Le jour de la Croix est c\u00e9l\u00e9br\u00e9 le 3 mai, ce qui co\u00efncide avec l&#8217;arriv\u00e9e du solstice d&#8217;\u00e9t\u00e9.<br \/>\nLe point culminant de cette journ\u00e9e est le concours de la Croix des Fleurs avec des prix dans diff\u00e9rentes cat\u00e9gories.<\/p>\n<p>Dans chaque quartier, \u00e9cole, institution ou confr\u00e9rie de la Semana Santa, on installe une croix de fleurs de 3 ou 4 m\u00e8tres de haut, qui est accompagn\u00e9e d&#8217;un bar pour servir des boissons et des tapas et amuse-gueules, le tout accompagn\u00e9 de musique folklorique.<\/p>\n<p>La nuit magique de San Juan, qui est c\u00e9l\u00e9br\u00e9e depuis des temps imm\u00e9moriaux, a lieu aux premi\u00e8res heures du 23 au 24 juin.<\/p>\n<p>On allume des feux de joie sur la plage pour jeter dans le feu tous les mauvais esprits ou les choses d\u00e9sagr\u00e9ables qui nous sont arriv\u00e9es pendant l&#8217;ann\u00e9e, puis on prend le premier bain de la saison. Des milliers de petits pains \u00e0 l&#8217;huile avec un \u0153uf dur sont \u00e9galement distribu\u00e9s ce soir-l\u00e0.<\/p>\n<p>Pour beaucoup, c&#8217;est aussi le premier bain de la saison, qui accueille l&#8217;\u00e9t\u00e9.<\/p>\n<p>Le 16 juillet, on c\u00e9l\u00e8bre la Virgen del Carmen, la patronne de tous les marins et p\u00eacheurs. L&#8217;\u00e9v\u00e9nement principal de la f\u00eate est la procession maritime, et \u00e0 Almu\u00f1\u00e9car, c&#8217;est aussi la f\u00eate du quartier de &#8220;Los Marineros&#8221;.<\/p>\n<p>La semaine du 9 au 15 ao\u00fbt, au plus fort de la saison touristique, ont lieu les Fiestas Patronales de Almu\u00f1\u00e9car, en l&#8217;honneur de sa patronne, la Virgen de la Antigua.<\/p>\n<p>La procession de la sainte patronne et le grand jour des festivit\u00e9s sont le 15 ao\u00fbt, qui est reconnu depuis 2003 comme une f\u00eate d&#8217;int\u00e9r\u00eat touristique national en Andalousie. Et pendant cette semaine, les stands et attractions traditionnels de la foire sont install\u00e9s sur le champ de foire.<\/p>\n<p>En outre, il y a aussi d&#8217;autres \u00e9v\u00e9nements et activit\u00e9s, des manifestations sportives \u00e0 toutes sortes de concours et de jeux, dans une grande ambiance de f\u00eate pour tous les publics, une visite \u00e0 Almu\u00f1\u00e9car pendant ces jours est indispensable pour passer un \u00e9t\u00e9 complet.<\/p>\n<p>Et les f\u00eates se terminent par la grande procession terrestre-maritime dans la nuit du 15 ao\u00fbt, avec un grand feu d&#8217;artifice comme le veut la tradition, depuis les mythiques Pe\u00f1ones del Santo (l&#8217;un des symboles les plus importants de la ville) qui est un v\u00e9ritable spectacle de lumi\u00e8re et de son.<\/p>\n<p>La procession maritime-terrestre et le grand feu d&#8217;artifice, \u00e9galement accompagn\u00e9s de musique, sont c\u00e9l\u00e9br\u00e9s, selon plusieurs \u00e9tudes soutenues par le professeur et historien Miguel Luis L\u00f3pez-Guadalupe Mu\u00f1oz, depuis 1578.<\/p>\n<p>Et m\u00eame la pand\u00e9mie de Covid-19 n&#8217;a pas pu arr\u00eater cette tradition, puisque le 15 ao\u00fbt 2020, malgr\u00e9 les restrictions, il y a eu un petit feu d&#8217;artifice visible de tous les coins de la commune.<br \/>\nEn plus de ces f\u00eates, les quartiers de San Miguel et de Torrecuevas ont \u00e9galement leurs propres c\u00e9l\u00e9brations, la premi\u00e8re les 28 et 30 septembre de chaque ann\u00e9e, ce qui co\u00efncide \u00e9galement avec la &#8221; Journ\u00e9e internationale du tourisme &#8220;.<\/p>\n<p>Et le quartier de Torrecuevas qui, depuis la fin des ann\u00e9es 60 du si\u00e8cle dernier, alors qu&#8217;Almu\u00f1\u00e9car et La Herradura faisaient encore partie de ce qu&#8217;on appelle la Costa del Sol, c\u00e9l\u00e8bre le d\u00e9but de la saison de la r\u00e9colte de la pomme d&#8217;amour, dans une ambiance conviviale entre tous les voisins.<\/p>\n<p>Toutes ces festivit\u00e9s et bien d&#8217;autres surprises vous attendent lors de votre visite \u00e0 Almu\u00f1\u00e9car et La Herradura.<\/p>\n<\/div><\/div>[\/vc_column][\/vc_row]<\/p>\n","protected":false},"excerpt":{"rendered":"<p>[vc_row][vc_column][vc_empty_space][\/vc_column][\/vc_row]<\/p>\n","protected":false},"author":2,"featured_media":0,"parent":0,"menu_order":0,"comment_status":"closed","ping_status":"closed","template":"","meta":{"footnotes":""},"class_list":["post-7451","page","type-page","status-publish","hentry"],"yoast_head":"<!-- This site is optimized with the Yoast SEO plugin v27.3 - https:\/\/yoast.com\/product\/yoast-seo-wordpress\/ -->\n<title>F\u00eates d&#039;Almu\u00f1ecar, sentez-vous comme un local et profitez de nos traditions.<\/title>\n<meta name=\"robots\" content=\"index, follow, max-snippet:-1, max-image-preview:large, max-video-preview:-1\" \/>\n<link rel=\"canonical\" href=\"https:\/\/discoveralmunecar.com\/fr\/fetes-almunecar\/\" \/>\n<meta property=\"og:locale\" content=\"fr_FR\" \/>\n<meta property=\"og:type\" content=\"article\" \/>\n<meta property=\"og:title\" content=\"F\u00eates d&#039;Almu\u00f1ecar, sentez-vous comme un local et profitez de nos traditions.\" \/>\n<meta property=\"og:description\" content=\"[vc_row][vc_column][vc_empty_space][\/vc_column][\/vc_row]\" \/>\n<meta property=\"og:url\" content=\"https:\/\/discoveralmunecar.com\/fr\/fetes-almunecar\/\" \/>\n<meta property=\"article:modified_time\" content=\"2021-10-20T10:07:56+00:00\" \/>\n<meta name=\"twitter:card\" content=\"summary_large_image\" \/>\n<meta name=\"twitter:label1\" content=\"Dur\u00e9e de lecture estim\u00e9e\" \/>\n\t<meta name=\"twitter:data1\" content=\"4 minutes\" \/>\n<script type=\"application\/ld+json\" class=\"yoast-schema-graph\">{\"@context\":\"https:\\\/\\\/schema.org\",\"@graph\":[{\"@type\":\"WebPage\",\"@id\":\"https:\\\/\\\/discoveralmunecar.com\\\/fr\\\/fetes-almunecar\\\/\",\"url\":\"https:\\\/\\\/discoveralmunecar.com\\\/fr\\\/fetes-almunecar\\\/\",\"name\":\"F\u00eates d'Almu\u00f1ecar, sentez-vous comme un local et profitez de nos traditions.\",\"isPartOf\":{\"@id\":\"https:\\\/\\\/discoveralmunecar.com\\\/fr\\\/#website\"},\"datePublished\":\"2021-10-20T10:05:17+00:00\",\"dateModified\":\"2021-10-20T10:07:56+00:00\",\"breadcrumb\":{\"@id\":\"https:\\\/\\\/discoveralmunecar.com\\\/fr\\\/fetes-almunecar\\\/#breadcrumb\"},\"inLanguage\":\"fr-FR\",\"potentialAction\":[{\"@type\":\"ReadAction\",\"target\":[\"https:\\\/\\\/discoveralmunecar.com\\\/fr\\\/fetes-almunecar\\\/\"]}]},{\"@type\":\"BreadcrumbList\",\"@id\":\"https:\\\/\\\/discoveralmunecar.com\\\/fr\\\/fetes-almunecar\\\/#breadcrumb\",\"itemListElement\":[{\"@type\":\"ListItem\",\"position\":1,\"name\":\"Home\",\"item\":\"https:\\\/\\\/discoveralmunecar.com\\\/fr\\\/\"},{\"@type\":\"ListItem\",\"position\":2,\"name\":\"F\u00eates d&rsquo;Almu\u00f1ecar, sentez-vous comme un local et profitez de nos traditions.\"}]},{\"@type\":\"WebSite\",\"@id\":\"https:\\\/\\\/discoveralmunecar.com\\\/fr\\\/#website\",\"url\":\"https:\\\/\\\/discoveralmunecar.com\\\/fr\\\/\",\"name\":\"\",\"description\":\"Just another WordPress site\\n\",\"potentialAction\":[{\"@type\":\"SearchAction\",\"target\":{\"@type\":\"EntryPoint\",\"urlTemplate\":\"https:\\\/\\\/discoveralmunecar.com\\\/fr\\\/?s={search_term_string}\"},\"query-input\":{\"@type\":\"PropertyValueSpecification\",\"valueRequired\":true,\"valueName\":\"search_term_string\"}}],\"inLanguage\":\"fr-FR\"}]}<\/script>\n<!-- \/ Yoast SEO plugin. -->","yoast_head_json":{"title":"F\u00eates d'Almu\u00f1ecar, sentez-vous comme un local et profitez de nos traditions.","robots":{"index":"index","follow":"follow","max-snippet":"max-snippet:-1","max-image-preview":"max-image-preview:large","max-video-preview":"max-video-preview:-1"},"canonical":"https:\/\/discoveralmunecar.com\/fr\/fetes-almunecar\/","og_locale":"fr_FR","og_type":"article","og_title":"F\u00eates d'Almu\u00f1ecar, sentez-vous comme un local et profitez de nos traditions.","og_description":"[vc_row][vc_column][vc_empty_space][\/vc_column][\/vc_row]","og_url":"https:\/\/discoveralmunecar.com\/fr\/fetes-almunecar\/","article_modified_time":"2021-10-20T10:07:56+00:00","twitter_card":"summary_large_image","twitter_misc":{"Dur\u00e9e de lecture estim\u00e9e":"4 minutes"},"schema":{"@context":"https:\/\/schema.org","@graph":[{"@type":"WebPage","@id":"https:\/\/discoveralmunecar.com\/fr\/fetes-almunecar\/","url":"https:\/\/discoveralmunecar.com\/fr\/fetes-almunecar\/","name":"F\u00eates d'Almu\u00f1ecar, sentez-vous comme un local et profitez de nos traditions.","isPartOf":{"@id":"https:\/\/discoveralmunecar.com\/fr\/#website"},"datePublished":"2021-10-20T10:05:17+00:00","dateModified":"2021-10-20T10:07:56+00:00","breadcrumb":{"@id":"https:\/\/discoveralmunecar.com\/fr\/fetes-almunecar\/#breadcrumb"},"inLanguage":"fr-FR","potentialAction":[{"@type":"ReadAction","target":["https:\/\/discoveralmunecar.com\/fr\/fetes-almunecar\/"]}]},{"@type":"BreadcrumbList","@id":"https:\/\/discoveralmunecar.com\/fr\/fetes-almunecar\/#breadcrumb","itemListElement":[{"@type":"ListItem","position":1,"name":"Home","item":"https:\/\/discoveralmunecar.com\/fr\/"},{"@type":"ListItem","position":2,"name":"F\u00eates d&rsquo;Almu\u00f1ecar, sentez-vous comme un local et profitez de nos traditions."}]},{"@type":"WebSite","@id":"https:\/\/discoveralmunecar.com\/fr\/#website","url":"https:\/\/discoveralmunecar.com\/fr\/","name":"","description":"Just another WordPress site\n","potentialAction":[{"@type":"SearchAction","target":{"@type":"EntryPoint","urlTemplate":"https:\/\/discoveralmunecar.com\/fr\/?s={search_term_string}"},"query-input":{"@type":"PropertyValueSpecification","valueRequired":true,"valueName":"search_term_string"}}],"inLanguage":"fr-FR"}]}},"_links":{"self":[{"href":"https:\/\/discoveralmunecar.com\/fr\/wp-json\/wp\/v2\/pages\/7451","targetHints":{"allow":["GET"]}}],"collection":[{"href":"https:\/\/discoveralmunecar.com\/fr\/wp-json\/wp\/v2\/pages"}],"about":[{"href":"https:\/\/discoveralmunecar.com\/fr\/wp-json\/wp\/v2\/types\/page"}],"author":[{"embeddable":true,"href":"https:\/\/discoveralmunecar.com\/fr\/wp-json\/wp\/v2\/users\/2"}],"replies":[{"embeddable":true,"href":"https:\/\/discoveralmunecar.com\/fr\/wp-json\/wp\/v2\/comments?post=7451"}],"version-history":[{"count":5,"href":"https:\/\/discoveralmunecar.com\/fr\/wp-json\/wp\/v2\/pages\/7451\/revisions"}],"predecessor-version":[{"id":7468,"href":"https:\/\/discoveralmunecar.com\/fr\/wp-json\/wp\/v2\/pages\/7451\/revisions\/7468"}],"wp:attachment":[{"href":"https:\/\/discoveralmunecar.com\/fr\/wp-json\/wp\/v2\/media?parent=7451"}],"curies":[{"name":"wp","href":"https:\/\/api.w.org\/{rel}","templated":true}]}}