{"id":8049,"date":"2023-07-26T14:27:02","date_gmt":"2023-07-26T14:27:02","guid":{"rendered":"https:\/\/discoveralmunecar.com\/?page_id=8049"},"modified":"2023-07-26T14:27:02","modified_gmt":"2023-07-26T14:27:02","slug":"lokalne-festiwale-w-almunecar","status":"publish","type":"page","link":"https:\/\/discoveralmunecar.com\/pl\/lokalne-festiwale-w-almunecar\/","title":{"rendered":"Lokalne festiwale w Almu\u00f1\u00e9car"},"content":{"rendered":"<p>[vc_row][vc_column]      <div class=\"row\">\n        <div class=\"post-grid-view\">\n                  <div class=\"col-sm-6 post-8750 post type-post status-publish format-standard has-post-thumbnail hentry category-co-nalezy-zrobic category-lokalne-festyny-w-almunecar\">\n\n            <div class=\"tt-post type-2\">\n                      <a class=\"tt-post-img custom-hover\" href=\"https:\/\/discoveralmunecar.com\/pl\/festiwal-krzyzy-majowych-w-almunecar\/\">\n      <img fetchpriority=\"high\" decoding=\"async\" width=\"537\" height=\"307\" src=\"https:\/\/discoveralmunecar.com\/wp-content\/uploads\/2022\/06\/C@0.5x-537x307.jpg\" class=\"img-responsive wp-post-image\" alt=\"Cruces de Mayo Almu\u00f1\u00e9car\" \/>    <\/a>\n                <div class=\"tt-post-info\">\n                                    <a class=\"tt-post-title c-h4\" href=\"https:\/\/discoveralmunecar.com\/pl\/festiwal-krzyzy-majowych-w-almunecar\/\"><small>Festiwal Krzy\u017cy Majowych w Almu\u00f1ecar<\/small><\/a>\n                      <div class=\"tt-post-label\">\n                <\/div>\n                      <div class=\"simple-text\">\n      <p><\/p>\n    <\/div>\n                                    <\/div>\n            <\/div>\n            <div class=\"empty-space marg-xs-b30\"><\/div> \n          <\/div>\n            <div class=\"col-xs-6 col-sm-4 col-lg-2 post-handy-picked post-8853 post type-post status-publish format-standard has-post-thumbnail hentry category-kultura-almunecar category-lokalne-festyny-w-almunecar\">\n      <div class=\"tt-post type-3\">\n                <a class=\"tt-post-img custom-hover\" href=\"https:\/\/discoveralmunecar.com\/pl\/pielgrzymka-do-san-isidro-w-almunecar\/\">\n      <img decoding=\"async\" width=\"183\" height=\"96\" src=\"https:\/\/discoveralmunecar.com\/wp-content\/uploads\/2022\/06\/Romeri\u0301a-2@0.5x-183x96.webp\" class=\"img-responsive wp-post-image\" alt=\"Romer\u00eda por R\u00edo Verde Almu\u00f1\u00e9car\" \/>    <\/a>\n            <div class=\"tt-post-info\">\n                <a class=\"tt-post-title c-h5\" href=\"https:\/\/discoveralmunecar.com\/pl\/pielgrzymka-do-san-isidro-w-almunecar\/\">Pielgrzymka do San Isidro w Almu\u00f1ecar<\/a>\n                  <div class=\"tt-post-label\">\n              <span class=\"tt-post-author-name\"><a href=\"https:\/\/discoveralmunecar.com\/pl\/author\/pedro-espinosa\/\">Admin<\/a><\/span>\n                    <span class=\"tt-post-date\">21 czerwca, 2022<\/span>\n          <\/div>\n            <\/div>\n      <\/div> \n      <div class=\"empty-space marg-lg-b25\"><\/div>                 \n    <\/div>\n      <div class=\"col-xs-6 col-sm-4 col-lg-2 post-handy-picked post-13653 post type-post status-publish format-standard has-post-thumbnail hentry category-co-nalezy-zrobic category-lokalne-festyny-w-almunecar category-wydarzenia-w-almunecar\">\n      <div class=\"tt-post type-3\">\n                <a class=\"tt-post-img custom-hover\" href=\"https:\/\/discoveralmunecar.com\/pl\/wielki-tydzien-w-almunecar-2023\/\">\n      <img decoding=\"async\" width=\"183\" height=\"96\" src=\"https:\/\/discoveralmunecar.com\/wp-content\/uploads\/2023\/03\/Semana-Santa-Almun\u0303e\u0301car-3-1-183x96.webp\" class=\"img-responsive wp-post-image\" alt=\"\" \/>    <\/a>\n            <div class=\"tt-post-info\">\n                <a class=\"tt-post-title c-h5\" href=\"https:\/\/discoveralmunecar.com\/pl\/wielki-tydzien-w-almunecar-2023\/\">Wielki Tydzie\u0144 w Almunecar 2023<\/a>\n                  <div class=\"tt-post-label\">\n              <span class=\"tt-post-author-name\"><a href=\"https:\/\/discoveralmunecar.com\/pl\/author\/pedro-espinosa\/\">Admin<\/a><\/span>\n                    <span class=\"tt-post-date\">3 kwietnia, 2023<\/span>\n          <\/div>\n            <\/div>\n      <\/div> \n      <div class=\"empty-space marg-lg-b25\"><\/div>                 \n    <\/div>\n      <div class=\"col-xs-6 col-sm-4 col-lg-2 post-handy-picked post-12521 post type-post status-publish format-standard has-post-thumbnail hentry category-kultura-almunecar category-lokalne-festyny-w-almunecar\">\n      <div class=\"tt-post type-3\">\n                <a class=\"tt-post-img custom-hover\" href=\"https:\/\/discoveralmunecar.com\/pl\/virgen-del-carmen-w-la-herradura\/\">\n      <img loading=\"lazy\" decoding=\"async\" width=\"183\" height=\"96\" src=\"https:\/\/discoveralmunecar.com\/wp-content\/uploads\/2022\/07\/Virgen-del-Carmen-La-Herradura-1-183x96.webp\" class=\"img-responsive wp-post-image\" alt=\"Virgen del Carmen La Herradura\" \/>    <\/a>\n            <div class=\"tt-post-info\">\n                <a class=\"tt-post-title c-h5\" href=\"https:\/\/discoveralmunecar.com\/pl\/virgen-del-carmen-w-la-herradura\/\">Virgen del Carmen w La Herradura<\/a>\n                  <div class=\"tt-post-label\">\n              <span class=\"tt-post-author-name\"><a href=\"https:\/\/discoveralmunecar.com\/pl\/author\/pedro-espinosa\/\">Admin<\/a><\/span>\n                    <span class=\"tt-post-date\">29 wrze\u015bnia, 2022<\/span>\n          <\/div>\n            <\/div>\n      <\/div> \n      <div class=\"empty-space marg-lg-b25\"><\/div>                 \n    <\/div>\n      <div class=\"col-xs-6 col-sm-4 col-lg-2 post-handy-picked post-15907 post type-post status-publish format-standard has-post-thumbnail hentry category-lokalne-festyny-w-almunecar category-wydarzenia-w-almunecar\">\n      <div class=\"tt-post type-3\">\n                <a class=\"tt-post-img custom-hover\" href=\"https:\/\/discoveralmunecar.com\/pl\/magiczna-noc-san-juan-2023-w-almunecar\/\">\n      <img loading=\"lazy\" decoding=\"async\" width=\"183\" height=\"96\" src=\"https:\/\/discoveralmunecar.com\/wp-content\/uploads\/2023\/06\/1130407-183x96.webp\" class=\"img-responsive wp-post-image\" alt=\"\" \/>    <\/a>\n            <div class=\"tt-post-info\">\n                <a class=\"tt-post-title c-h5\" href=\"https:\/\/discoveralmunecar.com\/pl\/magiczna-noc-san-juan-2023-w-almunecar\/\">Magiczna noc San Juan 2023 w Almu\u00f1\u00e9car<\/a>\n                  <div class=\"tt-post-label\">\n              <span class=\"tt-post-author-name\"><a href=\"https:\/\/discoveralmunecar.com\/pl\/author\/pedro-espinosa\/\">Admin<\/a><\/span>\n                    <span class=\"tt-post-date\">21 czerwca, 2023<\/span>\n          <\/div>\n            <\/div>\n      <\/div> \n      <div class=\"empty-space marg-lg-b25\"><\/div>                 \n    <\/div>\n      <div class=\"col-xs-6 col-sm-4 col-lg-2 post-handy-picked post-10249 post type-post status-publish format-standard has-post-thumbnail hentry category-co-nalezy-zrobic category-historia-almunecar category-lokalne-festyny-w-almunecar\">\n      <div class=\"tt-post type-3\">\n                <a class=\"tt-post-img custom-hover\" href=\"https:\/\/discoveralmunecar.com\/pl\/targi-w-almunecar\/\">\n      <img loading=\"lazy\" decoding=\"async\" width=\"183\" height=\"96\" src=\"https:\/\/discoveralmunecar.com\/wp-content\/uploads\/2021\/04\/Fachada-Feria-Almun\u0303e\u0301car-2022-183x96.webp\" class=\"img-responsive wp-post-image\" alt=\"\" \/>    <\/a>\n            <div class=\"tt-post-info\">\n                <a class=\"tt-post-title c-h5\" href=\"https:\/\/discoveralmunecar.com\/pl\/targi-w-almunecar\/\">Targi w Almu\u00f1\u00e9car 2022<\/a>\n                  <div class=\"tt-post-label\">\n              <span class=\"tt-post-author-name\"><a href=\"https:\/\/discoveralmunecar.com\/pl\/author\/pedro-espinosa\/\">Admin<\/a><\/span>\n                    <span class=\"tt-post-date\">8 sierpnia, 2022<\/span>\n          <\/div>\n            <\/div>\n      <\/div> \n      <div class=\"empty-space marg-lg-b25\"><\/div>                 \n    <\/div>\n      <div class=\"col-xs-6 col-sm-4 col-lg-2 post-handy-picked post-13732 post type-post status-publish format-standard has-post-thumbnail hentry category-lokalne-festyny-w-almunecar category-wydarzenia-w-almunecar\">\n      <div class=\"tt-post type-3\">\n                <a class=\"tt-post-img custom-hover\" href=\"https:\/\/discoveralmunecar.com\/pl\/holy-week-in-la-herradura\/\">\n      <img loading=\"lazy\" decoding=\"async\" width=\"183\" height=\"96\" src=\"https:\/\/discoveralmunecar.com\/wp-content\/uploads\/2023\/03\/Iglesia-Herradura-183x96.webp\" class=\"img-responsive wp-post-image\" alt=\"\" \/>    <\/a>\n            <div class=\"tt-post-info\">\n                <a class=\"tt-post-title c-h5\" href=\"https:\/\/discoveralmunecar.com\/pl\/holy-week-in-la-herradura\/\">Wielki Tydzie\u0144 w La Herradura<\/a>\n                  <div class=\"tt-post-label\">\n              <span class=\"tt-post-author-name\"><a href=\"https:\/\/discoveralmunecar.com\/pl\/author\/pedro-espinosa\/\">Admin<\/a><\/span>\n                    <span class=\"tt-post-date\">5 kwietnia, 2023<\/span>\n          <\/div>\n            <\/div>\n      <\/div> \n      <div class=\"empty-space marg-lg-b25\"><\/div>                 \n    <\/div>\n      <div class=\"col-xs-6 col-sm-4 col-lg-2 post-handy-picked post-17719 post type-post status-publish format-standard has-post-thumbnail hentry category-co-nalezy-zrobic category-kultura-almunecar category-la-herradura-pl category-lokalne-festyny-w-almunecar category-program-kulturalny-almunecar category-wydarzenia-w-almunecar\">\n      <div class=\"tt-post type-3\">\n                <a class=\"tt-post-img custom-hover\" href=\"https:\/\/discoveralmunecar.com\/pl\/magiczna-noc-san-juan-w-almunecar-2024\/\">\n      <img loading=\"lazy\" decoding=\"async\" width=\"183\" height=\"96\" src=\"https:\/\/discoveralmunecar.com\/wp-content\/uploads\/2024\/06\/1170265-RW2_DxO_DeepPRIME@0.5x-183x96.webp\" class=\"img-responsive wp-post-image\" alt=\"\" \/>    <\/a>\n            <div class=\"tt-post-info\">\n                <a class=\"tt-post-title c-h5\" href=\"https:\/\/discoveralmunecar.com\/pl\/magiczna-noc-san-juan-w-almunecar-2024\/\">Magiczna Noc San Juan w Almu\u00f1\u00e9car 2024<\/a>\n                  <div class=\"tt-post-label\">\n              <span class=\"tt-post-author-name\"><a href=\"https:\/\/discoveralmunecar.com\/pl\/author\/pedro-espinosa\/\">Admin<\/a><\/span>\n                    <span class=\"tt-post-date\">21 czerwca, 2024<\/span>\n          <\/div>\n            <\/div>\n      <\/div> \n      <div class=\"empty-space marg-lg-b25\"><\/div>                 \n    <\/div>\n          <\/div>\n      <\/div>\n      \n  [vc_empty_space]<div class=\"text-block\" ><div class=\"simple-text \"><p>Przez ca\u0142y rok i dzi\u0119ki uprzywilejowanemu mikroklimatowi, kt\u00f3rym ciesz\u0105 si\u0119 zar\u00f3wno Almu\u00f1\u00e9car, jak i La Herradura, mo\u017cna cieszy\u0107 si\u0119 wszystkimi lokalnymi festiwalami, kt\u00f3re odbywaj\u0105 si\u0119 przez ca\u0142y rok. Dlatego w Discover Almu\u00f1\u00e9car przedstawiamy lokalne festiwale Almu\u00f1\u00e9car i La Herradura, aby\u015b nie zapomnia\u0142 odwiedzi\u0107 tego ma\u0142ego raju nad brzegiem Morza \u015ar\u00f3dziemnego.<\/p>\n<p>19 marca przypada \u015bwi\u0119to San Jos\u00e9, kt\u00f3re jest patronem La Herradura. Z tego powodu w tym dniu organizowane s\u0105 wszelkiego rodzaju wydarzenia kulturalne i zawody sportowe, otwarte dla wszystkich.<\/p>\n<p>Ponadto w nocy, we wszystkich lokalnych barach i niekt\u00f3rych improwizowanych barach w pobli\u017cu teren\u00f3w targowych, mo\u017cna cieszy\u0107 si\u0119 \u015bwi\u0105teczn\u0105 atmosfer\u0105.<\/p>\n<p>Ale nie zapominajmy, \u017ce jest to \u015bwi\u0119to religijne, wi\u0119c odbywa si\u0119 wa\u017cna procesja, kt\u00f3ra przechodzi przez ca\u0142e historyczne centrum.<\/p>\n<p>Wielki Tydzie\u0144 obchodzony jest pod koniec marca lub na pocz\u0105tku kwietnia, z wielkim nabo\u017ce\u0144stwem do M\u0119ki, \u015amierci i Zmartwychwstania Chrystusa. Z tego powodu liczne bractwa i konfraternie organizuj\u0105 przez ca\u0142y tydzie\u0144 procesje z p\u0142ywakami, tronami i zespo\u0142ami muzycznymi przez r\u00f3\u017cne obszary miasta, g\u0142\u00f3wnie przez historyczne centrum.<\/p>\n<p>Jest to jedno z najpi\u0119kniejszych wydarze\u0144 w Andaluzji, tworz\u0105ce ekscytuj\u0105c\u0105 atmosfer\u0119.<\/p>\n<p>Ponadto nale\u017cy zauwa\u017cy\u0107, \u017ce Semana Santa Sexitana rozwija si\u0119 w ostatnich latach, poniewa\u017c ro\u015bnie zapa\u0142 i liczba bractw.<\/p>\n<p>Dzie\u0144 Krzy\u017ca obchodzony jest 3 maja, co zbiega si\u0119 z nadej\u015bciem przesilenia letniego.<br \/>\nPunktem kulminacyjnym tego dnia jest konkurs na Krzy\u017c Kwiatowy z nagrodami w r\u00f3\u017cnych kategoriach.<\/p>\n<p>W ka\u017cdej dzielnicy, szkole, instytucji lub bractwie Semana Santa ustawiany jest krzy\u017c z kwiat\u00f3w o wysoko\u015bci 3 lub 4 metr\u00f3w, kt\u00f3remu towarzyszy bar serwuj\u0105cy napoje oraz tapas i przek\u0105ski, a wszystko to przy akompaniamencie muzyki ludowej.<\/p>\n<p>W nocy z 23 na 24 czerwca odbywa si\u0119 Magiczna Noc San Juan, obchodzona od niepami\u0119tnych czas\u00f3w.<\/p>\n<p>Na pla\u017cy rozpalane s\u0105 ogniska, aby wrzuci\u0107 do ognia wszystkie z\u0142e duchy lub nieprzyjemne rzeczy, kt\u00f3re przytrafi\u0142y nam si\u0119 w ci\u0105gu roku, a nast\u0119pnie wzi\u0105\u0107 pierwsz\u0105 k\u0105piel w sezonie. Tej nocy rozdaje si\u0119 r\u00f3wnie\u017c tysi\u0105ce olejowych bu\u0142eczek z gotowanym jajkiem.<\/p>\n<p>Dla wielu jest to r\u00f3wnie\u017c pierwsza k\u0105piel w sezonie, witaj\u0105ca lato.<\/p>\n<p>16 lipca obchodzone jest \u015bwi\u0119to Virgen del Carmen, patronki wszystkich \u017ceglarzy i rybak\u00f3w. G\u0142\u00f3wnym wydarzeniem festiwalu jest procesja morska, a w Almu\u00f1\u00e9car jest to r\u00f3wnie\u017c \u015bwi\u0119to dzielnicy &#8220;Los Marineros&#8221;.<\/p>\n<p>Tydzie\u0144 od 9 do 15 sierpnia, w szczycie sezonu turystycznego, to Fiestas Patronales de Almu\u00f1\u00e9car, kt\u00f3re odbywaj\u0105 si\u0119 na cze\u015b\u0107 patronki miasta, Virgen de la Antigua.<\/p>\n<p>Procesja \u015bwi\u0119tej patronki i wielki dzie\u0144 uroczysto\u015bci przypada na 15 sierpnia, kt\u00f3ry od 2003 roku uznawany jest za Fiest\u0119 o Narodowym Znaczeniu Turystycznym w Andaluzji. Podczas tego tygodnia na terenach targowych rozstawiane s\u0105 tradycyjne stoiska i atrakcje.<\/p>\n<p>Ponadto odbywaj\u0105 si\u0119 r\u00f3wnie\u017c inne wydarzenia i zaj\u0119cia, od wydarze\u0144 sportowych po wszelkiego rodzaju konkursy i gry, w atmosferze wspania\u0142ej imprezy dla wszystkich widz\u00f3w, wizyta w Almu\u00f1\u00e9car w tych dniach jest niezb\u0119dna, aby w pe\u0142ni cieszy\u0107 si\u0119 latem.<\/p>\n<p>A fiesty ko\u0144cz\u0105 si\u0119 wielk\u0105 procesj\u0105 l\u0105dowo-morsk\u0105 w nocy 15 sierpnia, z wielkim pokazem sztucznych ogni, zgodnie z tradycj\u0105, z mitycznych Pe\u00f1ones del Santo (jednego z najwa\u017cniejszych symboli miasta), kt\u00f3ry jest prawdziwym spektaklem \u015bwiat\u0142a i d\u017awi\u0119ku.<\/p>\n<p>Procesja morsko-ziemska i wielki pokaz sztucznych ogni, kt\u00f3remu towarzyszy r\u00f3wnie\u017c muzyka, obchodzone s\u0105 wed\u0142ug kilku bada\u0144 popartych przez profesora i historyka Miguela Luisa L\u00f3peza-Guadalupe Mu\u00f1oza od 1578 roku.<\/p>\n<p>I nawet pandemia Covid-19 nie by\u0142a w stanie powstrzyma\u0107 tej tradycji, poniewa\u017c 15 sierpnia 2020 r., pomimo ogranicze\u0144, odby\u0142 si\u0119 ma\u0142y pokaz sztucznych ogni, kt\u00f3ry mo\u017cna by\u0142o zobaczy\u0107 ze wszystkich cz\u0119\u015bci gminy.<\/p>\n<p>Opr\u00f3cz tych \u015bwi\u0105t, dzielnice San Miguel i Torrecuevas r\u00f3wnie\u017c maj\u0105 swoje w\u0142asne obchody, te pierwsze 28 i 30 wrze\u015bnia ka\u017cdego roku, co zbiega si\u0119 r\u00f3wnie\u017c z &#8220;Mi\u0119dzynarodowym Dniem Turystyki&#8221;.<\/p>\n<p>A dzielnica Torrecuevas, kt\u00f3ra od ko\u0144ca lat 60. ubieg\u0142ego wieku, kiedy Almu\u00f1\u00e9car i La Herradura by\u0142y jeszcze cz\u0119\u015bci\u0105 tak zwanego Costa del Sol, \u015bwi\u0119tuje pocz\u0105tek sezonu zbior\u00f3w jab\u0142ek budyniowych w mi\u0142ej atmosferze w\u015br\u00f3d wszystkich s\u0105siad\u00f3w.<\/p>\n<p>Wszystkie te uroczysto\u015bci i wiele innych niespodzianek czeka na Ciebie podczas wizyty w Almu\u00f1\u00e9car i La Herradura.<\/p>\n<\/div><\/div>[\/vc_column][\/vc_row]<\/p>\n","protected":false},"excerpt":{"rendered":"<p>[vc_row][vc_column][vc_empty_space][\/vc_column][\/vc_row]<\/p>\n","protected":false},"author":2,"featured_media":0,"parent":0,"menu_order":0,"comment_status":"closed","ping_status":"closed","template":"","meta":{"footnotes":""},"class_list":["post-8049","page","type-page","status-publish","hentry"],"yoast_head":"<!-- This site is optimized with the Yoast SEO plugin v27.3 - https:\/\/yoast.com\/product\/yoast-seo-wordpress\/ -->\n<title>Lokalne festiwale w Almu\u00f1\u00e9car -<\/title>\n<meta name=\"robots\" content=\"index, follow, max-snippet:-1, max-image-preview:large, max-video-preview:-1\" \/>\n<link rel=\"canonical\" href=\"https:\/\/discoveralmunecar.com\/pl\/lokalne-festiwale-w-almunecar\/\" \/>\n<meta property=\"og:locale\" content=\"pl_PL\" \/>\n<meta property=\"og:type\" content=\"article\" \/>\n<meta property=\"og:title\" content=\"Lokalne festiwale w Almu\u00f1\u00e9car -\" \/>\n<meta property=\"og:description\" content=\"[vc_row][vc_column][vc_empty_space][\/vc_column][\/vc_row]\" \/>\n<meta property=\"og:url\" content=\"https:\/\/discoveralmunecar.com\/pl\/lokalne-festiwale-w-almunecar\/\" \/>\n<meta name=\"twitter:card\" content=\"summary_large_image\" \/>\n<meta name=\"twitter:label1\" content=\"Szacowany czas czytania\" \/>\n\t<meta name=\"twitter:data1\" content=\"3 minuty\" \/>\n<script type=\"application\/ld+json\" class=\"yoast-schema-graph\">{\"@context\":\"https:\\\/\\\/schema.org\",\"@graph\":[{\"@type\":\"WebPage\",\"@id\":\"https:\\\/\\\/discoveralmunecar.com\\\/pl\\\/lokalne-festiwale-w-almunecar\\\/\",\"url\":\"https:\\\/\\\/discoveralmunecar.com\\\/pl\\\/lokalne-festiwale-w-almunecar\\\/\",\"name\":\"Lokalne festiwale w Almu\u00f1\u00e9car -\",\"isPartOf\":{\"@id\":\"https:\\\/\\\/discoveralmunecar.com\\\/pl\\\/#website\"},\"datePublished\":\"2023-07-26T14:27:02+00:00\",\"breadcrumb\":{\"@id\":\"https:\\\/\\\/discoveralmunecar.com\\\/pl\\\/lokalne-festiwale-w-almunecar\\\/#breadcrumb\"},\"inLanguage\":\"pl-PL\",\"potentialAction\":[{\"@type\":\"ReadAction\",\"target\":[\"https:\\\/\\\/discoveralmunecar.com\\\/pl\\\/lokalne-festiwale-w-almunecar\\\/\"]}]},{\"@type\":\"BreadcrumbList\",\"@id\":\"https:\\\/\\\/discoveralmunecar.com\\\/pl\\\/lokalne-festiwale-w-almunecar\\\/#breadcrumb\",\"itemListElement\":[{\"@type\":\"ListItem\",\"position\":1,\"name\":\"Home\",\"item\":\"https:\\\/\\\/discoveralmunecar.com\\\/pl\\\/\"},{\"@type\":\"ListItem\",\"position\":2,\"name\":\"Lokalne festiwale w Almu\u00f1\u00e9car\"}]},{\"@type\":\"WebSite\",\"@id\":\"https:\\\/\\\/discoveralmunecar.com\\\/pl\\\/#website\",\"url\":\"https:\\\/\\\/discoveralmunecar.com\\\/pl\\\/\",\"name\":\"\",\"description\":\"Just another WordPress site\\n\",\"potentialAction\":[{\"@type\":\"SearchAction\",\"target\":{\"@type\":\"EntryPoint\",\"urlTemplate\":\"https:\\\/\\\/discoveralmunecar.com\\\/pl\\\/?s={search_term_string}\"},\"query-input\":{\"@type\":\"PropertyValueSpecification\",\"valueRequired\":true,\"valueName\":\"search_term_string\"}}],\"inLanguage\":\"pl-PL\"}]}<\/script>\n<!-- \/ Yoast SEO plugin. -->","yoast_head_json":{"title":"Lokalne festiwale w Almu\u00f1\u00e9car -","robots":{"index":"index","follow":"follow","max-snippet":"max-snippet:-1","max-image-preview":"max-image-preview:large","max-video-preview":"max-video-preview:-1"},"canonical":"https:\/\/discoveralmunecar.com\/pl\/lokalne-festiwale-w-almunecar\/","og_locale":"pl_PL","og_type":"article","og_title":"Lokalne festiwale w Almu\u00f1\u00e9car -","og_description":"[vc_row][vc_column][vc_empty_space][\/vc_column][\/vc_row]","og_url":"https:\/\/discoveralmunecar.com\/pl\/lokalne-festiwale-w-almunecar\/","twitter_card":"summary_large_image","twitter_misc":{"Szacowany czas czytania":"3 minuty"},"schema":{"@context":"https:\/\/schema.org","@graph":[{"@type":"WebPage","@id":"https:\/\/discoveralmunecar.com\/pl\/lokalne-festiwale-w-almunecar\/","url":"https:\/\/discoveralmunecar.com\/pl\/lokalne-festiwale-w-almunecar\/","name":"Lokalne festiwale w Almu\u00f1\u00e9car -","isPartOf":{"@id":"https:\/\/discoveralmunecar.com\/pl\/#website"},"datePublished":"2023-07-26T14:27:02+00:00","breadcrumb":{"@id":"https:\/\/discoveralmunecar.com\/pl\/lokalne-festiwale-w-almunecar\/#breadcrumb"},"inLanguage":"pl-PL","potentialAction":[{"@type":"ReadAction","target":["https:\/\/discoveralmunecar.com\/pl\/lokalne-festiwale-w-almunecar\/"]}]},{"@type":"BreadcrumbList","@id":"https:\/\/discoveralmunecar.com\/pl\/lokalne-festiwale-w-almunecar\/#breadcrumb","itemListElement":[{"@type":"ListItem","position":1,"name":"Home","item":"https:\/\/discoveralmunecar.com\/pl\/"},{"@type":"ListItem","position":2,"name":"Lokalne festiwale w Almu\u00f1\u00e9car"}]},{"@type":"WebSite","@id":"https:\/\/discoveralmunecar.com\/pl\/#website","url":"https:\/\/discoveralmunecar.com\/pl\/","name":"","description":"Just another WordPress site\n","potentialAction":[{"@type":"SearchAction","target":{"@type":"EntryPoint","urlTemplate":"https:\/\/discoveralmunecar.com\/pl\/?s={search_term_string}"},"query-input":{"@type":"PropertyValueSpecification","valueRequired":true,"valueName":"search_term_string"}}],"inLanguage":"pl-PL"}]}},"_links":{"self":[{"href":"https:\/\/discoveralmunecar.com\/pl\/wp-json\/wp\/v2\/pages\/8049","targetHints":{"allow":["GET"]}}],"collection":[{"href":"https:\/\/discoveralmunecar.com\/pl\/wp-json\/wp\/v2\/pages"}],"about":[{"href":"https:\/\/discoveralmunecar.com\/pl\/wp-json\/wp\/v2\/types\/page"}],"author":[{"embeddable":true,"href":"https:\/\/discoveralmunecar.com\/pl\/wp-json\/wp\/v2\/users\/2"}],"replies":[{"embeddable":true,"href":"https:\/\/discoveralmunecar.com\/pl\/wp-json\/wp\/v2\/comments?post=8049"}],"version-history":[{"count":2,"href":"https:\/\/discoveralmunecar.com\/pl\/wp-json\/wp\/v2\/pages\/8049\/revisions"}],"predecessor-version":[{"id":16857,"href":"https:\/\/discoveralmunecar.com\/pl\/wp-json\/wp\/v2\/pages\/8049\/revisions\/16857"}],"wp:attachment":[{"href":"https:\/\/discoveralmunecar.com\/pl\/wp-json\/wp\/v2\/media?parent=8049"}],"curies":[{"name":"wp","href":"https:\/\/api.w.org\/{rel}","templated":true}]}}